{"id":212580,"date":"2019-03-11T13:57:15","date_gmt":"2019-03-11T13:57:15","guid":{"rendered":"https:\/\/admin.industriall-union.org\/juventud\/"},"modified":"2026-03-05T15:26:16","modified_gmt":"2026-03-05T15:26:16","slug":"youth","status":"publish","type":"page","link":"https:\/\/admin.industriall-union.org\/es\/youth\/","title":{"rendered":"Juventud"},"content":{"rendered":"<p><iframe loading=\"lazy\" allow=\"accelerometer; autoplay; clipboard-write; encrypted-media; gyroscope; picture-in-picture\" allowfullscreen=\"\" frameborder=\"0\" height=\"315\" src=\"https:\/\/www.youtube.com\/embed\/RT7z8Q9z814\" width=\"560\"><\/iframe><\/p><section class=\"boxTurquoiseImage\"><span style=\"font-size: 2.4rem;font-weight: 800\">Empoderamiento, representaci\u00f3n y participaci\u00f3n.<\/span><\/section><table border=\"1\" cellpadding=\"1\" cellspacing=\"1\" style=\"width:100%\"><tbody><tr><td style=\"text-align: center\"><img decoding=\"async\" alt=\"\" src=\"\/wp-content\/uploads\/images\/Youth\/yia_logo_new_graf_cutout_es.jpg\" style=\"width: 300px;height: 200px\" \/><\/td><\/tr><\/tbody><\/table><p>IndustriALL promueve la integraci\u00f3n activa de los trabajadores j\u00f3venes en los sindicatos, y apoya los esfuerzos sindicales para organizarlos y abordar sus preocupaciones espec\u00edficas. La estrategia de IndustriALL se centra en tres \u00e1reas principales:<\/p><ul><li>empoderamiento<\/li><li>representaci\u00f3n<\/li><li>participaci\u00f3n<\/li><\/ul><p>Para empoderar a los trabajadores j\u00f3venes, IndustriALL lleva a cabo programas espec\u00edficos de capacitaci\u00f3n juvenil para desarrollar capacidades y crear conciencia sobre los problemas que los sindicatos deben abordar. IndustriALL tambi\u00e9n trabaja junto con l\u00edderes j\u00f3venes para desarrollar habilidades de liderazgo efectivas y mejorar el conocimiento para abordar inquietudes espec\u00edficas que se relacionan con los trabajadores j\u00f3venes, lo que a su vez conduce a mejoras en las condiciones de vida y de trabajo de los trabajadores j\u00f3venes. En Am\u00e9rica Latina y el Caribe, en la regi\u00f3n MENA, en el sudeste asi\u00e1tico y en el \u00c1frica subsahariana, los j\u00f3venes trabajadores intercambian experiencias, los empoderan y abren oportunidades para la creaci\u00f3n de redes regionales.<\/p><p>IndustriALL trabaja para aumentar la representaci\u00f3n juvenil en los sindicatos afiliados mediante la promoci\u00f3n y el apoyo a los afiliados en su esfuerzo por desarrollar pol\u00edticas y programas juveniles para organizar y capacitar a los trabajadores j\u00f3venes mediante:<\/p><ul><li>seminarios de capacitaci\u00f3n&nbsp;para los trabajadores j\u00f3venes, a fin de&nbsp;que participen en acciones para desarrollar e implementar pol\u00edticas de juventud en sus sindicatos.<\/li><li>incentivar el desarrollo de estructuras juveniles y planes de acci\u00f3n juveniles, junto con recursos y actividades.<\/li><\/ul><ul><li>aumentar la afiliaci\u00f3n juvenil a los sindicatos, as\u00ed como la integraci\u00f3n genuina de los j\u00f3venes sindicalistas en los mecanismos de toma de decisiones de los sindicatos.<\/li><\/ul><p>IndustriALL promueve la participaci\u00f3n de los trabajadores j\u00f3venes en la vida cotidiana y la acci\u00f3n de los sindicatos en todos los niveles. A trav\u00e9s de una mayor participaci\u00f3n de los trabajadores j\u00f3venes y los l\u00edderes j\u00f3venes en los sindicatos, los afiliados prestar\u00e1n mucha m\u00e1s atenci\u00f3n a los problemas de los j\u00f3venes y los trabajadores j\u00f3venes.<\/p><h3><span style=\"color:#16a085\"><strong>Actividades<\/strong><\/span><\/h3><figure class=\"imageArticle imageFull\"><a href=\"industriall.consids5.se\/young-filipino-workers-pledge-to-be-dynamic-actors-in-society\" target=\"_blank\"><img decoding=\"async\" alt=\"\" src=\"\/wp-content\/uploads\/images\/2018\/PHILIPPINES\/20181208_135254.jpg\" style=\"width: 4128px;height: 3096px\" \/><\/a><figcaption class=\"imageContent\"><div class=\"imageTitle\"><h1 style=\"text-align: right\"><a href=\"http:\/\/www.industriall-union.org\/young-filipino-workers-pledge-to-be-dynamic-actors-in-society\"><span style=\"color:#ffffff\">J\u00f3venes sindicalistas de Filipinas son<\/span>&nbsp;<span style=\"color:#2ecc71\">optimistas&nbsp;sobre&nbsp;su futuro<\/span><\/a><\/h1><\/div><div class=\"imageCaption\"><p>Taller nacional de formaci\u00f3n de j\u00f3venes trabajadores<\/p><\/div><\/figcaption><\/figure><h3>Resoluci\u00f3n juventud<\/h3><table border=\"1\" cellpadding=\"1\" cellspacing=\"1\" style=\"width:500px\"><tbody><tr><td><a href=\"\/wp-content\/uploads\/images\/2021\/CONGRESS2021\/Resolutions\/resolution_on_youth_arabic.pdf\">ARA<\/a><\/td><td><a href=\"\/wp-content\/uploads\/documents\/2021\/CONGRESS_2021\/bangla_resolution_on_youth.pdf\">BEN<\/a><\/td><td><a href=\"\/wp-content\/uploads\/images\/2021\/CONGRESS2021\/Resolutions\/resolution_on_youth_german.pdf\">DEU<\/a><\/td><td><a href=\"\/wp-content\/uploads\/images\/2021\/CONGRESS2021\/Resolutions\/resolution_on_youth_english_0.pdf\">ENG<\/a><\/td><td><a href=\"\/wp-content\/uploads\/images\/2021\/CONGRESS2021\/Resolutions\/resolution_on_youth_french.pdf\">FRA<\/a><\/td><td><a href=\"\/wp-content\/uploads\/documents\/2021\/CONGRESS_2021\/hindi_resolution_on_youth.pdf\">HIN<\/a><\/td><td><a href=\"\/wp-content\/uploads\/images\/2021\/CONGRESS2021\/Resolutions\/resolution_on_youth_bahasa.pdf\">IND<\/a><\/td><td><a href=\"\/wp-content\/uploads\/images\/2021\/CONGRESS2021\/Resolutions\/resolution_on_youth_japanese.pdf\">JPN<\/a><\/td><td><a href=\"\/wp-content\/uploads\/images\/adopted_youth_resolution_-_the_futur_is_ours-eng_pt.pdf\">POR<\/a><\/td><\/tr><tr><td><a href=\"\/wp-content\/uploads\/images\/2021\/CONGRESS2021\/Resolutions\/resolution_on_youth_burmese.pdf\">MYA<\/a><\/td><td><a href=\"\/wp-content\/uploads\/images\/2021\/CONGRESS2021\/Resolutions\/resolution_on_youth_russian.pdf\">RUS<\/a><\/td><td><a href=\"\/wp-content\/uploads\/documents\/2021\/CONGRESS_2021\/sinhala_resolution_on_youth.pdf\">SIN<\/a><\/td><td><a href=\"\/wp-content\/uploads\/images\/2021\/CONGRESS2021\/Resolutions\/resolution_on_youth_spanish.pdf\">SPA<\/a><\/td><td><a href=\"\/wp-content\/uploads\/images\/2021\/CONGRESS2021\/Resolutions\/youthresolution_thai.pdf\">THA<\/a><\/td><td><a href=\"\/wp-content\/uploads\/documents\/2022\/tamil_resolution_on_youth.pdf\">TAM<\/a><\/td><td><a href=\"\/wp-content\/uploads\/documents\/2022\/odiya-resolution_on_youth.pdf\">ODI<\/a><\/td><td><a href=\"\/wp-content\/uploads\/documents\/2022\/nepali-resolution_on_youth.pdf\">NEP<\/a><\/td><td>&nbsp;<\/td><\/tr><\/tbody><\/table><h3><span class=\"turquoise\">Recursos<\/span><\/h3><p>Descarga el logo juvenil en ingl\u00e9s y espa\u00f1ol a continuaci\u00f3n.<\/p><table border=\"1\" cellpadding=\"1\" cellspacing=\"1\" style=\"width:100%\"><tbody><tr><td><img decoding=\"async\" alt=\"\" src=\"\/wp-content\/uploads\/images\/Youth\/yia_logo_new_graf_en.jpg\" style=\"height: 248px;width: 350px\" \/><\/td><td><img decoding=\"async\" alt=\"\" src=\"\/wp-content\/uploads\/images\/Youth\/yia_logo_new_graf_cutout_es.jpg\" style=\"width: 300px;height: 200px\" \/><\/td><\/tr><tr><td style=\"text-align: center\"><strong><a href=\"\/wp-content\/uploads\/images\/Youth\/yia_logo_new_graf.jpg\"><span style=\"color:#95a5a6\">Logo en Ingl\u00e9s (JPG)<\/span><\/a><\/strong><\/td><td style=\"text-align: center\"><a href=\"\/wp-content\/uploads\/images\/Youth\/yia_logo_new_graf_cutout_es.jpg\"><span style=\"color:#95a5a6\"><strong>Logo en Espa\u00f1ol (JPG)<\/strong><\/span><\/a><\/td><\/tr><\/tbody><\/table><p><strong>Persona de contacto:<\/strong><\/p><table border=\"1\" cellpadding=\"1\" cellspacing=\"1\"><tbody><tr><td><img decoding=\"async\" alt=\"\" src=\"\/wp-content\/uploads\/images\/People\/Internal\/IndustriALL-Staff\/sarah_flores.jpg\" style=\"height: 187px;width: 200px\" \/><\/td><td><strong>Sarah Flores<\/strong><br \/>Encargada de la Juventud y de Proyectos<br \/>tel. +41 22 308 5029<br \/>Correo electr\u00f3nico: <a href=\"mailto:SFlores@industriALL-Union.org\">SFlores@industriALL-Union.org<\/a><\/td><\/tr><\/tbody><\/table><p>https:\/\/www.facebook.com\/IndustriallGlobalUnionAmericaLatinaYElCaribe\/videos\/1916155115146888\/<\/p><p>https:\/\/www.facebook.com\/IndustriallGlobalUnionAmericaLatinaYElCaribe\/videos\/481523185664204\/<\/p>","protected":false},"excerpt":{"rendered":"<p>Empoderamiento, representaci\u00f3n y participaci\u00f3n. IndustriALL promueve la integraci\u00f3n activa de los trabajadores j\u00f3venes en los sindicatos, y apoya los esfuerzos sindicales para organizarlos y abordar sus preocupaciones espec\u00edficas. La estrategia de IndustriALL se centra en tres \u00e1reas principales: empoderamiento representaci\u00f3n participaci\u00f3n Para empoderar a los trabajadores j\u00f3venes, IndustriALL lleva a cabo programas espec\u00edficos de capacitaci\u00f3n [&hellip;]<\/p>\n","protected":false},"author":1,"featured_media":0,"parent":0,"menu_order":0,"comment_status":"closed","ping_status":"closed","template":"","meta":{"_acf_changed":false,"footnotes":""},"issues":[],"companies":[],"regions":[],"sectors":[],"article_tags":[536],"class_list":["post-212580","page","type-page","status-publish","hentry","article_tags-youth"],"acf":[],"yoast_head":"<!-- This site is optimized with the Yoast SEO Premium plugin v27.1 (Yoast SEO v27.1) - https:\/\/yoast.com\/product\/yoast-seo-premium-wordpress\/ -->\n<title>Juventud - industriall-union<\/title>\n<meta name=\"robots\" content=\"index, follow, max-snippet:-1, max-image-preview:large, max-video-preview:-1\" \/>\n<link rel=\"canonical\" href=\"https:\/\/admin.industriall-union.org\/es\/youth\/\" \/>\n<meta property=\"og:locale\" content=\"es_ES\" \/>\n<meta property=\"og:type\" content=\"article\" \/>\n<meta property=\"og:title\" content=\"Juventud\" \/>\n<meta property=\"og:description\" content=\"Empoderamiento, representaci\u00f3n y participaci\u00f3n. IndustriALL promueve la integraci\u00f3n activa de los trabajadores j\u00f3venes en los sindicatos, y apoya los esfuerzos sindicales para organizarlos y abordar sus preocupaciones espec\u00edficas. La estrategia de IndustriALL se centra en tres \u00e1reas principales: empoderamiento representaci\u00f3n participaci\u00f3n Para empoderar a los trabajadores j\u00f3venes, IndustriALL lleva a cabo programas espec\u00edficos de capacitaci\u00f3n [&hellip;]\" \/>\n<meta property=\"og:url\" content=\"https:\/\/admin.industriall-union.org\/es\/youth\/\" \/>\n<meta property=\"og:site_name\" content=\"industriall-union\" \/>\n<meta property=\"article:modified_time\" content=\"2026-03-05T15:26:16+00:00\" \/>\n<meta name=\"twitter:card\" content=\"summary_large_image\" \/>\n<meta name=\"twitter:label1\" content=\"Est. reading time\" \/>\n\t<meta name=\"twitter:data1\" content=\"3 minutes\" \/>\n<script type=\"application\/ld+json\" class=\"yoast-schema-graph\">{\"@context\":\"https:\/\/schema.org\",\"@graph\":[{\"@type\":\"WebPage\",\"@id\":\"https:\/\/admin.industriall-union.org\/es\/youth\/\",\"url\":\"https:\/\/admin.industriall-union.org\/es\/youth\/\",\"name\":\"Juventud - industriall-union\",\"isPartOf\":{\"@id\":\"https:\/\/admin.industriall-union.org\/es\/#website\"},\"datePublished\":\"2019-03-11T13:57:15+00:00\",\"dateModified\":\"2026-03-05T15:26:16+00:00\",\"breadcrumb\":{\"@id\":\"https:\/\/admin.industriall-union.org\/es\/youth\/#breadcrumb\"},\"inLanguage\":\"es-ES\",\"potentialAction\":[{\"@type\":\"ReadAction\",\"target\":[\"https:\/\/admin.industriall-union.org\/es\/youth\/\"]}]},{\"@type\":\"BreadcrumbList\",\"@id\":\"https:\/\/admin.industriall-union.org\/es\/youth\/#breadcrumb\",\"itemListElement\":[{\"@type\":\"ListItem\",\"position\":1,\"name\":\"Home\",\"item\":\"https:\/\/admin.industriall-union.org\/es\/\"},{\"@type\":\"ListItem\",\"position\":2,\"name\":\"Juventud\"}]},{\"@type\":\"WebSite\",\"@id\":\"https:\/\/admin.industriall-union.org\/es\/#website\",\"url\":\"https:\/\/admin.industriall-union.org\/es\/\",\"name\":\"industriall-union\",\"description\":\"\",\"potentialAction\":[{\"@type\":\"SearchAction\",\"target\":{\"@type\":\"EntryPoint\",\"urlTemplate\":\"https:\/\/admin.industriall-union.org\/es\/?s={search_term_string}\"},\"query-input\":{\"@type\":\"PropertyValueSpecification\",\"valueRequired\":true,\"valueName\":\"search_term_string\"}}],\"inLanguage\":\"es-ES\"}]}<\/script>\n<!-- \/ Yoast SEO Premium plugin. -->","yoast_head_json":{"title":"Juventud - industriall-union","robots":{"index":"index","follow":"follow","max-snippet":"max-snippet:-1","max-image-preview":"max-image-preview:large","max-video-preview":"max-video-preview:-1"},"canonical":"https:\/\/admin.industriall-union.org\/es\/youth\/","og_locale":"es_ES","og_type":"article","og_title":"Juventud","og_description":"Empoderamiento, representaci\u00f3n y participaci\u00f3n. IndustriALL promueve la integraci\u00f3n activa de los trabajadores j\u00f3venes en los sindicatos, y apoya los esfuerzos sindicales para organizarlos y abordar sus preocupaciones espec\u00edficas. La estrategia de IndustriALL se centra en tres \u00e1reas principales: empoderamiento representaci\u00f3n participaci\u00f3n Para empoderar a los trabajadores j\u00f3venes, IndustriALL lleva a cabo programas espec\u00edficos de capacitaci\u00f3n [&hellip;]","og_url":"https:\/\/admin.industriall-union.org\/es\/youth\/","og_site_name":"industriall-union","article_modified_time":"2026-03-05T15:26:16+00:00","twitter_card":"summary_large_image","twitter_misc":{"Est. reading time":"3 minutes"},"schema":{"@context":"https:\/\/schema.org","@graph":[{"@type":"WebPage","@id":"https:\/\/admin.industriall-union.org\/es\/youth\/","url":"https:\/\/admin.industriall-union.org\/es\/youth\/","name":"Juventud - industriall-union","isPartOf":{"@id":"https:\/\/admin.industriall-union.org\/es\/#website"},"datePublished":"2019-03-11T13:57:15+00:00","dateModified":"2026-03-05T15:26:16+00:00","breadcrumb":{"@id":"https:\/\/admin.industriall-union.org\/es\/youth\/#breadcrumb"},"inLanguage":"es-ES","potentialAction":[{"@type":"ReadAction","target":["https:\/\/admin.industriall-union.org\/es\/youth\/"]}]},{"@type":"BreadcrumbList","@id":"https:\/\/admin.industriall-union.org\/es\/youth\/#breadcrumb","itemListElement":[{"@type":"ListItem","position":1,"name":"Home","item":"https:\/\/admin.industriall-union.org\/es\/"},{"@type":"ListItem","position":2,"name":"Juventud"}]},{"@type":"WebSite","@id":"https:\/\/admin.industriall-union.org\/es\/#website","url":"https:\/\/admin.industriall-union.org\/es\/","name":"industriall-union","description":"","potentialAction":[{"@type":"SearchAction","target":{"@type":"EntryPoint","urlTemplate":"https:\/\/admin.industriall-union.org\/es\/?s={search_term_string}"},"query-input":{"@type":"PropertyValueSpecification","valueRequired":true,"valueName":"search_term_string"}}],"inLanguage":"es-ES"}]}},"_links":{"self":[{"href":"https:\/\/admin.industriall-union.org\/es\/wp-json\/wp\/v2\/pages\/212580","targetHints":{"allow":["GET"]}}],"collection":[{"href":"https:\/\/admin.industriall-union.org\/es\/wp-json\/wp\/v2\/pages"}],"about":[{"href":"https:\/\/admin.industriall-union.org\/es\/wp-json\/wp\/v2\/types\/page"}],"author":[{"embeddable":true,"href":"https:\/\/admin.industriall-union.org\/es\/wp-json\/wp\/v2\/users\/1"}],"replies":[{"embeddable":true,"href":"https:\/\/admin.industriall-union.org\/es\/wp-json\/wp\/v2\/comments?post=212580"}],"version-history":[{"count":3,"href":"https:\/\/admin.industriall-union.org\/es\/wp-json\/wp\/v2\/pages\/212580\/revisions"}],"predecessor-version":[{"id":467015,"href":"https:\/\/admin.industriall-union.org\/es\/wp-json\/wp\/v2\/pages\/212580\/revisions\/467015"}],"wp:attachment":[{"href":"https:\/\/admin.industriall-union.org\/es\/wp-json\/wp\/v2\/media?parent=212580"}],"wp:term":[{"taxonomy":"issues","embeddable":true,"href":"https:\/\/admin.industriall-union.org\/es\/wp-json\/wp\/v2\/issues?post=212580"},{"taxonomy":"companies","embeddable":true,"href":"https:\/\/admin.industriall-union.org\/es\/wp-json\/wp\/v2\/companies?post=212580"},{"taxonomy":"regions","embeddable":true,"href":"https:\/\/admin.industriall-union.org\/es\/wp-json\/wp\/v2\/regions?post=212580"},{"taxonomy":"sectors","embeddable":true,"href":"https:\/\/admin.industriall-union.org\/es\/wp-json\/wp\/v2\/sectors?post=212580"},{"taxonomy":"article_tags","embeddable":true,"href":"https:\/\/admin.industriall-union.org\/es\/wp-json\/wp\/v2\/article_tags?post=212580"}],"curies":[{"name":"wp","href":"https:\/\/api.w.org\/{rel}","templated":true}]}}