{"id":212499,"date":"2019-03-11T10:52:37","date_gmt":"2019-03-11T10:52:37","guid":{"rendered":"https:\/\/admin.industriall-union.org\/america-latina-y-el-caribe\/"},"modified":"2026-03-05T15:16:06","modified_gmt":"2026-03-05T15:16:06","slug":"america-latina-y-el-caribe-0","status":"publish","type":"page","link":"https:\/\/admin.industriall-union.org\/es\/america-latina-y-el-caribe-0\/","title":{"rendered":"Am\u00e9rica Latina y el Caribe"},"content":{"rendered":"<table border=\"1\" cellpadding=\"1\" cellspacing=\"1\" style=\"width:100%\"><tbody><tr><td colspan=\"2\"><h2><span style=\"color:#27ae60\"><strong>Oficina de Am\u00e9rica Latina y el Caribe<\/strong><\/span><\/h2><\/td><\/tr><tr><td><iframe loading=\"lazy\" frameborder=\"0\" height=\"250\" src=\"https:\/\/maps.google.com\/maps?q=Avenida%2018%20de%20Julio%201528&amp;t=&amp;z=15&amp;ie=UTF8&amp;iwloc=&amp;output=embed\" width=\"300\"><\/iframe><\/td><td><p><span style=\"color:#27ae60\"><strong>Direcci\u00f3n:<\/strong><\/span><\/p><p>Avenida 18 de Julio N&ordm;&nbsp;1528<br \/>Piso 12 unidad 1202<br \/>Montevideo<br \/><strong>Uruguay<\/strong><br \/><span style=\"color:#27ae60\"><strong>Tel:<\/strong><\/span> +59 82 408 0813<br \/><span style=\"color:#27ae60\"><strong>Email:<\/strong><\/span> <a href=\"mailto:alc@industriall-union.org\">alc<\/a><\/p><\/td><\/tr><\/tbody><\/table><figure class=\"imageArticle imageFull colorOverlay\"><img decoding=\"async\" alt=\"\" src=\"\/wp-content\/uploads\/images\/General-pics\/lacro.png\" \/><\/figure><p><a href=\"https:\/\/www.facebook.com\/IndustriallGlobalUnionAmericaLatinaYElCaribe\/\"><span class=\"link link--facebook\">&nbsp;<\/span>IndustriALL Global Union Am\u00e9rica Latina y el Caribe<\/a><\/p><table border=\"1\" cellpadding=\"1\" cellspacing=\"1\" style=\"width:500px\"><tbody><tr><td><img decoding=\"async\" alt=\"\" src=\"\/wp-content\/uploads\/images\/People\/Internal\/Regional-Staff\/LACRO\/marino_vani.jpg\" style=\"width: 200px;height: 200px\" \/><\/td><td><p><strong>Marino Vani<\/strong><\/p><p>Secretario regional<\/p><p>+598 96223549<\/p><p><a href=\"mailto:mvani@industriall-union.org\">mvani<\/a>&nbsp;<\/p><\/td><\/tr><tr><td><img decoding=\"async\" alt=\"\" src=\"\/wp-content\/uploads\/images\/People\/Internal\/Regional-Staff\/lauracarter.jpg\" style=\"width: 200px;height: 182px\" \/><\/td><td><p><strong>Laura Carter<\/strong><\/p><p>&nbsp;Secretaria regional adjunta para sectores textil, electr\u00f3nico, energ\u00eda, miner\u00eda, siderurgia, g\u00e9nero<\/p><p>+1 250 551 3535<\/p><p><a href=\"mailto:lcarter@industriall-union.org\u00a0\">lcarter<\/a><\/p><\/td><\/tr><tr><td><strong><img decoding=\"async\" alt=\"\" src=\"\/wp-content\/uploads\/images\/People\/Internal\/Regional-Staff\/LACRO\/alejandro_valerio.jpg\" style=\"width: 200px;height: 200px\" \/><\/strong><\/td><td><p><strong>Alejandro Valerio<\/strong><\/p><p>Secretario regional adjunto<\/p><p>+&nbsp;598 96215181<\/p><p><a href=\"mailto:avelerio@industriall-union.org\">avelerio<\/a><\/p><\/td><\/tr><tr><td><strong><img decoding=\"async\" alt=\"\" src=\"\/wp-content\/uploads\/images\/2025\/Uruguay\/20251010_095911.jpg\" style=\"width: 200px;height: 200px\" \/><\/strong><\/td><td><p><strong>Julieta Avalos<\/strong><\/p><p>Oficial regional<\/p><p>+598 97975947<\/p><p><a href=\"mailto:javalos@industriall-union.org\">javalos<\/a><\/p><\/td><\/tr><tr><td><strong><img decoding=\"async\" alt=\"\" src=\"\/wp-content\/uploads\/images\/People\/Internal\/IndustriALL-Staff\/milena_lacro.jpeg\" style=\"width: 200px;height: 200px\" \/><\/strong><\/td><td><p><strong>Milena Le\u00e3o<\/strong><br \/>Coordinadora de proyectos a nivel regional y oficial de pol\u00edticas<\/p><p>+598 96 232 285&nbsp;<\/p><p><a href=\"mailto:mleao@industriall-union.org\">mleao<\/a><\/p><\/td><\/tr><tr><td><img decoding=\"async\" alt=\"\" src=\"\/wp-content\/uploads\/images\/People\/Internal\/IndustriALL-Staff\/lorena.jpeg\" style=\"width: 200px;height: 200px\" \/><\/td><td><p><strong>Lorena Gallego<\/strong><\/p><p>Oficial de finanzas<\/p><p>+&nbsp;598 96247905<\/p><p>+ 598 24080813<\/p><p><a href=\"mailto:lgallego@industriall-union.org\">lgallego<\/a><\/p><\/td><\/tr><tr><td><img decoding=\"async\" alt=\"\" src=\"\/wp-content\/uploads\/images\/People\/Internal\/Regional-Staff\/LACRO\/kimber_meyer.jpg\" style=\"width: 200px;height: 200px\" \/><\/td><td><p><strong>Kimber Meyer<\/strong><\/p><p>Oficial de comunicaciones<\/p><p>+ 598 97978726<\/p><p><a href=\"mailto:kmeyer@industriall-union.org\">kmeyer<\/a><\/p><\/td><\/tr><tr><td><strong><img decoding=\"async\" alt=\"\" src=\"\/wp-content\/uploads\/images\/People\/Internal\/IndustriALL-Staff\/erika.jpeg\" style=\"width: 200px;height: 200px\" \/><\/strong><\/td><td><p><strong>\u00c9rika \u00c1lvarez<\/strong><\/p><p>Asistente administrativo<\/p><p>+598 96224309<\/p><p><a href=\"mailto:ealvarez@industriall-union.org\">ealvarez<\/a><\/p><\/td><\/tr><tr><td>&nbsp;<\/td><td>&nbsp;<\/td><\/tr><\/tbody><\/table>","protected":false},"excerpt":{"rendered":"<p>Oficina de Am\u00e9rica Latina y el Caribe Direcci\u00f3n: Avenida 18 de Julio N&ordm;&nbsp;1528Piso 12 unidad 1202MontevideoUruguayTel: +59 82 408 0813Email: alc &nbsp;IndustriALL Global Union Am\u00e9rica Latina y el Caribe Marino Vani Secretario regional +598 96223549 mvani&nbsp; Laura Carter &nbsp;Secretaria regional adjunta para sectores textil, electr\u00f3nico, energ\u00eda, miner\u00eda, siderurgia, g\u00e9nero +1 250 551 3535 lcarter Alejandro [&hellip;]<\/p>\n","protected":false},"author":1,"featured_media":0,"parent":0,"menu_order":0,"comment_status":"closed","ping_status":"closed","template":"","meta":{"_acf_changed":false,"footnotes":""},"issues":[],"companies":[],"regions":[],"sectors":[],"article_tags":[],"class_list":["post-212499","page","type-page","status-publish","hentry"],"acf":[],"yoast_head":"<!-- This site is optimized with the Yoast SEO Premium plugin v27.1 (Yoast SEO v27.1) - https:\/\/yoast.com\/product\/yoast-seo-premium-wordpress\/ -->\n<title>Am\u00e9rica Latina y el Caribe - industriall-union<\/title>\n<meta name=\"robots\" content=\"index, follow, max-snippet:-1, max-image-preview:large, max-video-preview:-1\" \/>\n<link rel=\"canonical\" href=\"https:\/\/admin.industriall-union.org\/es\/america-latina-y-el-caribe-0\/\" \/>\n<meta property=\"og:locale\" content=\"es_ES\" \/>\n<meta property=\"og:type\" content=\"article\" \/>\n<meta property=\"og:title\" content=\"Am\u00e9rica Latina y el Caribe\" \/>\n<meta property=\"og:description\" content=\"Oficina de Am\u00e9rica Latina y el Caribe Direcci\u00f3n: Avenida 18 de Julio N&ordm;&nbsp;1528Piso 12 unidad 1202MontevideoUruguayTel: +59 82 408 0813Email: alc &nbsp;IndustriALL Global Union Am\u00e9rica Latina y el Caribe Marino Vani Secretario regional +598 96223549 mvani&nbsp; Laura Carter &nbsp;Secretaria regional adjunta para sectores textil, electr\u00f3nico, energ\u00eda, miner\u00eda, siderurgia, g\u00e9nero +1 250 551 3535 lcarter Alejandro [&hellip;]\" \/>\n<meta property=\"og:url\" content=\"https:\/\/admin.industriall-union.org\/es\/america-latina-y-el-caribe-0\/\" \/>\n<meta property=\"og:site_name\" content=\"industriall-union\" \/>\n<meta property=\"article:modified_time\" content=\"2026-03-05T15:16:06+00:00\" \/>\n<meta name=\"twitter:card\" content=\"summary_large_image\" \/>\n<meta name=\"twitter:label1\" content=\"Est. reading time\" \/>\n\t<meta name=\"twitter:data1\" content=\"3 minutes\" \/>\n<script type=\"application\/ld+json\" class=\"yoast-schema-graph\">{\"@context\":\"https:\/\/schema.org\",\"@graph\":[{\"@type\":\"WebPage\",\"@id\":\"https:\/\/admin.industriall-union.org\/es\/america-latina-y-el-caribe-0\/\",\"url\":\"https:\/\/admin.industriall-union.org\/es\/america-latina-y-el-caribe-0\/\",\"name\":\"Am\u00e9rica Latina y el Caribe - industriall-union\",\"isPartOf\":{\"@id\":\"https:\/\/admin.industriall-union.org\/#website\"},\"datePublished\":\"2019-03-11T10:52:37+00:00\",\"dateModified\":\"2026-03-05T15:16:06+00:00\",\"breadcrumb\":{\"@id\":\"https:\/\/admin.industriall-union.org\/es\/america-latina-y-el-caribe-0\/#breadcrumb\"},\"inLanguage\":\"es-ES\",\"potentialAction\":[{\"@type\":\"ReadAction\",\"target\":[\"https:\/\/admin.industriall-union.org\/es\/america-latina-y-el-caribe-0\/\"]}]},{\"@type\":\"BreadcrumbList\",\"@id\":\"https:\/\/admin.industriall-union.org\/es\/america-latina-y-el-caribe-0\/#breadcrumb\",\"itemListElement\":[{\"@type\":\"ListItem\",\"position\":1,\"name\":\"Home\",\"item\":\"https:\/\/admin.industriall-union.org\/\"},{\"@type\":\"ListItem\",\"position\":2,\"name\":\"Am\u00e9rica Latina y el Caribe\"}]},{\"@type\":\"WebSite\",\"@id\":\"https:\/\/admin.industriall-union.org\/#website\",\"url\":\"https:\/\/admin.industriall-union.org\/\",\"name\":\"industriall-union\",\"description\":\"\",\"potentialAction\":[{\"@type\":\"SearchAction\",\"target\":{\"@type\":\"EntryPoint\",\"urlTemplate\":\"https:\/\/admin.industriall-union.org\/?s={search_term_string}\"},\"query-input\":{\"@type\":\"PropertyValueSpecification\",\"valueRequired\":true,\"valueName\":\"search_term_string\"}}],\"inLanguage\":\"es-ES\"}]}<\/script>\n<!-- \/ Yoast SEO Premium plugin. -->","yoast_head_json":{"title":"Am\u00e9rica Latina y el Caribe - industriall-union","robots":{"index":"index","follow":"follow","max-snippet":"max-snippet:-1","max-image-preview":"max-image-preview:large","max-video-preview":"max-video-preview:-1"},"canonical":"https:\/\/admin.industriall-union.org\/es\/america-latina-y-el-caribe-0\/","og_locale":"es_ES","og_type":"article","og_title":"Am\u00e9rica Latina y el Caribe","og_description":"Oficina de Am\u00e9rica Latina y el Caribe Direcci\u00f3n: Avenida 18 de Julio N&ordm;&nbsp;1528Piso 12 unidad 1202MontevideoUruguayTel: +59 82 408 0813Email: alc &nbsp;IndustriALL Global Union Am\u00e9rica Latina y el Caribe Marino Vani Secretario regional +598 96223549 mvani&nbsp; Laura Carter &nbsp;Secretaria regional adjunta para sectores textil, electr\u00f3nico, energ\u00eda, miner\u00eda, siderurgia, g\u00e9nero +1 250 551 3535 lcarter Alejandro [&hellip;]","og_url":"https:\/\/admin.industriall-union.org\/es\/america-latina-y-el-caribe-0\/","og_site_name":"industriall-union","article_modified_time":"2026-03-05T15:16:06+00:00","twitter_card":"summary_large_image","twitter_misc":{"Est. reading time":"3 minutes"},"schema":{"@context":"https:\/\/schema.org","@graph":[{"@type":"WebPage","@id":"https:\/\/admin.industriall-union.org\/es\/america-latina-y-el-caribe-0\/","url":"https:\/\/admin.industriall-union.org\/es\/america-latina-y-el-caribe-0\/","name":"Am\u00e9rica Latina y el Caribe - industriall-union","isPartOf":{"@id":"https:\/\/admin.industriall-union.org\/#website"},"datePublished":"2019-03-11T10:52:37+00:00","dateModified":"2026-03-05T15:16:06+00:00","breadcrumb":{"@id":"https:\/\/admin.industriall-union.org\/es\/america-latina-y-el-caribe-0\/#breadcrumb"},"inLanguage":"es-ES","potentialAction":[{"@type":"ReadAction","target":["https:\/\/admin.industriall-union.org\/es\/america-latina-y-el-caribe-0\/"]}]},{"@type":"BreadcrumbList","@id":"https:\/\/admin.industriall-union.org\/es\/america-latina-y-el-caribe-0\/#breadcrumb","itemListElement":[{"@type":"ListItem","position":1,"name":"Home","item":"https:\/\/admin.industriall-union.org\/"},{"@type":"ListItem","position":2,"name":"Am\u00e9rica Latina y el Caribe"}]},{"@type":"WebSite","@id":"https:\/\/admin.industriall-union.org\/#website","url":"https:\/\/admin.industriall-union.org\/","name":"industriall-union","description":"","potentialAction":[{"@type":"SearchAction","target":{"@type":"EntryPoint","urlTemplate":"https:\/\/admin.industriall-union.org\/?s={search_term_string}"},"query-input":{"@type":"PropertyValueSpecification","valueRequired":true,"valueName":"search_term_string"}}],"inLanguage":"es-ES"}]}},"_links":{"self":[{"href":"https:\/\/admin.industriall-union.org\/es\/wp-json\/wp\/v2\/pages\/212499","targetHints":{"allow":["GET"]}}],"collection":[{"href":"https:\/\/admin.industriall-union.org\/es\/wp-json\/wp\/v2\/pages"}],"about":[{"href":"https:\/\/admin.industriall-union.org\/es\/wp-json\/wp\/v2\/types\/page"}],"author":[{"embeddable":true,"href":"https:\/\/admin.industriall-union.org\/es\/wp-json\/wp\/v2\/users\/1"}],"replies":[{"embeddable":true,"href":"https:\/\/admin.industriall-union.org\/es\/wp-json\/wp\/v2\/comments?post=212499"}],"version-history":[{"count":3,"href":"https:\/\/admin.industriall-union.org\/es\/wp-json\/wp\/v2\/pages\/212499\/revisions"}],"predecessor-version":[{"id":467012,"href":"https:\/\/admin.industriall-union.org\/es\/wp-json\/wp\/v2\/pages\/212499\/revisions\/467012"}],"wp:attachment":[{"href":"https:\/\/admin.industriall-union.org\/es\/wp-json\/wp\/v2\/media?parent=212499"}],"wp:term":[{"taxonomy":"issues","embeddable":true,"href":"https:\/\/admin.industriall-union.org\/es\/wp-json\/wp\/v2\/issues?post=212499"},{"taxonomy":"companies","embeddable":true,"href":"https:\/\/admin.industriall-union.org\/es\/wp-json\/wp\/v2\/companies?post=212499"},{"taxonomy":"regions","embeddable":true,"href":"https:\/\/admin.industriall-union.org\/es\/wp-json\/wp\/v2\/regions?post=212499"},{"taxonomy":"sectors","embeddable":true,"href":"https:\/\/admin.industriall-union.org\/es\/wp-json\/wp\/v2\/sectors?post=212499"},{"taxonomy":"article_tags","embeddable":true,"href":"https:\/\/admin.industriall-union.org\/es\/wp-json\/wp\/v2\/article_tags?post=212499"}],"curies":[{"name":"wp","href":"https:\/\/api.w.org\/{rel}","templated":true}]}}