{"id":212448,"date":"2020-07-15T12:30:00","date_gmt":"2020-07-15T12:30:00","guid":{"rendered":"https:\/\/admin.industriall-union.org\/accion-en-la-industria-textil-y-de-la-confeccion\/"},"modified":"2026-02-03T12:48:03","modified_gmt":"2026-02-03T12:48:03","slug":"accion-en-la-industria-textil-y-de-la-confeccion","status":"publish","type":"page","link":"https:\/\/admin.industriall-union.org\/es\/accion-en-la-industria-textil-y-de-la-confeccion\/","title":{"rendered":"Acci\u00f3n en la industria textil y de la confecci\u00f3n"},"content":{"rendered":"<p>A medida que los minoristas cierran sus tiendas en todo el mundo debido a la COVID-19, las f\u00e1bricas de prendas de vestir est\u00e1n cesando sus actividades a un ritmo alarmante y con efectos devastadores para los trabajadores de la confecci\u00f3n.<\/p><p>Mientras los minoristas de este sector cierran sus tiendas en los pa\u00edses afectados, se espera que los trabajadores paguen el precio por la ropa que ya han fabricado.<\/p><p>Las marcas y minoristas principales no solo est\u00e1n cancelando futuros pedidos, sino que se niegan a asumir la responsabilidad por las prendas que ya se han fabricado. Para ello, se valen de las disposiciones de emergencia de los contratos para detener los env\u00edos y evitar pagar los productos encargados. Esto provoca que las f\u00e1bricas queden en posesi\u00f3n de los productos y sean incapaces de venderlos al cliente que los encarg\u00f3 y, en muchos casos, de pagar los salarios de los trabajadores que los fabricaron.<\/p><p>Las medidas anunciadas por las empresas para proteger los salarios de los minoristas y otros trabajadores directos deben celebrarse, pero no hay que ignorar la seguridad y el bienestar de los trabajadores en sus cadenas de suministro, quienes fabrican los productos sobre los que se construye su negocio.<\/p><p>Durante este per\u00edodo sin precedentes, las marcas, los empleadores y los gobiernos deben unirse de forma urgente con los sindicatos para encontrar maneras de apoyar a los trabajadores de la confecci\u00f3n, para as\u00ed asegurar la viabilidad futura de la industria una vez que la crisis haya pasado.<\/p><section class=\"boxTurquoise\">&nbsp;<h3>De conformidad con la <a href=\"http:\/\/www.industriall-union.org\/es\/industriall-declaracion-de-solidaridad\">Carta de solidaridad<\/a>, IndustriALL est\u00e1 trabajando con los sindicatos afiliados en el sector textil y de la confecci\u00f3n para identificar a las marcas y minoristas que no han pagado sus pedidos o ejercido la debida diligencia en la gesti\u00f3n de sus cadenas de suministro, lo que resulta en violaciones de los derechos humanos y las normas laborales fundamentales.<\/h3><\/section><p><strong>Persona de contacto:<\/strong><\/p><p>Christina Hajagos-Clausen, directora de la industria textil y de la confecci\u00f3n<br \/>tel. +41 22 308 5070, <a href=\"mailto:%20CHajagos-Clausen@industriALL-Union.org\">chajagos<\/a><\/p><p><a href=\"\/wp-content\/uploads\/documents\/2020\/SWITZERLAND\/EXCO\/covid19_industriall_principles_english.pdf\">Principios de IndustriALL para la acci\u00f3n respecto de la COVID-19 en la industria textil, de la confecci\u00f3n, del calzado y el cuero <\/a><\/p><p><a href=\"\/wp-content\/uploads\/documents\/2020\/SWITZERLAND\/EXCO\/resolution_on_industriall_response_with_endorsements.pdf\">Respuesta de IndustriALL a la inacci\u00f3n y la violaci\u00f3n de los derechos humanos y las normas laborales fundamentales en la respuesta a la COVID-19 <\/a><\/p><section><p>\u00danase a nosotros para apoyar a los trabajadores de Gokaldas que est\u00e1n luchando por su sustento. <a href=\"\/wp-content\/uploads\/documents\/2020\/INDIA\/support_gatwu.pdf\">Descargue este afiche<\/a>, t\u00f3mese una foto con \u00e9l y publ\u00edquelo en las redes sociales. No olvide etiquetar a IndustriALL y utilizar el hashtag <strong>#GarmentWorkersNeedUnions<\/strong><\/p><p>&iexcl;Gracias por su apoyo!<\/p><\/section><figure class=\"imageArticle imageMedium\"><img decoding=\"async\" alt=\"\" src=\"\/wp-content\/uploads\/images\/2020\/INDIA\/GOKALDAS\/my-visual_47794632-2.png\" style=\"width: 600px;height: 315px\" \/><figcaption class=\"imageContent\">&nbsp;<\/figcaption><\/figure><p><strong>Construir el poder sindical<\/strong><br \/>Manual sobre investigaci\u00f3n y campa\u00f1as corporativas estrat\u00e9gicas<\/p><table border=\"1\" cellpadding=\"1\" cellspacing=\"1\" style=\"font-size: 2rem;width: 500px\"><tbody><tr><td><a href=\"\/wp-content\/uploads\/images\/publications\/BuildingUnionPowerBooklet\/building_union_power_web_en.pdf\"><img decoding=\"async\" alt=\"\" src=\"\/wp-content\/uploads\/images\/publications\/BuildingUnionPowerBooklet\/screenshot_2023-01-20_at_11.48.46.png\" style=\"width: 200px;height: 284px\" \/><\/a><\/td><td><a href=\"\/wp-content\/uploads\/images\/publications\/BuildingUnionPowerBooklet\/building_union_power_web_es.pdf\"><img decoding=\"async\" alt=\"\" src=\"\/wp-content\/uploads\/images\/Campaigns\/Textile-garment-campaign\/portada_crear_poder_sindical.jpg\" style=\"width: 200px;height: 283px\" \/><\/a><\/td><td><a href=\"\/wp-content\/uploads\/images\/publications\/BuildingUnionPowerBooklet\/building_union_power_web_po.pdf\"><img decoding=\"async\" alt=\"\" src=\"\/wp-content\/uploads\/images\/Campaigns\/Textile-garment-campaign\/construindo_o_poder_sindical.jpg\" style=\"width: 200px;height: 283px\" \/><\/a><\/td><td><a href=\"\/wp-content\/uploads\/images\/publications\/BuildingUnionPowerBooklet\/building_union_power_web_ar.pdf\"><img decoding=\"async\" alt=\"\" src=\"\/wp-content\/uploads\/images\/Campaigns\/Textile-garment-campaign\/arabe.jpg\" style=\"width: 200px;height: 283px\" \/><\/a><\/td><\/tr><tr><td><a href=\"\/wp-content\/uploads\/images\/publications\/BuildingUnionPowerBooklet\/building_union_power_web_en.pdf\">ENGLISH<\/a><\/td><td><a href=\"\/wp-content\/uploads\/images\/publications\/BuildingUnionPowerBooklet\/building_union_power_web_es.pdf\">ESPA\u00d1OL<\/a><\/td><td><a href=\"\/wp-content\/uploads\/images\/publications\/BuildingUnionPowerBooklet\/building_union_power_web_po.pdf\">PORTUGU\u00caS<\/a><\/td><td><a href=\"\/wp-content\/uploads\/images\/publications\/BuildingUnionPowerBooklet\/building_union_power_web_ar.pdf\">ARABIC<\/a><\/td><\/tr><tr><td><a href=\"\/wp-content\/uploads\/images\/publications\/BuildingUnionPowerBooklet\/building_union_power_-khmer_a5_compressed.pdf\"><img decoding=\"async\" alt=\"\" src=\"\/wp-content\/uploads\/images\/publications\/BuildingUnionPowerBooklet\/bupkhmer.png\" style=\"width: 200px;height: 281px\" \/><\/a><\/td><td><a href=\"\/wp-content\/uploads\/images\/publications\/BuildingUnionPowerBooklet\/building_union_power_bangla-final_compressed.pdf\"><img decoding=\"async\" alt=\"\" src=\"\/wp-content\/uploads\/images\/publications\/BuildingUnionPowerBooklet\/bupbangla.png\" style=\"width: 200px;height: 282px\" \/><\/a><\/td><td><a href=\"\/wp-content\/uploads\/images\/publications\/BuildingUnionPowerBooklet\/building_union_power_web_ba.pdf\"><img decoding=\"async\" alt=\"\" src=\"\/wp-content\/uploads\/images\/publications\/BuildingUnionPowerBooklet\/bupbahasa.png\" style=\"width: 200px;height: 284px\" \/><\/a><\/td><td><a href=\"\/wp-content\/uploads\/images\/publications\/BuildingUnionPowerBooklet\/building_union_power_web_vn.pdf\"><img decoding=\"async\" alt=\"\" src=\"\/wp-content\/uploads\/images\/publications\/BuildingUnionPowerBooklet\/bupviet.png\" style=\"width: 200px;height: 281px\" \/><\/a><\/td><\/tr><tr><td><a href=\"\/wp-content\/uploads\/images\/publications\/BuildingUnionPowerBooklet\/building_union_power_-khmer_a5_compressed.pdf\">KHMER<\/a><\/td><td><a href=\"\/wp-content\/uploads\/images\/publications\/BuildingUnionPowerBooklet\/building_union_power_bangla-final_compressed.pdf\">BANGLA<\/a><\/td><td><a href=\"\/wp-content\/uploads\/images\/publications\/BuildingUnionPowerBooklet\/building_union_power_web_ba.pdf\">BAHASA<\/a><\/td><td><a href=\"\/wp-content\/uploads\/images\/publications\/BuildingUnionPowerBooklet\/building_union_power_web_vn.pdf\">VIETNAMESE<\/a><\/td><\/tr><tr><td>&nbsp;<\/td><td>&nbsp;<\/td><td>&nbsp;<\/td><td>&nbsp;<\/td><\/tr><tr><td>&nbsp;<\/td><td>&nbsp;<\/td><td>&nbsp;<\/td><td>&nbsp;<\/td><\/tr><\/tbody><\/table>","protected":false},"excerpt":{"rendered":"<p>A medida que los minoristas cierran sus tiendas en todo el mundo debido a la COVID-19, las f\u00e1bricas de prendas de vestir est\u00e1n cesando sus actividades a un ritmo alarmante y con efectos devastadores para los trabajadores de la confecci\u00f3n. Mientras los minoristas de este sector cierran sus tiendas en los pa\u00edses afectados, se espera [&hellip;]<\/p>\n","protected":false},"author":1,"featured_media":0,"parent":0,"menu_order":0,"comment_status":"closed","ping_status":"closed","template":"","meta":{"_acf_changed":false,"footnotes":""},"issues":[],"companies":[],"regions":[],"sectors":[447],"article_tags":[],"class_list":["post-212448","page","type-page","status-publish","hentry","sectors-textil-cuero-ropa-calzado-servicios-textiles"],"acf":[],"yoast_head":"<!-- This site is optimized with the Yoast SEO Premium plugin v27.1 (Yoast SEO v27.1) - https:\/\/yoast.com\/product\/yoast-seo-premium-wordpress\/ -->\n<title>Acci\u00f3n en la industria textil y de la confecci\u00f3n - industriall-union<\/title>\n<meta name=\"robots\" content=\"index, follow, max-snippet:-1, max-image-preview:large, max-video-preview:-1\" \/>\n<link rel=\"canonical\" href=\"https:\/\/admin.industriall-union.org\/es\/accion-en-la-industria-textil-y-de-la-confeccion\/\" \/>\n<meta property=\"og:locale\" content=\"es_ES\" \/>\n<meta property=\"og:type\" content=\"article\" \/>\n<meta property=\"og:title\" content=\"Acci\u00f3n en la industria textil y de la confecci\u00f3n\" \/>\n<meta property=\"og:description\" content=\"A medida que los minoristas cierran sus tiendas en todo el mundo debido a la COVID-19, las f\u00e1bricas de prendas de vestir est\u00e1n cesando sus actividades a un ritmo alarmante y con efectos devastadores para los trabajadores de la confecci\u00f3n. Mientras los minoristas de este sector cierran sus tiendas en los pa\u00edses afectados, se espera [&hellip;]\" \/>\n<meta property=\"og:url\" content=\"https:\/\/admin.industriall-union.org\/es\/accion-en-la-industria-textil-y-de-la-confeccion\/\" \/>\n<meta property=\"og:site_name\" content=\"industriall-union\" \/>\n<meta property=\"article:modified_time\" content=\"2026-02-03T12:48:03+00:00\" \/>\n<meta name=\"twitter:card\" content=\"summary_large_image\" \/>\n<meta name=\"twitter:label1\" content=\"Est. reading time\" \/>\n\t<meta name=\"twitter:data1\" content=\"2 minutes\" \/>\n<script type=\"application\/ld+json\" class=\"yoast-schema-graph\">{\"@context\":\"https:\/\/schema.org\",\"@graph\":[{\"@type\":\"WebPage\",\"@id\":\"https:\/\/admin.industriall-union.org\/es\/accion-en-la-industria-textil-y-de-la-confeccion\/\",\"url\":\"https:\/\/admin.industriall-union.org\/es\/accion-en-la-industria-textil-y-de-la-confeccion\/\",\"name\":\"Acci\u00f3n en la industria textil y de la confecci\u00f3n - industriall-union\",\"isPartOf\":{\"@id\":\"https:\/\/admin.industriall-union.org\/#website\"},\"datePublished\":\"2020-07-15T12:30:00+00:00\",\"dateModified\":\"2026-02-03T12:48:03+00:00\",\"breadcrumb\":{\"@id\":\"https:\/\/admin.industriall-union.org\/es\/accion-en-la-industria-textil-y-de-la-confeccion\/#breadcrumb\"},\"inLanguage\":\"es-ES\",\"potentialAction\":[{\"@type\":\"ReadAction\",\"target\":[\"https:\/\/admin.industriall-union.org\/es\/accion-en-la-industria-textil-y-de-la-confeccion\/\"]}]},{\"@type\":\"BreadcrumbList\",\"@id\":\"https:\/\/admin.industriall-union.org\/es\/accion-en-la-industria-textil-y-de-la-confeccion\/#breadcrumb\",\"itemListElement\":[{\"@type\":\"ListItem\",\"position\":1,\"name\":\"Home\",\"item\":\"https:\/\/admin.industriall-union.org\/\"},{\"@type\":\"ListItem\",\"position\":2,\"name\":\"Acci\u00f3n en la industria textil y de la confecci\u00f3n\"}]},{\"@type\":\"WebSite\",\"@id\":\"https:\/\/admin.industriall-union.org\/#website\",\"url\":\"https:\/\/admin.industriall-union.org\/\",\"name\":\"industriall-union\",\"description\":\"\",\"potentialAction\":[{\"@type\":\"SearchAction\",\"target\":{\"@type\":\"EntryPoint\",\"urlTemplate\":\"https:\/\/admin.industriall-union.org\/?s={search_term_string}\"},\"query-input\":{\"@type\":\"PropertyValueSpecification\",\"valueRequired\":true,\"valueName\":\"search_term_string\"}}],\"inLanguage\":\"es-ES\"}]}<\/script>\n<!-- \/ Yoast SEO Premium plugin. -->","yoast_head_json":{"title":"Acci\u00f3n en la industria textil y de la confecci\u00f3n - industriall-union","robots":{"index":"index","follow":"follow","max-snippet":"max-snippet:-1","max-image-preview":"max-image-preview:large","max-video-preview":"max-video-preview:-1"},"canonical":"https:\/\/admin.industriall-union.org\/es\/accion-en-la-industria-textil-y-de-la-confeccion\/","og_locale":"es_ES","og_type":"article","og_title":"Acci\u00f3n en la industria textil y de la confecci\u00f3n","og_description":"A medida que los minoristas cierran sus tiendas en todo el mundo debido a la COVID-19, las f\u00e1bricas de prendas de vestir est\u00e1n cesando sus actividades a un ritmo alarmante y con efectos devastadores para los trabajadores de la confecci\u00f3n. Mientras los minoristas de este sector cierran sus tiendas en los pa\u00edses afectados, se espera [&hellip;]","og_url":"https:\/\/admin.industriall-union.org\/es\/accion-en-la-industria-textil-y-de-la-confeccion\/","og_site_name":"industriall-union","article_modified_time":"2026-02-03T12:48:03+00:00","twitter_card":"summary_large_image","twitter_misc":{"Est. reading time":"2 minutes"},"schema":{"@context":"https:\/\/schema.org","@graph":[{"@type":"WebPage","@id":"https:\/\/admin.industriall-union.org\/es\/accion-en-la-industria-textil-y-de-la-confeccion\/","url":"https:\/\/admin.industriall-union.org\/es\/accion-en-la-industria-textil-y-de-la-confeccion\/","name":"Acci\u00f3n en la industria textil y de la confecci\u00f3n - industriall-union","isPartOf":{"@id":"https:\/\/admin.industriall-union.org\/#website"},"datePublished":"2020-07-15T12:30:00+00:00","dateModified":"2026-02-03T12:48:03+00:00","breadcrumb":{"@id":"https:\/\/admin.industriall-union.org\/es\/accion-en-la-industria-textil-y-de-la-confeccion\/#breadcrumb"},"inLanguage":"es-ES","potentialAction":[{"@type":"ReadAction","target":["https:\/\/admin.industriall-union.org\/es\/accion-en-la-industria-textil-y-de-la-confeccion\/"]}]},{"@type":"BreadcrumbList","@id":"https:\/\/admin.industriall-union.org\/es\/accion-en-la-industria-textil-y-de-la-confeccion\/#breadcrumb","itemListElement":[{"@type":"ListItem","position":1,"name":"Home","item":"https:\/\/admin.industriall-union.org\/"},{"@type":"ListItem","position":2,"name":"Acci\u00f3n en la industria textil y de la confecci\u00f3n"}]},{"@type":"WebSite","@id":"https:\/\/admin.industriall-union.org\/#website","url":"https:\/\/admin.industriall-union.org\/","name":"industriall-union","description":"","potentialAction":[{"@type":"SearchAction","target":{"@type":"EntryPoint","urlTemplate":"https:\/\/admin.industriall-union.org\/?s={search_term_string}"},"query-input":{"@type":"PropertyValueSpecification","valueRequired":true,"valueName":"search_term_string"}}],"inLanguage":"es-ES"}]}},"_links":{"self":[{"href":"https:\/\/admin.industriall-union.org\/es\/wp-json\/wp\/v2\/pages\/212448","targetHints":{"allow":["GET"]}}],"collection":[{"href":"https:\/\/admin.industriall-union.org\/es\/wp-json\/wp\/v2\/pages"}],"about":[{"href":"https:\/\/admin.industriall-union.org\/es\/wp-json\/wp\/v2\/types\/page"}],"author":[{"embeddable":true,"href":"https:\/\/admin.industriall-union.org\/es\/wp-json\/wp\/v2\/users\/1"}],"replies":[{"embeddable":true,"href":"https:\/\/admin.industriall-union.org\/es\/wp-json\/wp\/v2\/comments?post=212448"}],"version-history":[{"count":3,"href":"https:\/\/admin.industriall-union.org\/es\/wp-json\/wp\/v2\/pages\/212448\/revisions"}],"predecessor-version":[{"id":464087,"href":"https:\/\/admin.industriall-union.org\/es\/wp-json\/wp\/v2\/pages\/212448\/revisions\/464087"}],"wp:attachment":[{"href":"https:\/\/admin.industriall-union.org\/es\/wp-json\/wp\/v2\/media?parent=212448"}],"wp:term":[{"taxonomy":"issues","embeddable":true,"href":"https:\/\/admin.industriall-union.org\/es\/wp-json\/wp\/v2\/issues?post=212448"},{"taxonomy":"companies","embeddable":true,"href":"https:\/\/admin.industriall-union.org\/es\/wp-json\/wp\/v2\/companies?post=212448"},{"taxonomy":"regions","embeddable":true,"href":"https:\/\/admin.industriall-union.org\/es\/wp-json\/wp\/v2\/regions?post=212448"},{"taxonomy":"sectors","embeddable":true,"href":"https:\/\/admin.industriall-union.org\/es\/wp-json\/wp\/v2\/sectors?post=212448"},{"taxonomy":"article_tags","embeddable":true,"href":"https:\/\/admin.industriall-union.org\/es\/wp-json\/wp\/v2\/article_tags?post=212448"}],"curies":[{"name":"wp","href":"https:\/\/api.w.org\/{rel}","templated":true}]}}