{"id":206916,"date":"2012-06-15T20:48:35","date_gmt":"2012-06-15T20:48:35","guid":{"rendered":"https:\/\/admin.industriall-union.org\/reunion-sobre-equipo-de-construccion-y-mineria-amp-maquinaria-agricola\/"},"modified":"2012-06-15T20:48:35","modified_gmt":"2012-06-15T20:48:35","slug":"reunion-sobre-equipo-de-construccion-y-mineria-amp-maquinaria-agricola","status":"publish","type":"event","link":"https:\/\/admin.industriall-union.org\/es\/reunion-sobre-equipo-de-construccion-y-mineria-amp-maquinaria-agricola\/","title":{"rendered":"Reuni\u00f3n sobre Equipo de Construcci\u00f3n y Miner\u00eda &amp; Maquinaria Agr\u00edcola"},"content":{"rendered":"<p>Los participantes en la reuni\u00f3n sobre Equipo de construcci\u00f3n y miner\u00eda y Maquinaria agr\u00edcola identifican las compa\u00f1\u00edas para la creaci\u00f3n de redes sindicales e insisten en la necesidad de intensificar la lucha contra el trabajo precario.<\/p><p>A la reuni\u00f3n de la IndustriALL sobre Equipo de construcci\u00f3n y miner\u00eda y Maquinaria agr\u00edcola, celebrada en Ginebra los d\u00edas 8 y 9 de noviembre de 2012, asistieron unos sesenta delegados de 16 pa\u00edses para discutir los desaf\u00edos que afrontan los trabajadores y la creaci\u00f3n de redes sindicales en esos dos subsectores clave de la ingenier\u00eda mec\u00e1nica.<\/p><p>Se hicieron presentaciones sobre la situaci\u00f3n y las principales tendencias en las diversas regiones y las compa\u00f1\u00edas que predominan en los subsectores. En general, revelaron un panorama contradictorio con una evoluci\u00f3n desigual en cuanto a producci\u00f3n y empleo, y las perspectivas de crecimiento con el trasfondo del desplazamiento de la din\u00e1mica mundial. A pesar de indicios de desaceleraci\u00f3n, especialmente en el equipo de construcci\u00f3n, los fabricantes de China esperan ganar terreno en los pr\u00f3ximos a\u00f1os. Brasil y la India se perfilan tambi\u00e9n como importantes mercados en los dos subsectores.<\/p><p>Los delegados discutieron la funci\u00f3n de las redes sindicales como instrumentos para crear fuerza sindical y solidaridad. Inspir\u00e1ndose en el ejemplo de la red de Caterpillar, que funciona desde 2010, y otras redes en el \u00e1mbito de competencia de la IndustriALL, examinaron las oportunidades para crear redes en otras compa\u00f1\u00edas esenciales de los subsectores. Como resultado de esas discusiones, se decidi\u00f3 crear una red sindical mundial en John Deere y Case New Holland, y dar los primeros pasos para iniciar un proceso similar en Komatsu. Adem\u00e1s, se acord\u00f3 establecer un grupo directivo para la construcci\u00f3n y la miner\u00eda y la maquinaria agr\u00edcola.<\/p><p>Hubo un intense debate sobre el empleo precario. Los participantes intercambiaron sus experiencias respecto al trabajo temporal y por agencia, y las estrategias de los sindicatos para contener la marea del empleo inestable. &ldquo;Las compa\u00f1\u00edas recurren al trabajo precario, aunque no haya necesidad de \u00e9l&rdquo;, dijo un delegado. Reafirmando su compromiso de crear solidaridad internacional para garantizar niveles de vida dignos para todos y combatir las pr\u00e1cticas de empleo abusivas, los participantes adoptaron por unanimidad una declaraci\u00f3n en apoyo de la intensificaci\u00f3n de la lucha contra el trabajo precario.<\/p><p>A pesar de un entorno econ\u00f3mico adverso y de crecientes ataques a los derechos de los trabajadores, algunos sindicatos han logrado reclutar a nuevos miembros. En Australia, por ejemplo, se han hecho progresos en el equipo de construcci\u00f3n y miner\u00eda y existe un considerable potencial para el desarrollo sindical en ese sector.<\/p><p>Rainer Wimmer, presidente del afiliado australiano PRO-GE y del sector de ingenier\u00eda mec\u00e1nica de la IndustriALL, acogi\u00f3 con satisfacci\u00f3n los resultados de la reuni\u00f3n diciendo:<\/p><p>Enviamos una fuerte se\u00f1al en la IndustriALL y mostramos que los trabajadores de este sector son miembros activos y comprometidos de la familia sindical mundial. Muchas empresas multinacionales, en su \u00e1mbito de actividad, recurren al empleo no convencional con el fin de debilitar deliberada y sistem\u00e1ticamente las estructuras sindicales. Aunque s\u00f3lo sea por esta raz\u00f3n, nuestro principal objetivo ha de ser frenar el trabajo precario.<\/p><p>El secretario general, Jyrki Raina, agreg\u00f3:<\/p><p>La IndustriALL Global Union har\u00e1 que la ingenier\u00eda mec\u00e1nica sea mucho m\u00e1s visible y activa mediante redes en los subsectores de ascensores\/elevadores y equipo de construcci\u00f3n y maquinaria agr\u00edcola.<\/p><p>La reuni\u00f3n cont\u00f3 con el apoyo de la Friedrich Ebert Foundation.<\/p>","protected":false},"featured_media":0,"template":"","issues":[],"companies":[],"regions":[],"sectors":[],"article_tags":[],"class_list":["post-206916","event","type-event","status-publish","hentry"],"acf":[],"yoast_head":"<!-- This site is optimized with the Yoast SEO Premium plugin v27.1 (Yoast SEO v27.1) - https:\/\/yoast.com\/product\/yoast-seo-premium-wordpress\/ -->\n<title>Reuni\u00f3n sobre Equipo de Construcci\u00f3n y Miner\u00eda &amp; Maquinaria Agr\u00edcola - industriall-union<\/title>\n<meta name=\"robots\" content=\"index, follow, max-snippet:-1, max-image-preview:large, max-video-preview:-1\" \/>\n<link rel=\"canonical\" href=\"https:\/\/admin.industriall-union.org\/es\/reunion-sobre-equipo-de-construccion-y-mineria-amp-maquinaria-agricola\/\" \/>\n<meta property=\"og:locale\" content=\"es_ES\" \/>\n<meta property=\"og:type\" content=\"article\" \/>\n<meta property=\"og:title\" content=\"Reuni\u00f3n sobre Equipo de Construcci\u00f3n y Miner\u00eda &amp; Maquinaria Agr\u00edcola\" \/>\n<meta property=\"og:description\" content=\"Los participantes en la reuni\u00f3n sobre Equipo de construcci\u00f3n y miner\u00eda y Maquinaria agr\u00edcola identifican las compa\u00f1\u00edas para la creaci\u00f3n de redes sindicales e insisten en la necesidad de intensificar la lucha contra el trabajo precario. A la reuni\u00f3n de la IndustriALL sobre Equipo de construcci\u00f3n y miner\u00eda y Maquinaria agr\u00edcola, celebrada en Ginebra los [&hellip;]\" \/>\n<meta property=\"og:url\" content=\"https:\/\/admin.industriall-union.org\/es\/reunion-sobre-equipo-de-construccion-y-mineria-amp-maquinaria-agricola\/\" \/>\n<meta property=\"og:site_name\" content=\"industriall-union\" \/>\n<meta name=\"twitter:card\" content=\"summary_large_image\" \/>\n<meta name=\"twitter:label1\" content=\"Est. reading time\" \/>\n\t<meta name=\"twitter:data1\" content=\"3 minutes\" \/>\n<script type=\"application\/ld+json\" class=\"yoast-schema-graph\">{\"@context\":\"https:\/\/schema.org\",\"@graph\":[{\"@type\":\"WebPage\",\"@id\":\"https:\/\/admin.industriall-union.org\/es\/reunion-sobre-equipo-de-construccion-y-mineria-amp-maquinaria-agricola\/\",\"url\":\"https:\/\/admin.industriall-union.org\/es\/reunion-sobre-equipo-de-construccion-y-mineria-amp-maquinaria-agricola\/\",\"name\":\"Reuni\u00f3n sobre Equipo de Construcci\u00f3n y Miner\u00eda &amp; Maquinaria Agr\u00edcola - industriall-union\",\"isPartOf\":{\"@id\":\"https:\/\/admin.industriall-union.org\/#website\"},\"datePublished\":\"2012-06-15T20:48:35+00:00\",\"breadcrumb\":{\"@id\":\"https:\/\/admin.industriall-union.org\/es\/reunion-sobre-equipo-de-construccion-y-mineria-amp-maquinaria-agricola\/#breadcrumb\"},\"inLanguage\":\"es-ES\",\"potentialAction\":[{\"@type\":\"ReadAction\",\"target\":[\"https:\/\/admin.industriall-union.org\/es\/reunion-sobre-equipo-de-construccion-y-mineria-amp-maquinaria-agricola\/\"]}]},{\"@type\":\"BreadcrumbList\",\"@id\":\"https:\/\/admin.industriall-union.org\/es\/reunion-sobre-equipo-de-construccion-y-mineria-amp-maquinaria-agricola\/#breadcrumb\",\"itemListElement\":[{\"@type\":\"ListItem\",\"position\":1,\"name\":\"Home\",\"item\":\"https:\/\/admin.industriall-union.org\/\"},{\"@type\":\"ListItem\",\"position\":2,\"name\":\"Events\",\"item\":\"https:\/\/admin.industriall-union.org\/event\/\"},{\"@type\":\"ListItem\",\"position\":3,\"name\":\"Reuni\u00f3n sobre Equipo de Construcci\u00f3n y Miner\u00eda &amp; Maquinaria Agr\u00edcola\"}]},{\"@type\":\"WebSite\",\"@id\":\"https:\/\/admin.industriall-union.org\/#website\",\"url\":\"https:\/\/admin.industriall-union.org\/\",\"name\":\"industriall-union\",\"description\":\"\",\"potentialAction\":[{\"@type\":\"SearchAction\",\"target\":{\"@type\":\"EntryPoint\",\"urlTemplate\":\"https:\/\/admin.industriall-union.org\/?s={search_term_string}\"},\"query-input\":{\"@type\":\"PropertyValueSpecification\",\"valueRequired\":true,\"valueName\":\"search_term_string\"}}],\"inLanguage\":\"es-ES\"}]}<\/script>\n<!-- \/ Yoast SEO Premium plugin. -->","yoast_head_json":{"title":"Reuni\u00f3n sobre Equipo de Construcci\u00f3n y Miner\u00eda &amp; Maquinaria Agr\u00edcola - industriall-union","robots":{"index":"index","follow":"follow","max-snippet":"max-snippet:-1","max-image-preview":"max-image-preview:large","max-video-preview":"max-video-preview:-1"},"canonical":"https:\/\/admin.industriall-union.org\/es\/reunion-sobre-equipo-de-construccion-y-mineria-amp-maquinaria-agricola\/","og_locale":"es_ES","og_type":"article","og_title":"Reuni\u00f3n sobre Equipo de Construcci\u00f3n y Miner\u00eda &amp; Maquinaria Agr\u00edcola","og_description":"Los participantes en la reuni\u00f3n sobre Equipo de construcci\u00f3n y miner\u00eda y Maquinaria agr\u00edcola identifican las compa\u00f1\u00edas para la creaci\u00f3n de redes sindicales e insisten en la necesidad de intensificar la lucha contra el trabajo precario. A la reuni\u00f3n de la IndustriALL sobre Equipo de construcci\u00f3n y miner\u00eda y Maquinaria agr\u00edcola, celebrada en Ginebra los [&hellip;]","og_url":"https:\/\/admin.industriall-union.org\/es\/reunion-sobre-equipo-de-construccion-y-mineria-amp-maquinaria-agricola\/","og_site_name":"industriall-union","twitter_card":"summary_large_image","twitter_misc":{"Est. reading time":"3 minutes"},"schema":{"@context":"https:\/\/schema.org","@graph":[{"@type":"WebPage","@id":"https:\/\/admin.industriall-union.org\/es\/reunion-sobre-equipo-de-construccion-y-mineria-amp-maquinaria-agricola\/","url":"https:\/\/admin.industriall-union.org\/es\/reunion-sobre-equipo-de-construccion-y-mineria-amp-maquinaria-agricola\/","name":"Reuni\u00f3n sobre Equipo de Construcci\u00f3n y Miner\u00eda &amp; Maquinaria Agr\u00edcola - industriall-union","isPartOf":{"@id":"https:\/\/admin.industriall-union.org\/#website"},"datePublished":"2012-06-15T20:48:35+00:00","breadcrumb":{"@id":"https:\/\/admin.industriall-union.org\/es\/reunion-sobre-equipo-de-construccion-y-mineria-amp-maquinaria-agricola\/#breadcrumb"},"inLanguage":"es-ES","potentialAction":[{"@type":"ReadAction","target":["https:\/\/admin.industriall-union.org\/es\/reunion-sobre-equipo-de-construccion-y-mineria-amp-maquinaria-agricola\/"]}]},{"@type":"BreadcrumbList","@id":"https:\/\/admin.industriall-union.org\/es\/reunion-sobre-equipo-de-construccion-y-mineria-amp-maquinaria-agricola\/#breadcrumb","itemListElement":[{"@type":"ListItem","position":1,"name":"Home","item":"https:\/\/admin.industriall-union.org\/"},{"@type":"ListItem","position":2,"name":"Events","item":"https:\/\/admin.industriall-union.org\/event\/"},{"@type":"ListItem","position":3,"name":"Reuni\u00f3n sobre Equipo de Construcci\u00f3n y Miner\u00eda &amp; Maquinaria Agr\u00edcola"}]},{"@type":"WebSite","@id":"https:\/\/admin.industriall-union.org\/#website","url":"https:\/\/admin.industriall-union.org\/","name":"industriall-union","description":"","potentialAction":[{"@type":"SearchAction","target":{"@type":"EntryPoint","urlTemplate":"https:\/\/admin.industriall-union.org\/?s={search_term_string}"},"query-input":{"@type":"PropertyValueSpecification","valueRequired":true,"valueName":"search_term_string"}}],"inLanguage":"es-ES"}]}},"_links":{"self":[{"href":"https:\/\/admin.industriall-union.org\/es\/wp-json\/wp\/v2\/event\/206916","targetHints":{"allow":["GET"]}}],"collection":[{"href":"https:\/\/admin.industriall-union.org\/es\/wp-json\/wp\/v2\/event"}],"about":[{"href":"https:\/\/admin.industriall-union.org\/es\/wp-json\/wp\/v2\/types\/event"}],"wp:attachment":[{"href":"https:\/\/admin.industriall-union.org\/es\/wp-json\/wp\/v2\/media?parent=206916"}],"wp:term":[{"taxonomy":"issues","embeddable":true,"href":"https:\/\/admin.industriall-union.org\/es\/wp-json\/wp\/v2\/issues?post=206916"},{"taxonomy":"companies","embeddable":true,"href":"https:\/\/admin.industriall-union.org\/es\/wp-json\/wp\/v2\/companies?post=206916"},{"taxonomy":"regions","embeddable":true,"href":"https:\/\/admin.industriall-union.org\/es\/wp-json\/wp\/v2\/regions?post=206916"},{"taxonomy":"sectors","embeddable":true,"href":"https:\/\/admin.industriall-union.org\/es\/wp-json\/wp\/v2\/sectors?post=206916"},{"taxonomy":"article_tags","embeddable":true,"href":"https:\/\/admin.industriall-union.org\/es\/wp-json\/wp\/v2\/article_tags?post=206916"}],"curies":[{"name":"wp","href":"https:\/\/api.w.org\/{rel}","templated":true}]}}