{"id":205367,"date":"2003-01-06T23:00:00","date_gmt":"2003-01-06T23:00:00","guid":{"rendered":"https:\/\/admin.industriall-union.org\/archive\/imf\/ami-volkswagen\/"},"modified":"2025-01-31T11:18:50","modified_gmt":"2025-01-31T11:18:50","slug":"ami-volkswagen","status":"publish","type":"archive_imf","link":"https:\/\/admin.industriall-union.org\/es\/archive\/imf\/ami-volkswagen\/","title":{"rendered":"AMI: Volkswagen"},"content":{"rendered":"El 6 de junio de 2002 se firm\u00f3 por la direcci\u00f3n de Volkswagen, la FITIM y el Consejo de Empresa Mundial de Volkswagen (CEM) una &quot;Declaraci\u00f3n sobre derechos sociales y relaciones de trabajo en Volkswagen&quot;.<br \/><br \/>La Declaraci\u00f3n, en la que se dice que en Volkswagen se garantizar\u00e1n <strong>los principios de las normas laborales fundamentales<\/strong> &#8212; que se definen en varios convenios de la Organizaci\u00f3n Internacional del Trabajo &#8211;, es el resultado de negociaciones entre la compa\u00f1\u00eda, la FITIM y representantes del CEM de VW. Se trata del primer C\u00f3digo de Conducta de un actor mundial en la industria del autom\u00f3vil.<br \/><br \/>La Declaraci\u00f3n de VW trata de la libertad sindical, la negociaci\u00f3n colectiva, la prohibici\u00f3n del trabajo infantil y el trabajo forzoso y la no discriminaci\u00f3n, as\u00ed como de la remuneraci\u00f3n, la salud y la seguridad y el tiempo de trabajo.<br \/><br \/><table border=\"0\" cellspacing=\"0\" cellpadding=\"1\" width=\"160\" align=\"right\" bgcolor=\"#336699\"><tbody><tr><td><table border=\"0\" cellspacing=\"0\" cellpadding=\"2\" width=\"100%\" bgcolor=\"#ffffcc\"><tbody><tr><td><font face=\"verdana\" size=\"1\">LEER MAS:<\/font><br \/><br \/><font face=\"arial\" size=\"2\" color=\"#336699\"><a href=\"..\/main\/files\/Sozialcharta_spa.pdf\">Texto completo (pdf), espa\u00f1ol<\/a><\/font><br \/><br \/><font face=\"arial\" size=\"2\" color=\"#336699\"><a href=\"..\/main\/files\/Sozialcharta_por.pdf\">Texto completo (pdf), portugu\u00e9s<\/a><\/font><br \/><br \/><font face=\"arial\" size=\"2\" color=\"#336699\"><a href=\"index.cfm?n=47&amp;l=28&amp;c=7902\">Lista de f\u00e1bricas y marcas de Volkswagen<\/a><\/font><br \/><br \/><\/td><\/tr><\/tbody><\/table><\/td><\/tr><\/tbody><\/table><strong>La direcci\u00f3n de la compa\u00f1\u00eda informar\u00e1 al CEM y a su Comit\u00e9 Directivo<\/strong>, y en casos en que se se\u00f1alen violaciones actuar\u00e1 uno de los dos y discutir\u00e1 la manera de resolver los problemas. El coordinador de la FITIM para el Consejo de Empresa Mundial de VW interviene en esta discusi\u00f3n y expondr\u00e1 la posici\u00f3n de la FITIM y de sus sindicatos afiliados.<br \/><br \/>La Declaraci\u00f3n es aplicable a todo el grupo Volkswagen &#8212; <strong>Volkswagen, Audi, Seat, Skoda, Rolls-Royce Bentley, Lamborghini, Auto-Europa<\/strong>.","protected":false},"featured_media":0,"template":"","class_list":["post-205367","archive_imf","type-archive_imf","status-publish","hentry"],"acf":[],"yoast_head":"<!-- This site is optimized with the Yoast SEO Premium plugin v27.1 (Yoast SEO v27.1) - https:\/\/yoast.com\/product\/yoast-seo-premium-wordpress\/ -->\n<title>AMI: Volkswagen - industriall-union<\/title>\n<meta name=\"robots\" content=\"index, follow, max-snippet:-1, max-image-preview:large, max-video-preview:-1\" \/>\n<link rel=\"canonical\" href=\"https:\/\/admin.industriall-union.org\/es\/archive\/imf\/ami-volkswagen\/\" \/>\n<meta property=\"og:locale\" content=\"es_ES\" \/>\n<meta property=\"og:type\" content=\"article\" \/>\n<meta property=\"og:title\" content=\"AMI: Volkswagen\" \/>\n<meta property=\"og:description\" content=\"El 6 de junio de 2002 se firm\u00f3 por la direcci\u00f3n de Volkswagen, la FITIM y el Consejo de Empresa Mundial de Volkswagen (CEM) una &quot;Declaraci\u00f3n sobre derechos sociales y relaciones de trabajo en Volkswagen&quot;. La Declaraci\u00f3n, en la que se dice que en Volkswagen se garantizar\u00e1n los principios de las normas laborales fundamentales &#8212; [&hellip;]\" \/>\n<meta property=\"og:url\" content=\"https:\/\/admin.industriall-union.org\/es\/archive\/imf\/ami-volkswagen\/\" \/>\n<meta property=\"og:site_name\" content=\"industriall-union\" \/>\n<meta property=\"article:modified_time\" content=\"2025-01-31T11:18:50+00:00\" \/>\n<meta name=\"twitter:card\" content=\"summary_large_image\" \/>\n<meta name=\"twitter:label1\" content=\"Est. reading time\" \/>\n\t<meta name=\"twitter:data1\" content=\"1 minute\" \/>\n<script type=\"application\/ld+json\" class=\"yoast-schema-graph\">{\"@context\":\"https:\/\/schema.org\",\"@graph\":[{\"@type\":\"WebPage\",\"@id\":\"https:\/\/admin.industriall-union.org\/es\/archive\/imf\/ami-volkswagen\/\",\"url\":\"https:\/\/admin.industriall-union.org\/es\/archive\/imf\/ami-volkswagen\/\",\"name\":\"AMI: Volkswagen - industriall-union\",\"isPartOf\":{\"@id\":\"https:\/\/admin.industriall-union.org\/#website\"},\"datePublished\":\"2003-01-06T23:00:00+00:00\",\"dateModified\":\"2025-01-31T11:18:50+00:00\",\"breadcrumb\":{\"@id\":\"https:\/\/admin.industriall-union.org\/es\/archive\/imf\/ami-volkswagen\/#breadcrumb\"},\"inLanguage\":\"es-ES\",\"potentialAction\":[{\"@type\":\"ReadAction\",\"target\":[\"https:\/\/admin.industriall-union.org\/es\/archive\/imf\/ami-volkswagen\/\"]}]},{\"@type\":\"BreadcrumbList\",\"@id\":\"https:\/\/admin.industriall-union.org\/es\/archive\/imf\/ami-volkswagen\/#breadcrumb\",\"itemListElement\":[{\"@type\":\"ListItem\",\"position\":1,\"name\":\"Home\",\"item\":\"https:\/\/admin.industriall-union.org\/\"},{\"@type\":\"ListItem\",\"position\":2,\"name\":\"Archive Imf\",\"item\":\"https:\/\/admin.industriall-union.org\/es\/archive\/imf\/\"},{\"@type\":\"ListItem\",\"position\":3,\"name\":\"AMI: Volkswagen\"}]},{\"@type\":\"WebSite\",\"@id\":\"https:\/\/admin.industriall-union.org\/#website\",\"url\":\"https:\/\/admin.industriall-union.org\/\",\"name\":\"industriall-union\",\"description\":\"\",\"potentialAction\":[{\"@type\":\"SearchAction\",\"target\":{\"@type\":\"EntryPoint\",\"urlTemplate\":\"https:\/\/admin.industriall-union.org\/?s={search_term_string}\"},\"query-input\":{\"@type\":\"PropertyValueSpecification\",\"valueRequired\":true,\"valueName\":\"search_term_string\"}}],\"inLanguage\":\"es-ES\"}]}<\/script>\n<!-- \/ Yoast SEO Premium plugin. -->","yoast_head_json":{"title":"AMI: Volkswagen - industriall-union","robots":{"index":"index","follow":"follow","max-snippet":"max-snippet:-1","max-image-preview":"max-image-preview:large","max-video-preview":"max-video-preview:-1"},"canonical":"https:\/\/admin.industriall-union.org\/es\/archive\/imf\/ami-volkswagen\/","og_locale":"es_ES","og_type":"article","og_title":"AMI: Volkswagen","og_description":"El 6 de junio de 2002 se firm\u00f3 por la direcci\u00f3n de Volkswagen, la FITIM y el Consejo de Empresa Mundial de Volkswagen (CEM) una &quot;Declaraci\u00f3n sobre derechos sociales y relaciones de trabajo en Volkswagen&quot;. La Declaraci\u00f3n, en la que se dice que en Volkswagen se garantizar\u00e1n los principios de las normas laborales fundamentales &#8212; [&hellip;]","og_url":"https:\/\/admin.industriall-union.org\/es\/archive\/imf\/ami-volkswagen\/","og_site_name":"industriall-union","article_modified_time":"2025-01-31T11:18:50+00:00","twitter_card":"summary_large_image","twitter_misc":{"Est. reading time":"1 minute"},"schema":{"@context":"https:\/\/schema.org","@graph":[{"@type":"WebPage","@id":"https:\/\/admin.industriall-union.org\/es\/archive\/imf\/ami-volkswagen\/","url":"https:\/\/admin.industriall-union.org\/es\/archive\/imf\/ami-volkswagen\/","name":"AMI: Volkswagen - industriall-union","isPartOf":{"@id":"https:\/\/admin.industriall-union.org\/#website"},"datePublished":"2003-01-06T23:00:00+00:00","dateModified":"2025-01-31T11:18:50+00:00","breadcrumb":{"@id":"https:\/\/admin.industriall-union.org\/es\/archive\/imf\/ami-volkswagen\/#breadcrumb"},"inLanguage":"es-ES","potentialAction":[{"@type":"ReadAction","target":["https:\/\/admin.industriall-union.org\/es\/archive\/imf\/ami-volkswagen\/"]}]},{"@type":"BreadcrumbList","@id":"https:\/\/admin.industriall-union.org\/es\/archive\/imf\/ami-volkswagen\/#breadcrumb","itemListElement":[{"@type":"ListItem","position":1,"name":"Home","item":"https:\/\/admin.industriall-union.org\/"},{"@type":"ListItem","position":2,"name":"Archive Imf","item":"https:\/\/admin.industriall-union.org\/es\/archive\/imf\/"},{"@type":"ListItem","position":3,"name":"AMI: Volkswagen"}]},{"@type":"WebSite","@id":"https:\/\/admin.industriall-union.org\/#website","url":"https:\/\/admin.industriall-union.org\/","name":"industriall-union","description":"","potentialAction":[{"@type":"SearchAction","target":{"@type":"EntryPoint","urlTemplate":"https:\/\/admin.industriall-union.org\/?s={search_term_string}"},"query-input":{"@type":"PropertyValueSpecification","valueRequired":true,"valueName":"search_term_string"}}],"inLanguage":"es-ES"}]}},"_links":{"self":[{"href":"https:\/\/admin.industriall-union.org\/es\/wp-json\/wp\/v2\/archive_imf\/205367","targetHints":{"allow":["GET"]}}],"collection":[{"href":"https:\/\/admin.industriall-union.org\/es\/wp-json\/wp\/v2\/archive_imf"}],"about":[{"href":"https:\/\/admin.industriall-union.org\/es\/wp-json\/wp\/v2\/types\/archive_imf"}],"wp:attachment":[{"href":"https:\/\/admin.industriall-union.org\/es\/wp-json\/wp\/v2\/media?parent=205367"}],"curies":[{"name":"wp","href":"https:\/\/api.w.org\/{rel}","templated":true}]}}