{"id":204611,"date":"2008-06-23T09:31:00","date_gmt":"2008-06-23T09:31:00","guid":{"rendered":"https:\/\/admin.industriall-union.org\/archive\/imf\/indignacion-de-los-sindicatos-por-las-nuevas-reglas-de-ue-sobre-migracion\/"},"modified":"2025-01-31T10:58:55","modified_gmt":"2025-01-31T10:58:55","slug":"indignacion-de-los-sindicatos-por-las-nuevas-reglas-de-ue-sobre-migracion","status":"publish","type":"archive_imf","link":"https:\/\/admin.industriall-union.org\/es\/archive\/imf\/indignacion-de-los-sindicatos-por-las-nuevas-reglas-de-ue-sobre-migracion\/","title":{"rendered":"Indignaci\u00f3n de los sindicatos por las nuevas reglas de UE sobre migraci\u00f3n"},"content":{"rendered":"EUROPA: El Parlamento Europeo refrend\u00f3 el 18 de junio nuevas reglas regresivas sobre el retorno de migrantes irregulares, que comprenden estrictas cl\u00e1usulas sobre detenci\u00f3n y reentrada. <br \/><br \/>La Confederaci\u00f3n Europea de Sindicatos (CES) hab\u00eda escrito a los miembros del Parlamento Europeo antes de celebrarse una votaci\u00f3n expresando graves preocupaciones, porque varias disposiciones son contrarias a los derechos fundamentales. <br \/><br \/>En particular, las disposiciones que permiten la detenci\u00f3n de personas hasta 18 meses antes de su expulsion, la prohibici\u00f3n de regresar durante 5 a\u00f1os al territorio y los retornos forzosos a pa\u00edses distintos del de origen son consideradas inaceptables por los sindicatos y por agrupaciones de justicia social de Europa. <br \/><br \/>La CES aduce que &#8220;la lucha contra la migraci\u00f3n irregular no puede ser eficaz sin abrir canales para la migraci\u00f3n regular, pol\u00edticas claras contra la explotaci\u00f3n de los migrantes irregulares, y la provision de puentes que les libren de la irregularidad&#8221;. <br \/><br \/>&quot;La injusticia de pol\u00edticas migraci\u00f3n regresivas, como las adoptadas por la UE, son contrarias a los principios fundamentales de los derechos humanos y la dignidad&#8221;, dijo el secretario general de la FITIM, Marcello Malentacchi. ","protected":false},"featured_media":0,"template":"","class_list":["post-204611","archive_imf","type-archive_imf","status-publish","hentry"],"acf":[],"yoast_head":"<!-- This site is optimized with the Yoast SEO Premium plugin v27.1 (Yoast SEO v27.1) - https:\/\/yoast.com\/product\/yoast-seo-premium-wordpress\/ -->\n<title>Indignaci\u00f3n de los sindicatos por las nuevas reglas de UE sobre migraci\u00f3n - industriall-union<\/title>\n<meta name=\"robots\" content=\"index, follow, max-snippet:-1, max-image-preview:large, max-video-preview:-1\" \/>\n<link rel=\"canonical\" href=\"https:\/\/admin.industriall-union.org\/es\/archive\/imf\/indignacion-de-los-sindicatos-por-las-nuevas-reglas-de-ue-sobre-migracion\/\" \/>\n<meta property=\"og:locale\" content=\"es_ES\" \/>\n<meta property=\"og:type\" content=\"article\" \/>\n<meta property=\"og:title\" content=\"Indignaci\u00f3n de los sindicatos por las nuevas reglas de UE sobre migraci\u00f3n\" \/>\n<meta property=\"og:description\" content=\"EUROPA: El Parlamento Europeo refrend\u00f3 el 18 de junio nuevas reglas regresivas sobre el retorno de migrantes irregulares, que comprenden estrictas cl\u00e1usulas sobre detenci\u00f3n y reentrada. La Confederaci\u00f3n Europea de Sindicatos (CES) hab\u00eda escrito a los miembros del Parlamento Europeo antes de celebrarse una votaci\u00f3n expresando graves preocupaciones, porque varias disposiciones son contrarias a los [&hellip;]\" \/>\n<meta property=\"og:url\" content=\"https:\/\/admin.industriall-union.org\/es\/archive\/imf\/indignacion-de-los-sindicatos-por-las-nuevas-reglas-de-ue-sobre-migracion\/\" \/>\n<meta property=\"og:site_name\" content=\"industriall-union\" \/>\n<meta property=\"article:modified_time\" content=\"2025-01-31T10:58:55+00:00\" \/>\n<meta name=\"twitter:card\" content=\"summary_large_image\" \/>\n<meta name=\"twitter:label1\" content=\"Est. reading time\" \/>\n\t<meta name=\"twitter:data1\" content=\"1 minute\" \/>\n<script type=\"application\/ld+json\" class=\"yoast-schema-graph\">{\"@context\":\"https:\/\/schema.org\",\"@graph\":[{\"@type\":\"WebPage\",\"@id\":\"https:\/\/admin.industriall-union.org\/es\/archive\/imf\/indignacion-de-los-sindicatos-por-las-nuevas-reglas-de-ue-sobre-migracion\/\",\"url\":\"https:\/\/admin.industriall-union.org\/es\/archive\/imf\/indignacion-de-los-sindicatos-por-las-nuevas-reglas-de-ue-sobre-migracion\/\",\"name\":\"Indignaci\u00f3n de los sindicatos por las nuevas reglas de UE sobre migraci\u00f3n - industriall-union\",\"isPartOf\":{\"@id\":\"https:\/\/admin.industriall-union.org\/#website\"},\"datePublished\":\"2008-06-23T09:31:00+00:00\",\"dateModified\":\"2025-01-31T10:58:55+00:00\",\"breadcrumb\":{\"@id\":\"https:\/\/admin.industriall-union.org\/es\/archive\/imf\/indignacion-de-los-sindicatos-por-las-nuevas-reglas-de-ue-sobre-migracion\/#breadcrumb\"},\"inLanguage\":\"es-ES\",\"potentialAction\":[{\"@type\":\"ReadAction\",\"target\":[\"https:\/\/admin.industriall-union.org\/es\/archive\/imf\/indignacion-de-los-sindicatos-por-las-nuevas-reglas-de-ue-sobre-migracion\/\"]}]},{\"@type\":\"BreadcrumbList\",\"@id\":\"https:\/\/admin.industriall-union.org\/es\/archive\/imf\/indignacion-de-los-sindicatos-por-las-nuevas-reglas-de-ue-sobre-migracion\/#breadcrumb\",\"itemListElement\":[{\"@type\":\"ListItem\",\"position\":1,\"name\":\"Home\",\"item\":\"https:\/\/admin.industriall-union.org\/\"},{\"@type\":\"ListItem\",\"position\":2,\"name\":\"Archive Imf\",\"item\":\"https:\/\/admin.industriall-union.org\/es\/archive\/imf\/\"},{\"@type\":\"ListItem\",\"position\":3,\"name\":\"Indignaci\u00f3n de los sindicatos por las nuevas reglas de UE sobre migraci\u00f3n\"}]},{\"@type\":\"WebSite\",\"@id\":\"https:\/\/admin.industriall-union.org\/#website\",\"url\":\"https:\/\/admin.industriall-union.org\/\",\"name\":\"industriall-union\",\"description\":\"\",\"potentialAction\":[{\"@type\":\"SearchAction\",\"target\":{\"@type\":\"EntryPoint\",\"urlTemplate\":\"https:\/\/admin.industriall-union.org\/?s={search_term_string}\"},\"query-input\":{\"@type\":\"PropertyValueSpecification\",\"valueRequired\":true,\"valueName\":\"search_term_string\"}}],\"inLanguage\":\"es-ES\"}]}<\/script>\n<!-- \/ Yoast SEO Premium plugin. -->","yoast_head_json":{"title":"Indignaci\u00f3n de los sindicatos por las nuevas reglas de UE sobre migraci\u00f3n - industriall-union","robots":{"index":"index","follow":"follow","max-snippet":"max-snippet:-1","max-image-preview":"max-image-preview:large","max-video-preview":"max-video-preview:-1"},"canonical":"https:\/\/admin.industriall-union.org\/es\/archive\/imf\/indignacion-de-los-sindicatos-por-las-nuevas-reglas-de-ue-sobre-migracion\/","og_locale":"es_ES","og_type":"article","og_title":"Indignaci\u00f3n de los sindicatos por las nuevas reglas de UE sobre migraci\u00f3n","og_description":"EUROPA: El Parlamento Europeo refrend\u00f3 el 18 de junio nuevas reglas regresivas sobre el retorno de migrantes irregulares, que comprenden estrictas cl\u00e1usulas sobre detenci\u00f3n y reentrada. La Confederaci\u00f3n Europea de Sindicatos (CES) hab\u00eda escrito a los miembros del Parlamento Europeo antes de celebrarse una votaci\u00f3n expresando graves preocupaciones, porque varias disposiciones son contrarias a los [&hellip;]","og_url":"https:\/\/admin.industriall-union.org\/es\/archive\/imf\/indignacion-de-los-sindicatos-por-las-nuevas-reglas-de-ue-sobre-migracion\/","og_site_name":"industriall-union","article_modified_time":"2025-01-31T10:58:55+00:00","twitter_card":"summary_large_image","twitter_misc":{"Est. reading time":"1 minute"},"schema":{"@context":"https:\/\/schema.org","@graph":[{"@type":"WebPage","@id":"https:\/\/admin.industriall-union.org\/es\/archive\/imf\/indignacion-de-los-sindicatos-por-las-nuevas-reglas-de-ue-sobre-migracion\/","url":"https:\/\/admin.industriall-union.org\/es\/archive\/imf\/indignacion-de-los-sindicatos-por-las-nuevas-reglas-de-ue-sobre-migracion\/","name":"Indignaci\u00f3n de los sindicatos por las nuevas reglas de UE sobre migraci\u00f3n - industriall-union","isPartOf":{"@id":"https:\/\/admin.industriall-union.org\/#website"},"datePublished":"2008-06-23T09:31:00+00:00","dateModified":"2025-01-31T10:58:55+00:00","breadcrumb":{"@id":"https:\/\/admin.industriall-union.org\/es\/archive\/imf\/indignacion-de-los-sindicatos-por-las-nuevas-reglas-de-ue-sobre-migracion\/#breadcrumb"},"inLanguage":"es-ES","potentialAction":[{"@type":"ReadAction","target":["https:\/\/admin.industriall-union.org\/es\/archive\/imf\/indignacion-de-los-sindicatos-por-las-nuevas-reglas-de-ue-sobre-migracion\/"]}]},{"@type":"BreadcrumbList","@id":"https:\/\/admin.industriall-union.org\/es\/archive\/imf\/indignacion-de-los-sindicatos-por-las-nuevas-reglas-de-ue-sobre-migracion\/#breadcrumb","itemListElement":[{"@type":"ListItem","position":1,"name":"Home","item":"https:\/\/admin.industriall-union.org\/"},{"@type":"ListItem","position":2,"name":"Archive Imf","item":"https:\/\/admin.industriall-union.org\/es\/archive\/imf\/"},{"@type":"ListItem","position":3,"name":"Indignaci\u00f3n de los sindicatos por las nuevas reglas de UE sobre migraci\u00f3n"}]},{"@type":"WebSite","@id":"https:\/\/admin.industriall-union.org\/#website","url":"https:\/\/admin.industriall-union.org\/","name":"industriall-union","description":"","potentialAction":[{"@type":"SearchAction","target":{"@type":"EntryPoint","urlTemplate":"https:\/\/admin.industriall-union.org\/?s={search_term_string}"},"query-input":{"@type":"PropertyValueSpecification","valueRequired":true,"valueName":"search_term_string"}}],"inLanguage":"es-ES"}]}},"_links":{"self":[{"href":"https:\/\/admin.industriall-union.org\/es\/wp-json\/wp\/v2\/archive_imf\/204611","targetHints":{"allow":["GET"]}}],"collection":[{"href":"https:\/\/admin.industriall-union.org\/es\/wp-json\/wp\/v2\/archive_imf"}],"about":[{"href":"https:\/\/admin.industriall-union.org\/es\/wp-json\/wp\/v2\/types\/archive_imf"}],"wp:attachment":[{"href":"https:\/\/admin.industriall-union.org\/es\/wp-json\/wp\/v2\/media?parent=204611"}],"curies":[{"name":"wp","href":"https:\/\/api.w.org\/{rel}","templated":true}]}}