{"id":204487,"date":"2008-08-27T12:00:00","date_gmt":"2008-08-27T12:00:00","guid":{"rendered":"https:\/\/admin.industriall-union.org\/archive\/imf\/acuerdo-en-siemens-en-praga\/"},"modified":"2025-01-31T10:54:05","modified_gmt":"2025-01-31T10:54:05","slug":"acuerdo-en-siemens-en-praga","status":"publish","type":"archive_imf","link":"https:\/\/admin.industriall-union.org\/es\/archive\/imf\/acuerdo-en-siemens-en-praga\/","title":{"rendered":"Acuerdo en Siemens, en Praga"},"content":{"rendered":"<p>REPUBLICA CHECA: El 25 de agosto se lleg\u00f3 a un acuerdo entre Siemens AG y el sindicato OS KOVO acerca de las disposiciones sobre despido por exceso de personal aplicables a los trabajadores de la planta de Siemens SKV en Praga, que est\u00e1 previsto cerrar el a\u00f1o pr\u00f3ximo.<\/p><p>Entre las disposiciones del acuerdo figuran las siguientes:<\/p><ul><li>Si se cierra la planta, Siemens ofrecer\u00e1 una indemnizaci\u00f3n de despido igual a 16 meses de sueldo (salario medio), s\u00f3lo si el empleado no renuncia previamente,<\/li><li>En agosto de 2008, los empleados recibir\u00e1n una paga especial de 15.000 CZK (612 euros), si no renuncian previamente,<\/li><li>A partir de agosto, los empleados recibir\u00e1n primas de incentivos correspondientes al 35 por ciento de su sueldo mensual (salario medio). Esas primas aumentar\u00e1n cinco puntos porcentuales m\u00e1s cada mes hasta junio de 2009 (35%, 40%, 45%,&#8230;60%),<\/li><li>SKV garantizar\u00e1 la calificaci\u00f3n de los empleados. Se apoyar\u00e1n econ\u00f3micamente medidas para mejorar las calificaciones durante tres meses,<\/li><li>De venderse SKV, la compa\u00f1\u00eda pagar\u00e1 a cada empleado una prima de traslado equivalente a tres meses de sueldo (salario medio), y<\/li><li>Durante el proceso de venta, SKV informar\u00e1 y consultar\u00e1 regularmente al sindicato al respecto.<\/li><\/ul><p>El grupo de negociaci\u00f3n de representantes de Siemens AG y representantes de OS KOVO habr\u00e1 de negociar a\u00fan los detalles de las distintas cuestiones mencionadas en el Acuerdo Marco, de manera que se conformen a la legislaci\u00f3n checa.<\/p><p>El acuerdo estuvo precedido de una huelga de advertencia de los trabajadores el 20 de agosto y del apoyo de solidaridad internacional de sindicatos con miembros en Siemens en otras partes de Europa.<\/p>","protected":false},"featured_media":0,"template":"","class_list":["post-204487","archive_imf","type-archive_imf","status-publish","hentry"],"acf":[],"yoast_head":"<!-- This site is optimized with the Yoast SEO Premium plugin v27.1 (Yoast SEO v27.1) - https:\/\/yoast.com\/product\/yoast-seo-premium-wordpress\/ -->\n<title>Acuerdo en Siemens, en Praga - industriall-union<\/title>\n<meta name=\"robots\" content=\"index, follow, max-snippet:-1, max-image-preview:large, max-video-preview:-1\" \/>\n<link rel=\"canonical\" href=\"https:\/\/admin.industriall-union.org\/es\/archive\/imf\/acuerdo-en-siemens-en-praga\/\" \/>\n<meta property=\"og:locale\" content=\"es_ES\" \/>\n<meta property=\"og:type\" content=\"article\" \/>\n<meta property=\"og:title\" content=\"Acuerdo en Siemens, en Praga\" \/>\n<meta property=\"og:description\" content=\"REPUBLICA CHECA: El 25 de agosto se lleg\u00f3 a un acuerdo entre Siemens AG y el sindicato OS KOVO acerca de las disposiciones sobre despido por exceso de personal aplicables a los trabajadores de la planta de Siemens SKV en Praga, que est\u00e1 previsto cerrar el a\u00f1o pr\u00f3ximo. Entre las disposiciones del acuerdo figuran las [&hellip;]\" \/>\n<meta property=\"og:url\" content=\"https:\/\/admin.industriall-union.org\/es\/archive\/imf\/acuerdo-en-siemens-en-praga\/\" \/>\n<meta property=\"og:site_name\" content=\"industriall-union\" \/>\n<meta property=\"article:modified_time\" content=\"2025-01-31T10:54:05+00:00\" \/>\n<meta name=\"twitter:card\" content=\"summary_large_image\" \/>\n<meta name=\"twitter:label1\" content=\"Est. reading time\" \/>\n\t<meta name=\"twitter:data1\" content=\"1 minute\" \/>\n<script type=\"application\/ld+json\" class=\"yoast-schema-graph\">{\"@context\":\"https:\/\/schema.org\",\"@graph\":[{\"@type\":\"WebPage\",\"@id\":\"https:\/\/admin.industriall-union.org\/es\/archive\/imf\/acuerdo-en-siemens-en-praga\/\",\"url\":\"https:\/\/admin.industriall-union.org\/es\/archive\/imf\/acuerdo-en-siemens-en-praga\/\",\"name\":\"Acuerdo en Siemens, en Praga - industriall-union\",\"isPartOf\":{\"@id\":\"https:\/\/admin.industriall-union.org\/#website\"},\"datePublished\":\"2008-08-27T12:00:00+00:00\",\"dateModified\":\"2025-01-31T10:54:05+00:00\",\"breadcrumb\":{\"@id\":\"https:\/\/admin.industriall-union.org\/es\/archive\/imf\/acuerdo-en-siemens-en-praga\/#breadcrumb\"},\"inLanguage\":\"es-ES\",\"potentialAction\":[{\"@type\":\"ReadAction\",\"target\":[\"https:\/\/admin.industriall-union.org\/es\/archive\/imf\/acuerdo-en-siemens-en-praga\/\"]}]},{\"@type\":\"BreadcrumbList\",\"@id\":\"https:\/\/admin.industriall-union.org\/es\/archive\/imf\/acuerdo-en-siemens-en-praga\/#breadcrumb\",\"itemListElement\":[{\"@type\":\"ListItem\",\"position\":1,\"name\":\"Home\",\"item\":\"https:\/\/admin.industriall-union.org\/\"},{\"@type\":\"ListItem\",\"position\":2,\"name\":\"Archive Imf\",\"item\":\"https:\/\/admin.industriall-union.org\/es\/archive\/imf\/\"},{\"@type\":\"ListItem\",\"position\":3,\"name\":\"Acuerdo en Siemens, en Praga\"}]},{\"@type\":\"WebSite\",\"@id\":\"https:\/\/admin.industriall-union.org\/#website\",\"url\":\"https:\/\/admin.industriall-union.org\/\",\"name\":\"industriall-union\",\"description\":\"\",\"potentialAction\":[{\"@type\":\"SearchAction\",\"target\":{\"@type\":\"EntryPoint\",\"urlTemplate\":\"https:\/\/admin.industriall-union.org\/?s={search_term_string}\"},\"query-input\":{\"@type\":\"PropertyValueSpecification\",\"valueRequired\":true,\"valueName\":\"search_term_string\"}}],\"inLanguage\":\"es-ES\"}]}<\/script>\n<!-- \/ Yoast SEO Premium plugin. -->","yoast_head_json":{"title":"Acuerdo en Siemens, en Praga - industriall-union","robots":{"index":"index","follow":"follow","max-snippet":"max-snippet:-1","max-image-preview":"max-image-preview:large","max-video-preview":"max-video-preview:-1"},"canonical":"https:\/\/admin.industriall-union.org\/es\/archive\/imf\/acuerdo-en-siemens-en-praga\/","og_locale":"es_ES","og_type":"article","og_title":"Acuerdo en Siemens, en Praga","og_description":"REPUBLICA CHECA: El 25 de agosto se lleg\u00f3 a un acuerdo entre Siemens AG y el sindicato OS KOVO acerca de las disposiciones sobre despido por exceso de personal aplicables a los trabajadores de la planta de Siemens SKV en Praga, que est\u00e1 previsto cerrar el a\u00f1o pr\u00f3ximo. Entre las disposiciones del acuerdo figuran las [&hellip;]","og_url":"https:\/\/admin.industriall-union.org\/es\/archive\/imf\/acuerdo-en-siemens-en-praga\/","og_site_name":"industriall-union","article_modified_time":"2025-01-31T10:54:05+00:00","twitter_card":"summary_large_image","twitter_misc":{"Est. reading time":"1 minute"},"schema":{"@context":"https:\/\/schema.org","@graph":[{"@type":"WebPage","@id":"https:\/\/admin.industriall-union.org\/es\/archive\/imf\/acuerdo-en-siemens-en-praga\/","url":"https:\/\/admin.industriall-union.org\/es\/archive\/imf\/acuerdo-en-siemens-en-praga\/","name":"Acuerdo en Siemens, en Praga - industriall-union","isPartOf":{"@id":"https:\/\/admin.industriall-union.org\/#website"},"datePublished":"2008-08-27T12:00:00+00:00","dateModified":"2025-01-31T10:54:05+00:00","breadcrumb":{"@id":"https:\/\/admin.industriall-union.org\/es\/archive\/imf\/acuerdo-en-siemens-en-praga\/#breadcrumb"},"inLanguage":"es-ES","potentialAction":[{"@type":"ReadAction","target":["https:\/\/admin.industriall-union.org\/es\/archive\/imf\/acuerdo-en-siemens-en-praga\/"]}]},{"@type":"BreadcrumbList","@id":"https:\/\/admin.industriall-union.org\/es\/archive\/imf\/acuerdo-en-siemens-en-praga\/#breadcrumb","itemListElement":[{"@type":"ListItem","position":1,"name":"Home","item":"https:\/\/admin.industriall-union.org\/"},{"@type":"ListItem","position":2,"name":"Archive Imf","item":"https:\/\/admin.industriall-union.org\/es\/archive\/imf\/"},{"@type":"ListItem","position":3,"name":"Acuerdo en Siemens, en Praga"}]},{"@type":"WebSite","@id":"https:\/\/admin.industriall-union.org\/#website","url":"https:\/\/admin.industriall-union.org\/","name":"industriall-union","description":"","potentialAction":[{"@type":"SearchAction","target":{"@type":"EntryPoint","urlTemplate":"https:\/\/admin.industriall-union.org\/?s={search_term_string}"},"query-input":{"@type":"PropertyValueSpecification","valueRequired":true,"valueName":"search_term_string"}}],"inLanguage":"es-ES"}]}},"_links":{"self":[{"href":"https:\/\/admin.industriall-union.org\/es\/wp-json\/wp\/v2\/archive_imf\/204487","targetHints":{"allow":["GET"]}}],"collection":[{"href":"https:\/\/admin.industriall-union.org\/es\/wp-json\/wp\/v2\/archive_imf"}],"about":[{"href":"https:\/\/admin.industriall-union.org\/es\/wp-json\/wp\/v2\/types\/archive_imf"}],"wp:attachment":[{"href":"https:\/\/admin.industriall-union.org\/es\/wp-json\/wp\/v2\/media?parent=204487"}],"curies":[{"name":"wp","href":"https:\/\/api.w.org\/{rel}","templated":true}]}}