{"id":203226,"date":"2009-04-28T16:30:00","date_gmt":"2009-04-28T16:30:00","guid":{"rendered":"https:\/\/admin.industriall-union.org\/archive\/imf\/que-se-libere-a-los-sindicalistas-surcoreanos\/"},"modified":"2025-01-31T10:38:35","modified_gmt":"2025-01-31T10:38:35","slug":"que-se-libere-a-los-sindicalistas-surcoreanos","status":"publish","type":"archive_imf","link":"https:\/\/admin.industriall-union.org\/es\/archive\/imf\/que-se-libere-a-los-sindicalistas-surcoreanos\/","title":{"rendered":"\u00a1Que se libere a los sindicalistas surcoreanos!"},"content":{"rendered":"<p>En 2002, metal\u00fargicos de todo el planeta participaron en dos jornadas mundiales de acci\u00f3n coordinadas, por la liberaci\u00f3n de m\u00e1s de 50 sindicalistas surcoreanos encarcelados, incluidos el presidente de la Federaci\u00f3n de metal\u00fargicos surcoreanos (KMWF en siglas inglesas), Mun Sung-hyan, y el presidente de la Confederaci\u00f3n de sindicatos de Corea del Sur (KCTU) y antiguo dirigente de los metal\u00fargicos, Dan Byung-ho. <\/p><h3>Arrestados por actividades sindicales <\/h3><p>En noviembre de 2001, Mun Sung-hyan particip\u00f3 en el Congreso Mundial de la Federaci\u00f3n Internacional de Trabajadores de las Industrias Metal\u00fargicas en Sydney, Australia. Poco despu\u00e9s de su regreso a Se\u00fal, fue arrestado y sentenciado a tres a\u00f1os de prisi\u00f3n. El crimen que se le imputaba era haber organizado huelgas y participado en otras actividades sindicales. Tambi\u00e9n fueron encarcelados otros sindicalistas surcoreanos durante las acciones represivas del gobierno.\u00a0\u00a0\u00a0 <\/p><p>Junto con sus afiliados surcoreanos, la FITIM convoc\u00f3 dos jornadas de acci\u00f3n por la liberaci\u00f3n de todos los sindicalistas de las prisiones surcoreanas.<\/p><h3>Afiliados de la FITIM unidos en todo el mundo <\/h3><p>Los afiliados de la FITIM de todo el mundo emprendieron acciones de un nivel sin precedente en ciudades como Se\u00fal, Mumbai, Berl\u00edn, Washington, Pretoria, Sydney, Tokio, Mosc\u00fa, R\u00edo de Janeiro y Bangkok. En las acciones participaron metal\u00fargicos de 65 pa\u00edses.<\/p><p>Nueve semanas despu\u00e9s de la primera jornada mundial de acci\u00f3n, Mun Sung-hyan fue excarcelado. Una semana despu\u00e9s de la segunda jornada, tambi\u00e9n fueron puestos en libertad el presidente del sindicato de trabajadores de la industria del autom\u00f3vil coreana Daewoo, Kim Il-sup, y su vicepresidente Kim Sung-gap.<\/p><p>A comienzos del a\u00f1o siguiente, Dan Byung-ho fue finalmente liberado de la prisi\u00f3n. <\/p><p>La excarcelaci\u00f3n de esos sindicalistas fue un triunfo de los trabajadores de todo el mundo que hab\u00edan tomado parte en acciones de solidaridad en apoyo de los sindicatos surcoreanos. Los que fueron liberados regresaron a su trabajo, y planificaron importantes acciones para promover los derechos de los metal\u00fargicos surcoreanos.<br \/><br \/><\/p>","protected":false},"featured_media":0,"template":"","class_list":["post-203226","archive_imf","type-archive_imf","status-publish","hentry"],"acf":[],"yoast_head":"<!-- This site is optimized with the Yoast SEO Premium plugin v27.1 (Yoast SEO v27.1) - https:\/\/yoast.com\/product\/yoast-seo-premium-wordpress\/ -->\n<title>\u00a1Que se libere a los sindicalistas surcoreanos! - industriall-union<\/title>\n<meta name=\"robots\" content=\"index, follow, max-snippet:-1, max-image-preview:large, max-video-preview:-1\" \/>\n<link rel=\"canonical\" href=\"https:\/\/admin.industriall-union.org\/es\/archive\/imf\/que-se-libere-a-los-sindicalistas-surcoreanos\/\" \/>\n<meta property=\"og:locale\" content=\"es_ES\" \/>\n<meta property=\"og:type\" content=\"article\" \/>\n<meta property=\"og:title\" content=\"\u00a1Que se libere a los sindicalistas surcoreanos!\" \/>\n<meta property=\"og:description\" content=\"En 2002, metal\u00fargicos de todo el planeta participaron en dos jornadas mundiales de acci\u00f3n coordinadas, por la liberaci\u00f3n de m\u00e1s de 50 sindicalistas surcoreanos encarcelados, incluidos el presidente de la Federaci\u00f3n de metal\u00fargicos surcoreanos (KMWF en siglas inglesas), Mun Sung-hyan, y el presidente de la Confederaci\u00f3n de sindicatos de Corea del Sur (KCTU) y antiguo [&hellip;]\" \/>\n<meta property=\"og:url\" content=\"https:\/\/admin.industriall-union.org\/es\/archive\/imf\/que-se-libere-a-los-sindicalistas-surcoreanos\/\" \/>\n<meta property=\"og:site_name\" content=\"industriall-union\" \/>\n<meta property=\"article:modified_time\" content=\"2025-01-31T10:38:35+00:00\" \/>\n<meta name=\"twitter:card\" content=\"summary_large_image\" \/>\n<meta name=\"twitter:label1\" content=\"Est. reading time\" \/>\n\t<meta name=\"twitter:data1\" content=\"2 minutes\" \/>\n<script type=\"application\/ld+json\" class=\"yoast-schema-graph\">{\"@context\":\"https:\/\/schema.org\",\"@graph\":[{\"@type\":\"WebPage\",\"@id\":\"https:\/\/admin.industriall-union.org\/es\/archive\/imf\/que-se-libere-a-los-sindicalistas-surcoreanos\/\",\"url\":\"https:\/\/admin.industriall-union.org\/es\/archive\/imf\/que-se-libere-a-los-sindicalistas-surcoreanos\/\",\"name\":\"\u00a1Que se libere a los sindicalistas surcoreanos! - industriall-union\",\"isPartOf\":{\"@id\":\"https:\/\/admin.industriall-union.org\/#website\"},\"datePublished\":\"2009-04-28T16:30:00+00:00\",\"dateModified\":\"2025-01-31T10:38:35+00:00\",\"breadcrumb\":{\"@id\":\"https:\/\/admin.industriall-union.org\/es\/archive\/imf\/que-se-libere-a-los-sindicalistas-surcoreanos\/#breadcrumb\"},\"inLanguage\":\"es-ES\",\"potentialAction\":[{\"@type\":\"ReadAction\",\"target\":[\"https:\/\/admin.industriall-union.org\/es\/archive\/imf\/que-se-libere-a-los-sindicalistas-surcoreanos\/\"]}]},{\"@type\":\"BreadcrumbList\",\"@id\":\"https:\/\/admin.industriall-union.org\/es\/archive\/imf\/que-se-libere-a-los-sindicalistas-surcoreanos\/#breadcrumb\",\"itemListElement\":[{\"@type\":\"ListItem\",\"position\":1,\"name\":\"Home\",\"item\":\"https:\/\/admin.industriall-union.org\/\"},{\"@type\":\"ListItem\",\"position\":2,\"name\":\"Archive Imf\",\"item\":\"https:\/\/admin.industriall-union.org\/es\/archive\/imf\/\"},{\"@type\":\"ListItem\",\"position\":3,\"name\":\"\u00a1Que se libere a los sindicalistas surcoreanos!\"}]},{\"@type\":\"WebSite\",\"@id\":\"https:\/\/admin.industriall-union.org\/#website\",\"url\":\"https:\/\/admin.industriall-union.org\/\",\"name\":\"industriall-union\",\"description\":\"\",\"potentialAction\":[{\"@type\":\"SearchAction\",\"target\":{\"@type\":\"EntryPoint\",\"urlTemplate\":\"https:\/\/admin.industriall-union.org\/?s={search_term_string}\"},\"query-input\":{\"@type\":\"PropertyValueSpecification\",\"valueRequired\":true,\"valueName\":\"search_term_string\"}}],\"inLanguage\":\"es-ES\"}]}<\/script>\n<!-- \/ Yoast SEO Premium plugin. -->","yoast_head_json":{"title":"\u00a1Que se libere a los sindicalistas surcoreanos! - industriall-union","robots":{"index":"index","follow":"follow","max-snippet":"max-snippet:-1","max-image-preview":"max-image-preview:large","max-video-preview":"max-video-preview:-1"},"canonical":"https:\/\/admin.industriall-union.org\/es\/archive\/imf\/que-se-libere-a-los-sindicalistas-surcoreanos\/","og_locale":"es_ES","og_type":"article","og_title":"\u00a1Que se libere a los sindicalistas surcoreanos!","og_description":"En 2002, metal\u00fargicos de todo el planeta participaron en dos jornadas mundiales de acci\u00f3n coordinadas, por la liberaci\u00f3n de m\u00e1s de 50 sindicalistas surcoreanos encarcelados, incluidos el presidente de la Federaci\u00f3n de metal\u00fargicos surcoreanos (KMWF en siglas inglesas), Mun Sung-hyan, y el presidente de la Confederaci\u00f3n de sindicatos de Corea del Sur (KCTU) y antiguo [&hellip;]","og_url":"https:\/\/admin.industriall-union.org\/es\/archive\/imf\/que-se-libere-a-los-sindicalistas-surcoreanos\/","og_site_name":"industriall-union","article_modified_time":"2025-01-31T10:38:35+00:00","twitter_card":"summary_large_image","twitter_misc":{"Est. reading time":"2 minutes"},"schema":{"@context":"https:\/\/schema.org","@graph":[{"@type":"WebPage","@id":"https:\/\/admin.industriall-union.org\/es\/archive\/imf\/que-se-libere-a-los-sindicalistas-surcoreanos\/","url":"https:\/\/admin.industriall-union.org\/es\/archive\/imf\/que-se-libere-a-los-sindicalistas-surcoreanos\/","name":"\u00a1Que se libere a los sindicalistas surcoreanos! - industriall-union","isPartOf":{"@id":"https:\/\/admin.industriall-union.org\/#website"},"datePublished":"2009-04-28T16:30:00+00:00","dateModified":"2025-01-31T10:38:35+00:00","breadcrumb":{"@id":"https:\/\/admin.industriall-union.org\/es\/archive\/imf\/que-se-libere-a-los-sindicalistas-surcoreanos\/#breadcrumb"},"inLanguage":"es-ES","potentialAction":[{"@type":"ReadAction","target":["https:\/\/admin.industriall-union.org\/es\/archive\/imf\/que-se-libere-a-los-sindicalistas-surcoreanos\/"]}]},{"@type":"BreadcrumbList","@id":"https:\/\/admin.industriall-union.org\/es\/archive\/imf\/que-se-libere-a-los-sindicalistas-surcoreanos\/#breadcrumb","itemListElement":[{"@type":"ListItem","position":1,"name":"Home","item":"https:\/\/admin.industriall-union.org\/"},{"@type":"ListItem","position":2,"name":"Archive Imf","item":"https:\/\/admin.industriall-union.org\/es\/archive\/imf\/"},{"@type":"ListItem","position":3,"name":"\u00a1Que se libere a los sindicalistas surcoreanos!"}]},{"@type":"WebSite","@id":"https:\/\/admin.industriall-union.org\/#website","url":"https:\/\/admin.industriall-union.org\/","name":"industriall-union","description":"","potentialAction":[{"@type":"SearchAction","target":{"@type":"EntryPoint","urlTemplate":"https:\/\/admin.industriall-union.org\/?s={search_term_string}"},"query-input":{"@type":"PropertyValueSpecification","valueRequired":true,"valueName":"search_term_string"}}],"inLanguage":"es-ES"}]}},"_links":{"self":[{"href":"https:\/\/admin.industriall-union.org\/es\/wp-json\/wp\/v2\/archive_imf\/203226","targetHints":{"allow":["GET"]}}],"collection":[{"href":"https:\/\/admin.industriall-union.org\/es\/wp-json\/wp\/v2\/archive_imf"}],"about":[{"href":"https:\/\/admin.industriall-union.org\/es\/wp-json\/wp\/v2\/types\/archive_imf"}],"wp:attachment":[{"href":"https:\/\/admin.industriall-union.org\/es\/wp-json\/wp\/v2\/media?parent=203226"}],"curies":[{"name":"wp","href":"https:\/\/api.w.org\/{rel}","templated":true}]}}