{"id":202783,"date":"2009-08-26T11:44:36","date_gmt":"2009-08-26T11:44:36","guid":{"rendered":"https:\/\/admin.industriall-union.org\/archive\/imf\/comunicadores-de-la-fitim-y-de-la-fem-debatiran-campanas-de-los-sindicatos-mundiales\/"},"modified":"2025-01-31T10:30:08","modified_gmt":"2025-01-31T10:30:08","slug":"comunicadores-de-la-fitim-y-de-la-fem-debatiran-campanas-de-los-sindicatos-mundiales","status":"publish","type":"archive_imf","link":"https:\/\/admin.industriall-union.org\/es\/archive\/imf\/comunicadores-de-la-fitim-y-de-la-fem-debatiran-campanas-de-los-sindicatos-mundiales\/","title":{"rendered":"Comunicadores  de la FITIM y de la FEM debatir\u00e1n campa\u00f1as de los sindicatos mundiales"},"content":{"rendered":"MUNDO: La Federaci\u00f3n Europea de Metal\u00fargicos y la Federaci\u00f3n Internacional de Trabajadores de las Industrias Metal\u00fargicas, con la asistencia de IG Metall, celebrar\u00e1n su primer Foro de Comunicadores conjunto de la FITIM y de la FEM en Francfort (Alemania), los d\u00edas 17 y 18 de noviembre. Durante dos d\u00edas, los profesionales de la comunicaci\u00f3n de los sindicatos que representan a los afiliados de la FITIM y de la FEM discutir\u00e1n sobre campa\u00f1as sindicales, comparar\u00e1n nuevas t\u00e9cnicas de los medios de informaci\u00f3n y crear\u00e1n una red efectiva de comunicadores.<br \/><br \/>El Foro se centrar\u00e1 sobre todo en las nuevas t\u00e9cnicas de los medios de informaci\u00f3n y herramientas para campa\u00f1as basadas en la web, que ayudar\u00e1n a los sindicatos a lograr la potenciaci\u00f3n sindical y la organizaci\u00f3n, as\u00ed como a progresar sobre cuestiones como el cambio clim\u00e1tico y la extensi\u00f3n del trabajo precario. Los participantes debatir\u00e1n ejemplos de c\u00f3mo los sindicatos de toda la industria metal\u00fargica utilizan con \u00e9xito FaceBook, YouTube, Flickr y otros medios.<br \/><br \/> La Federaci\u00f3n Europea de Metal\u00fargicos y la Federaci\u00f3n Internacional de Trabajadores de las Industrias Metal\u00fargicas consideran sumamente necesaria la cooperaci\u00f3n para proteger los intereses de los trabajaeores metal\u00fargicos y mejorar los m\u00e9todos de comunicaci\u00f3n de sus organizaciones miembros. El Foro servir\u00e1 para mejorar las campa\u00f1as mundiales conjuntas que ayudan a los sindicatos a combatir la creciente globalizaci\u00f3n y deslocalizaci\u00f3n, la reducci\u00f3n de las protecciones sociales y de los derechos laborales, el aumento del trabajo precario y las consecuencias del cambio clim\u00e1tico.<br \/><br \/>El \u00faltimo Foro de Comunicadores de la FITIM se celebr\u00f3 en 2007 en Ginebra. En \u00e9l se mantuvieron profundos debates y se ofrecieron ejemplos de campa\u00f1as de solidaridad. Desde entonces ha habido varias acciones de solidaridad conjuntas FEM-FITIM, como las campa\u00f1as en apoyo de los trabajadores de Sinter Metal y los trabajadores mineros en M\u00e9xico, as\u00ed como la campa\u00f1a de 2008 contra el trabajo precario.<br \/><br \/> Para m\u00e1s informaci\u00f3n, cont\u00e1ctese a <a href=\"mailto:aivanou@imfmetal.org\">Alex Ivanou<\/a> y\/o <a href=\"http:\/\/www.emf-fem.org\/Contact\/Staff\/Jacobsson-Caroline\">Caroline Jacobsson<\/a>.","protected":false},"featured_media":0,"template":"","class_list":["post-202783","archive_imf","type-archive_imf","status-publish","hentry"],"acf":[],"yoast_head":"<!-- This site is optimized with the Yoast SEO Premium plugin v27.1 (Yoast SEO v27.1) - https:\/\/yoast.com\/product\/yoast-seo-premium-wordpress\/ -->\n<title>Comunicadores de la FITIM y de la FEM debatir\u00e1n campa\u00f1as de los sindicatos mundiales - industriall-union<\/title>\n<meta name=\"robots\" content=\"index, follow, max-snippet:-1, max-image-preview:large, max-video-preview:-1\" \/>\n<link rel=\"canonical\" href=\"https:\/\/admin.industriall-union.org\/es\/archive\/imf\/comunicadores-de-la-fitim-y-de-la-fem-debatiran-campanas-de-los-sindicatos-mundiales\/\" \/>\n<meta property=\"og:locale\" content=\"es_ES\" \/>\n<meta property=\"og:type\" content=\"article\" \/>\n<meta property=\"og:title\" content=\"Comunicadores de la FITIM y de la FEM debatir\u00e1n campa\u00f1as de los sindicatos mundiales\" \/>\n<meta property=\"og:description\" content=\"MUNDO: La Federaci\u00f3n Europea de Metal\u00fargicos y la Federaci\u00f3n Internacional de Trabajadores de las Industrias Metal\u00fargicas, con la asistencia de IG Metall, celebrar\u00e1n su primer Foro de Comunicadores conjunto de la FITIM y de la FEM en Francfort (Alemania), los d\u00edas 17 y 18 de noviembre. Durante dos d\u00edas, los profesionales de la comunicaci\u00f3n de [&hellip;]\" \/>\n<meta property=\"og:url\" content=\"https:\/\/admin.industriall-union.org\/es\/archive\/imf\/comunicadores-de-la-fitim-y-de-la-fem-debatiran-campanas-de-los-sindicatos-mundiales\/\" \/>\n<meta property=\"og:site_name\" content=\"industriall-union\" \/>\n<meta property=\"article:modified_time\" content=\"2025-01-31T10:30:08+00:00\" \/>\n<meta name=\"twitter:card\" content=\"summary_large_image\" \/>\n<meta name=\"twitter:label1\" content=\"Est. reading time\" \/>\n\t<meta name=\"twitter:data1\" content=\"2 minutes\" \/>\n<script type=\"application\/ld+json\" class=\"yoast-schema-graph\">{\"@context\":\"https:\/\/schema.org\",\"@graph\":[{\"@type\":\"WebPage\",\"@id\":\"https:\/\/admin.industriall-union.org\/es\/archive\/imf\/comunicadores-de-la-fitim-y-de-la-fem-debatiran-campanas-de-los-sindicatos-mundiales\/\",\"url\":\"https:\/\/admin.industriall-union.org\/es\/archive\/imf\/comunicadores-de-la-fitim-y-de-la-fem-debatiran-campanas-de-los-sindicatos-mundiales\/\",\"name\":\"Comunicadores de la FITIM y de la FEM debatir\u00e1n campa\u00f1as de los sindicatos mundiales - industriall-union\",\"isPartOf\":{\"@id\":\"https:\/\/admin.industriall-union.org\/#website\"},\"datePublished\":\"2009-08-26T11:44:36+00:00\",\"dateModified\":\"2025-01-31T10:30:08+00:00\",\"breadcrumb\":{\"@id\":\"https:\/\/admin.industriall-union.org\/es\/archive\/imf\/comunicadores-de-la-fitim-y-de-la-fem-debatiran-campanas-de-los-sindicatos-mundiales\/#breadcrumb\"},\"inLanguage\":\"es-ES\",\"potentialAction\":[{\"@type\":\"ReadAction\",\"target\":[\"https:\/\/admin.industriall-union.org\/es\/archive\/imf\/comunicadores-de-la-fitim-y-de-la-fem-debatiran-campanas-de-los-sindicatos-mundiales\/\"]}]},{\"@type\":\"BreadcrumbList\",\"@id\":\"https:\/\/admin.industriall-union.org\/es\/archive\/imf\/comunicadores-de-la-fitim-y-de-la-fem-debatiran-campanas-de-los-sindicatos-mundiales\/#breadcrumb\",\"itemListElement\":[{\"@type\":\"ListItem\",\"position\":1,\"name\":\"Home\",\"item\":\"https:\/\/admin.industriall-union.org\/\"},{\"@type\":\"ListItem\",\"position\":2,\"name\":\"Archive Imf\",\"item\":\"https:\/\/admin.industriall-union.org\/es\/archive\/imf\/\"},{\"@type\":\"ListItem\",\"position\":3,\"name\":\"Comunicadores de la FITIM y de la FEM debatir\u00e1n campa\u00f1as de los sindicatos mundiales\"}]},{\"@type\":\"WebSite\",\"@id\":\"https:\/\/admin.industriall-union.org\/#website\",\"url\":\"https:\/\/admin.industriall-union.org\/\",\"name\":\"industriall-union\",\"description\":\"\",\"potentialAction\":[{\"@type\":\"SearchAction\",\"target\":{\"@type\":\"EntryPoint\",\"urlTemplate\":\"https:\/\/admin.industriall-union.org\/?s={search_term_string}\"},\"query-input\":{\"@type\":\"PropertyValueSpecification\",\"valueRequired\":true,\"valueName\":\"search_term_string\"}}],\"inLanguage\":\"es-ES\"}]}<\/script>\n<!-- \/ Yoast SEO Premium plugin. -->","yoast_head_json":{"title":"Comunicadores de la FITIM y de la FEM debatir\u00e1n campa\u00f1as de los sindicatos mundiales - industriall-union","robots":{"index":"index","follow":"follow","max-snippet":"max-snippet:-1","max-image-preview":"max-image-preview:large","max-video-preview":"max-video-preview:-1"},"canonical":"https:\/\/admin.industriall-union.org\/es\/archive\/imf\/comunicadores-de-la-fitim-y-de-la-fem-debatiran-campanas-de-los-sindicatos-mundiales\/","og_locale":"es_ES","og_type":"article","og_title":"Comunicadores de la FITIM y de la FEM debatir\u00e1n campa\u00f1as de los sindicatos mundiales","og_description":"MUNDO: La Federaci\u00f3n Europea de Metal\u00fargicos y la Federaci\u00f3n Internacional de Trabajadores de las Industrias Metal\u00fargicas, con la asistencia de IG Metall, celebrar\u00e1n su primer Foro de Comunicadores conjunto de la FITIM y de la FEM en Francfort (Alemania), los d\u00edas 17 y 18 de noviembre. Durante dos d\u00edas, los profesionales de la comunicaci\u00f3n de [&hellip;]","og_url":"https:\/\/admin.industriall-union.org\/es\/archive\/imf\/comunicadores-de-la-fitim-y-de-la-fem-debatiran-campanas-de-los-sindicatos-mundiales\/","og_site_name":"industriall-union","article_modified_time":"2025-01-31T10:30:08+00:00","twitter_card":"summary_large_image","twitter_misc":{"Est. reading time":"2 minutes"},"schema":{"@context":"https:\/\/schema.org","@graph":[{"@type":"WebPage","@id":"https:\/\/admin.industriall-union.org\/es\/archive\/imf\/comunicadores-de-la-fitim-y-de-la-fem-debatiran-campanas-de-los-sindicatos-mundiales\/","url":"https:\/\/admin.industriall-union.org\/es\/archive\/imf\/comunicadores-de-la-fitim-y-de-la-fem-debatiran-campanas-de-los-sindicatos-mundiales\/","name":"Comunicadores de la FITIM y de la FEM debatir\u00e1n campa\u00f1as de los sindicatos mundiales - industriall-union","isPartOf":{"@id":"https:\/\/admin.industriall-union.org\/#website"},"datePublished":"2009-08-26T11:44:36+00:00","dateModified":"2025-01-31T10:30:08+00:00","breadcrumb":{"@id":"https:\/\/admin.industriall-union.org\/es\/archive\/imf\/comunicadores-de-la-fitim-y-de-la-fem-debatiran-campanas-de-los-sindicatos-mundiales\/#breadcrumb"},"inLanguage":"es-ES","potentialAction":[{"@type":"ReadAction","target":["https:\/\/admin.industriall-union.org\/es\/archive\/imf\/comunicadores-de-la-fitim-y-de-la-fem-debatiran-campanas-de-los-sindicatos-mundiales\/"]}]},{"@type":"BreadcrumbList","@id":"https:\/\/admin.industriall-union.org\/es\/archive\/imf\/comunicadores-de-la-fitim-y-de-la-fem-debatiran-campanas-de-los-sindicatos-mundiales\/#breadcrumb","itemListElement":[{"@type":"ListItem","position":1,"name":"Home","item":"https:\/\/admin.industriall-union.org\/"},{"@type":"ListItem","position":2,"name":"Archive Imf","item":"https:\/\/admin.industriall-union.org\/es\/archive\/imf\/"},{"@type":"ListItem","position":3,"name":"Comunicadores de la FITIM y de la FEM debatir\u00e1n campa\u00f1as de los sindicatos mundiales"}]},{"@type":"WebSite","@id":"https:\/\/admin.industriall-union.org\/#website","url":"https:\/\/admin.industriall-union.org\/","name":"industriall-union","description":"","potentialAction":[{"@type":"SearchAction","target":{"@type":"EntryPoint","urlTemplate":"https:\/\/admin.industriall-union.org\/?s={search_term_string}"},"query-input":{"@type":"PropertyValueSpecification","valueRequired":true,"valueName":"search_term_string"}}],"inLanguage":"es-ES"}]}},"_links":{"self":[{"href":"https:\/\/admin.industriall-union.org\/es\/wp-json\/wp\/v2\/archive_imf\/202783","targetHints":{"allow":["GET"]}}],"collection":[{"href":"https:\/\/admin.industriall-union.org\/es\/wp-json\/wp\/v2\/archive_imf"}],"about":[{"href":"https:\/\/admin.industriall-union.org\/es\/wp-json\/wp\/v2\/types\/archive_imf"}],"wp:attachment":[{"href":"https:\/\/admin.industriall-union.org\/es\/wp-json\/wp\/v2\/media?parent=202783"}],"curies":[{"name":"wp","href":"https:\/\/api.w.org\/{rel}","templated":true}]}}