{"id":202591,"date":"2009-09-09T13:30:00","date_gmt":"2009-09-09T13:30:00","guid":{"rendered":"https:\/\/admin.industriall-union.org\/archive\/imf\/reduccion-de-las-emisiones-transformacion-de-los-empleos\/"},"modified":"2025-01-31T10:24:44","modified_gmt":"2025-01-31T10:24:44","slug":"reduccion-de-las-emisiones-transformacion-de-los-empleos","status":"publish","type":"archive_imf","link":"https:\/\/admin.industriall-union.org\/es\/archive\/imf\/reduccion-de-las-emisiones-transformacion-de-los-empleos\/","title":{"rendered":"Reducci\u00f3n de las emisiones, transformaci\u00f3n de los empleos"},"content":{"rendered":"MUNDO: La Conferencia de las Naciones Unidas sobre el Cambio Clim\u00e1tico (COP 15) se celebrar\u00e1 en diciembre de 2009 en Copenhague. El movimiento sindical internacional est\u00e1 desempe\u00f1ando una funci\u00f3n en este proceso para apoyar un acuerdo internacional vinculante que ofrezca un marco para luchar contra el calentamiento global,y proteger al mismo tiempo el empleo y los derechos de los trabajadores.<br \/><br \/>Con el fin de discutir y presentar una posici\u00f3n com\u00fan de los trabajadores industriales, la FITIM, la Federaci\u00f3n Internacional de Sindicatos de la Qu\u00edmica, Energ\u00eda, Minas e Industrias Diversas (ICEM), la Federaci\u00f3n Europea de Metal\u00fargicos (FEM) y la Federaci\u00f3n Europea de Trabajadores de Miner\u00eda, Qu\u00edmica y Energ\u00eda (EMCEF) celebrar\u00e1n una reuni\u00f3n conjunta titulada &#8220;Reduccci\u00f3n de las emisiones, transformaci\u00f3n de los empleos&#8221;, en Alemania, los d\u00edas 14 y 15 de octubre.<br \/><br \/>La FITIM, la ICEM, la FEM y la EMCEF utilizar\u00e1n este acontecimiento para llegar a una posici\u00f3n com\u00fan sobre el cambio clim\u00e1tico con miras a la Conferencia de las Naciones Unidas sobre el Cambio Clim\u00e1tico (COP 15) en diciembre, en Copenhague.<br \/><br \/>La reuni\u00f3n se estructurar\u00e1 en discusiones en grupo sobre los principales temas de la protecci\u00f3n del medio ambiente, desarrollo sostenible, preocupaciones sectoriales, empleos verdes y transici\u00f3n justa. Luego se discutir\u00e1n los principios y materiales b\u00e1sicos que han de prepararse para la labor futura.<br \/>","protected":false},"featured_media":0,"template":"","class_list":["post-202591","archive_imf","type-archive_imf","status-publish","hentry"],"acf":[],"yoast_head":"<!-- This site is optimized with the Yoast SEO Premium plugin v27.1 (Yoast SEO v27.1) - https:\/\/yoast.com\/product\/yoast-seo-premium-wordpress\/ -->\n<title>Reducci\u00f3n de las emisiones, transformaci\u00f3n de los empleos - industriall-union<\/title>\n<meta name=\"robots\" content=\"index, follow, max-snippet:-1, max-image-preview:large, max-video-preview:-1\" \/>\n<link rel=\"canonical\" href=\"https:\/\/admin.industriall-union.org\/es\/archive\/imf\/reduccion-de-las-emisiones-transformacion-de-los-empleos\/\" \/>\n<meta property=\"og:locale\" content=\"es_ES\" \/>\n<meta property=\"og:type\" content=\"article\" \/>\n<meta property=\"og:title\" content=\"Reducci\u00f3n de las emisiones, transformaci\u00f3n de los empleos\" \/>\n<meta property=\"og:description\" content=\"MUNDO: La Conferencia de las Naciones Unidas sobre el Cambio Clim\u00e1tico (COP 15) se celebrar\u00e1 en diciembre de 2009 en Copenhague. El movimiento sindical internacional est\u00e1 desempe\u00f1ando una funci\u00f3n en este proceso para apoyar un acuerdo internacional vinculante que ofrezca un marco para luchar contra el calentamiento global,y proteger al mismo tiempo el empleo y [&hellip;]\" \/>\n<meta property=\"og:url\" content=\"https:\/\/admin.industriall-union.org\/es\/archive\/imf\/reduccion-de-las-emisiones-transformacion-de-los-empleos\/\" \/>\n<meta property=\"og:site_name\" content=\"industriall-union\" \/>\n<meta property=\"article:modified_time\" content=\"2025-01-31T10:24:44+00:00\" \/>\n<meta name=\"twitter:card\" content=\"summary_large_image\" \/>\n<meta name=\"twitter:label1\" content=\"Est. reading time\" \/>\n\t<meta name=\"twitter:data1\" content=\"1 minute\" \/>\n<script type=\"application\/ld+json\" class=\"yoast-schema-graph\">{\"@context\":\"https:\/\/schema.org\",\"@graph\":[{\"@type\":\"WebPage\",\"@id\":\"https:\/\/admin.industriall-union.org\/es\/archive\/imf\/reduccion-de-las-emisiones-transformacion-de-los-empleos\/\",\"url\":\"https:\/\/admin.industriall-union.org\/es\/archive\/imf\/reduccion-de-las-emisiones-transformacion-de-los-empleos\/\",\"name\":\"Reducci\u00f3n de las emisiones, transformaci\u00f3n de los empleos - industriall-union\",\"isPartOf\":{\"@id\":\"https:\/\/admin.industriall-union.org\/#website\"},\"datePublished\":\"2009-09-09T13:30:00+00:00\",\"dateModified\":\"2025-01-31T10:24:44+00:00\",\"breadcrumb\":{\"@id\":\"https:\/\/admin.industriall-union.org\/es\/archive\/imf\/reduccion-de-las-emisiones-transformacion-de-los-empleos\/#breadcrumb\"},\"inLanguage\":\"es-ES\",\"potentialAction\":[{\"@type\":\"ReadAction\",\"target\":[\"https:\/\/admin.industriall-union.org\/es\/archive\/imf\/reduccion-de-las-emisiones-transformacion-de-los-empleos\/\"]}]},{\"@type\":\"BreadcrumbList\",\"@id\":\"https:\/\/admin.industriall-union.org\/es\/archive\/imf\/reduccion-de-las-emisiones-transformacion-de-los-empleos\/#breadcrumb\",\"itemListElement\":[{\"@type\":\"ListItem\",\"position\":1,\"name\":\"Home\",\"item\":\"https:\/\/admin.industriall-union.org\/\"},{\"@type\":\"ListItem\",\"position\":2,\"name\":\"Archive Imf\",\"item\":\"https:\/\/admin.industriall-union.org\/es\/archive\/imf\/\"},{\"@type\":\"ListItem\",\"position\":3,\"name\":\"Reducci\u00f3n de las emisiones, transformaci\u00f3n de los empleos\"}]},{\"@type\":\"WebSite\",\"@id\":\"https:\/\/admin.industriall-union.org\/#website\",\"url\":\"https:\/\/admin.industriall-union.org\/\",\"name\":\"industriall-union\",\"description\":\"\",\"potentialAction\":[{\"@type\":\"SearchAction\",\"target\":{\"@type\":\"EntryPoint\",\"urlTemplate\":\"https:\/\/admin.industriall-union.org\/?s={search_term_string}\"},\"query-input\":{\"@type\":\"PropertyValueSpecification\",\"valueRequired\":true,\"valueName\":\"search_term_string\"}}],\"inLanguage\":\"es-ES\"}]}<\/script>\n<!-- \/ Yoast SEO Premium plugin. -->","yoast_head_json":{"title":"Reducci\u00f3n de las emisiones, transformaci\u00f3n de los empleos - industriall-union","robots":{"index":"index","follow":"follow","max-snippet":"max-snippet:-1","max-image-preview":"max-image-preview:large","max-video-preview":"max-video-preview:-1"},"canonical":"https:\/\/admin.industriall-union.org\/es\/archive\/imf\/reduccion-de-las-emisiones-transformacion-de-los-empleos\/","og_locale":"es_ES","og_type":"article","og_title":"Reducci\u00f3n de las emisiones, transformaci\u00f3n de los empleos","og_description":"MUNDO: La Conferencia de las Naciones Unidas sobre el Cambio Clim\u00e1tico (COP 15) se celebrar\u00e1 en diciembre de 2009 en Copenhague. El movimiento sindical internacional est\u00e1 desempe\u00f1ando una funci\u00f3n en este proceso para apoyar un acuerdo internacional vinculante que ofrezca un marco para luchar contra el calentamiento global,y proteger al mismo tiempo el empleo y [&hellip;]","og_url":"https:\/\/admin.industriall-union.org\/es\/archive\/imf\/reduccion-de-las-emisiones-transformacion-de-los-empleos\/","og_site_name":"industriall-union","article_modified_time":"2025-01-31T10:24:44+00:00","twitter_card":"summary_large_image","twitter_misc":{"Est. reading time":"1 minute"},"schema":{"@context":"https:\/\/schema.org","@graph":[{"@type":"WebPage","@id":"https:\/\/admin.industriall-union.org\/es\/archive\/imf\/reduccion-de-las-emisiones-transformacion-de-los-empleos\/","url":"https:\/\/admin.industriall-union.org\/es\/archive\/imf\/reduccion-de-las-emisiones-transformacion-de-los-empleos\/","name":"Reducci\u00f3n de las emisiones, transformaci\u00f3n de los empleos - industriall-union","isPartOf":{"@id":"https:\/\/admin.industriall-union.org\/#website"},"datePublished":"2009-09-09T13:30:00+00:00","dateModified":"2025-01-31T10:24:44+00:00","breadcrumb":{"@id":"https:\/\/admin.industriall-union.org\/es\/archive\/imf\/reduccion-de-las-emisiones-transformacion-de-los-empleos\/#breadcrumb"},"inLanguage":"es-ES","potentialAction":[{"@type":"ReadAction","target":["https:\/\/admin.industriall-union.org\/es\/archive\/imf\/reduccion-de-las-emisiones-transformacion-de-los-empleos\/"]}]},{"@type":"BreadcrumbList","@id":"https:\/\/admin.industriall-union.org\/es\/archive\/imf\/reduccion-de-las-emisiones-transformacion-de-los-empleos\/#breadcrumb","itemListElement":[{"@type":"ListItem","position":1,"name":"Home","item":"https:\/\/admin.industriall-union.org\/"},{"@type":"ListItem","position":2,"name":"Archive Imf","item":"https:\/\/admin.industriall-union.org\/es\/archive\/imf\/"},{"@type":"ListItem","position":3,"name":"Reducci\u00f3n de las emisiones, transformaci\u00f3n de los empleos"}]},{"@type":"WebSite","@id":"https:\/\/admin.industriall-union.org\/#website","url":"https:\/\/admin.industriall-union.org\/","name":"industriall-union","description":"","potentialAction":[{"@type":"SearchAction","target":{"@type":"EntryPoint","urlTemplate":"https:\/\/admin.industriall-union.org\/?s={search_term_string}"},"query-input":{"@type":"PropertyValueSpecification","valueRequired":true,"valueName":"search_term_string"}}],"inLanguage":"es-ES"}]}},"_links":{"self":[{"href":"https:\/\/admin.industriall-union.org\/es\/wp-json\/wp\/v2\/archive_imf\/202591","targetHints":{"allow":["GET"]}}],"collection":[{"href":"https:\/\/admin.industriall-union.org\/es\/wp-json\/wp\/v2\/archive_imf"}],"about":[{"href":"https:\/\/admin.industriall-union.org\/es\/wp-json\/wp\/v2\/types\/archive_imf"}],"wp:attachment":[{"href":"https:\/\/admin.industriall-union.org\/es\/wp-json\/wp\/v2\/media?parent=202591"}],"curies":[{"name":"wp","href":"https:\/\/api.w.org\/{rel}","templated":true}]}}