{"id":202017,"date":"2010-01-21T14:16:12","date_gmt":"2010-01-21T14:16:12","guid":{"rendered":"https:\/\/admin.industriall-union.org\/archive\/imf\/el-fsm-celebra-su-decimo-aniversario\/"},"modified":"2025-01-31T10:09:23","modified_gmt":"2025-01-31T10:09:23","slug":"el-fsm-celebra-su-decimo-aniversario","status":"publish","type":"archive_imf","link":"https:\/\/admin.industriall-union.org\/es\/archive\/imf\/el-fsm-celebra-su-decimo-aniversario\/","title":{"rendered":"El FSM celebra su d\u00e9cimo aniversario"},"content":{"rendered":"<p>MUNDIAL: Celebrando sus diez a\u00f1os de existencia, el <a href=\"http:\/\/www.forumsocialmundial.org.br\/index.php?cd_language=4&amp;id_menu=\">Foro Social Mundial (FSM) <\/a> tendr\u00e1 lugar todo el a\u00f1o 2010 en forma permanente, con 27 o m\u00e1s actos regionales, nacionales y locales en todo el mundo.<br \/><br \/>La apertura de la celebraci\u00f3n de los &#8220;Diez A\u00f1os del Foro Social Mundial en la Regi\u00f3n Metropolitana de Porto Alegre&#8221;, que tendr\u00e1 lugar del 25 al 29 de enero de 2010 en el Estado de Rio Grande do Sul, comprender\u00e1 m\u00e1s de 500 actividades descentralizadas en las ciudades de Porto Alegre, Gravata\u00ed, Canoas, S\u00e3o Leopoldo, Novo Hamburgo y Sapiranga.<br \/><br \/>Una de las principales actividades de la Regi\u00f3n Metropolitana de Porto Alegre es el seminario internacional sobre &#8220;Diez a\u00f1os despu\u00e9s: Retos y propuestas para otro mundo posible&#8221;, que se propone examinar los nuevos cometidos de una sociedad civil altermundialista y definir futuras orientaciones que debe seguir el FSM. Adem\u00e1s tiene la finalidad de proporcionar una reflexi\u00f3n m\u00e1s sistem\u00e1tica sobre lo que se ha hecho hasta ahora, incluidos los errores y los \u00e9xitos. <br \/><br \/>El FSM es un foro abierto en el que movimientos sociales, redes, ONG y otras organizaciones de la sociedad civil pueden participar en un proceso mundial permanente, buscando y desarrollando alternativas a la politica neoliberal. Muchos sindicatos afiliados a la Federaci\u00f3n Internacional de Trabajadores de las Industrias Metal\u00fargicas (FITIM) participar\u00e1n en actividades del FSM durante todo el a\u00f1o. <br \/><br \/>Las fechas del encuentro de 2010 en Porto Alegre coinciden con la reuni\u00f3n annual del Foro Econ\u00f3mico Mundial (FEM) en Davos, Suiza, que se convocar\u00e1 del 27 al 31 de enero de 2010. El 40o aniversario del FEM se celebrar\u00e1 sobre el tema &#8220;Mejorar el estado del mundo: repensar, redise\u00f1ar y reconstruir&#8221;. Los organizadores esperan que 2.500 asistentes de m\u00e1s de 90 pa\u00edses, que representan empresas, gobiernos y la sociedad civil, demuestren verdadero &#8220;esp\u00edritu ciudadano mundial y de empresa&#8221;. <br \/><br \/><br \/>Pueden encontrar la lista completa de actos y actividades del Foro Social Mundial <a href=\"http:\/\/www.forumsocialmundial.org.br\/dinamic.php?pagina=eventos%202010%20EN\">aqu\u00ed<\/a>.<br \/><br \/>Pulse <a href=\"http:\/\/www.weforum.org\/en\/events\/AnnualMeeting2010\/index.htm\">aqu\u00ed<\/a> para informaci\u00f3n m\u00e1s detallada sobre el Foro Econ\u00f3mico Mundial.<\/p><p>&nbsp;<\/p>","protected":false},"featured_media":0,"template":"","class_list":["post-202017","archive_imf","type-archive_imf","status-publish","hentry"],"acf":[],"yoast_head":"<!-- This site is optimized with the Yoast SEO Premium plugin v27.1 (Yoast SEO v27.1) - https:\/\/yoast.com\/product\/yoast-seo-premium-wordpress\/ -->\n<title>El FSM celebra su d\u00e9cimo aniversario - industriall-union<\/title>\n<meta name=\"robots\" content=\"index, follow, max-snippet:-1, max-image-preview:large, max-video-preview:-1\" \/>\n<link rel=\"canonical\" href=\"https:\/\/admin.industriall-union.org\/es\/archive\/imf\/el-fsm-celebra-su-decimo-aniversario\/\" \/>\n<meta property=\"og:locale\" content=\"es_ES\" \/>\n<meta property=\"og:type\" content=\"article\" \/>\n<meta property=\"og:title\" content=\"El FSM celebra su d\u00e9cimo aniversario\" \/>\n<meta property=\"og:description\" content=\"MUNDIAL: Celebrando sus diez a\u00f1os de existencia, el Foro Social Mundial (FSM) tendr\u00e1 lugar todo el a\u00f1o 2010 en forma permanente, con 27 o m\u00e1s actos regionales, nacionales y locales en todo el mundo. La apertura de la celebraci\u00f3n de los &#8220;Diez A\u00f1os del Foro Social Mundial en la Regi\u00f3n Metropolitana de Porto Alegre&#8221;, que [&hellip;]\" \/>\n<meta property=\"og:url\" content=\"https:\/\/admin.industriall-union.org\/es\/archive\/imf\/el-fsm-celebra-su-decimo-aniversario\/\" \/>\n<meta property=\"og:site_name\" content=\"industriall-union\" \/>\n<meta property=\"article:modified_time\" content=\"2025-01-31T10:09:23+00:00\" \/>\n<meta name=\"twitter:card\" content=\"summary_large_image\" \/>\n<meta name=\"twitter:label1\" content=\"Est. reading time\" \/>\n\t<meta name=\"twitter:data1\" content=\"2 minutes\" \/>\n<script type=\"application\/ld+json\" class=\"yoast-schema-graph\">{\"@context\":\"https:\/\/schema.org\",\"@graph\":[{\"@type\":\"WebPage\",\"@id\":\"https:\/\/admin.industriall-union.org\/es\/archive\/imf\/el-fsm-celebra-su-decimo-aniversario\/\",\"url\":\"https:\/\/admin.industriall-union.org\/es\/archive\/imf\/el-fsm-celebra-su-decimo-aniversario\/\",\"name\":\"El FSM celebra su d\u00e9cimo aniversario - industriall-union\",\"isPartOf\":{\"@id\":\"https:\/\/admin.industriall-union.org\/#website\"},\"datePublished\":\"2010-01-21T14:16:12+00:00\",\"dateModified\":\"2025-01-31T10:09:23+00:00\",\"breadcrumb\":{\"@id\":\"https:\/\/admin.industriall-union.org\/es\/archive\/imf\/el-fsm-celebra-su-decimo-aniversario\/#breadcrumb\"},\"inLanguage\":\"es-ES\",\"potentialAction\":[{\"@type\":\"ReadAction\",\"target\":[\"https:\/\/admin.industriall-union.org\/es\/archive\/imf\/el-fsm-celebra-su-decimo-aniversario\/\"]}]},{\"@type\":\"BreadcrumbList\",\"@id\":\"https:\/\/admin.industriall-union.org\/es\/archive\/imf\/el-fsm-celebra-su-decimo-aniversario\/#breadcrumb\",\"itemListElement\":[{\"@type\":\"ListItem\",\"position\":1,\"name\":\"Home\",\"item\":\"https:\/\/admin.industriall-union.org\/\"},{\"@type\":\"ListItem\",\"position\":2,\"name\":\"Archive Imf\",\"item\":\"https:\/\/admin.industriall-union.org\/es\/archive\/imf\/\"},{\"@type\":\"ListItem\",\"position\":3,\"name\":\"El FSM celebra su d\u00e9cimo aniversario\"}]},{\"@type\":\"WebSite\",\"@id\":\"https:\/\/admin.industriall-union.org\/#website\",\"url\":\"https:\/\/admin.industriall-union.org\/\",\"name\":\"industriall-union\",\"description\":\"\",\"potentialAction\":[{\"@type\":\"SearchAction\",\"target\":{\"@type\":\"EntryPoint\",\"urlTemplate\":\"https:\/\/admin.industriall-union.org\/?s={search_term_string}\"},\"query-input\":{\"@type\":\"PropertyValueSpecification\",\"valueRequired\":true,\"valueName\":\"search_term_string\"}}],\"inLanguage\":\"es-ES\"}]}<\/script>\n<!-- \/ Yoast SEO Premium plugin. -->","yoast_head_json":{"title":"El FSM celebra su d\u00e9cimo aniversario - industriall-union","robots":{"index":"index","follow":"follow","max-snippet":"max-snippet:-1","max-image-preview":"max-image-preview:large","max-video-preview":"max-video-preview:-1"},"canonical":"https:\/\/admin.industriall-union.org\/es\/archive\/imf\/el-fsm-celebra-su-decimo-aniversario\/","og_locale":"es_ES","og_type":"article","og_title":"El FSM celebra su d\u00e9cimo aniversario","og_description":"MUNDIAL: Celebrando sus diez a\u00f1os de existencia, el Foro Social Mundial (FSM) tendr\u00e1 lugar todo el a\u00f1o 2010 en forma permanente, con 27 o m\u00e1s actos regionales, nacionales y locales en todo el mundo. La apertura de la celebraci\u00f3n de los &#8220;Diez A\u00f1os del Foro Social Mundial en la Regi\u00f3n Metropolitana de Porto Alegre&#8221;, que [&hellip;]","og_url":"https:\/\/admin.industriall-union.org\/es\/archive\/imf\/el-fsm-celebra-su-decimo-aniversario\/","og_site_name":"industriall-union","article_modified_time":"2025-01-31T10:09:23+00:00","twitter_card":"summary_large_image","twitter_misc":{"Est. reading time":"2 minutes"},"schema":{"@context":"https:\/\/schema.org","@graph":[{"@type":"WebPage","@id":"https:\/\/admin.industriall-union.org\/es\/archive\/imf\/el-fsm-celebra-su-decimo-aniversario\/","url":"https:\/\/admin.industriall-union.org\/es\/archive\/imf\/el-fsm-celebra-su-decimo-aniversario\/","name":"El FSM celebra su d\u00e9cimo aniversario - industriall-union","isPartOf":{"@id":"https:\/\/admin.industriall-union.org\/#website"},"datePublished":"2010-01-21T14:16:12+00:00","dateModified":"2025-01-31T10:09:23+00:00","breadcrumb":{"@id":"https:\/\/admin.industriall-union.org\/es\/archive\/imf\/el-fsm-celebra-su-decimo-aniversario\/#breadcrumb"},"inLanguage":"es-ES","potentialAction":[{"@type":"ReadAction","target":["https:\/\/admin.industriall-union.org\/es\/archive\/imf\/el-fsm-celebra-su-decimo-aniversario\/"]}]},{"@type":"BreadcrumbList","@id":"https:\/\/admin.industriall-union.org\/es\/archive\/imf\/el-fsm-celebra-su-decimo-aniversario\/#breadcrumb","itemListElement":[{"@type":"ListItem","position":1,"name":"Home","item":"https:\/\/admin.industriall-union.org\/"},{"@type":"ListItem","position":2,"name":"Archive Imf","item":"https:\/\/admin.industriall-union.org\/es\/archive\/imf\/"},{"@type":"ListItem","position":3,"name":"El FSM celebra su d\u00e9cimo aniversario"}]},{"@type":"WebSite","@id":"https:\/\/admin.industriall-union.org\/#website","url":"https:\/\/admin.industriall-union.org\/","name":"industriall-union","description":"","potentialAction":[{"@type":"SearchAction","target":{"@type":"EntryPoint","urlTemplate":"https:\/\/admin.industriall-union.org\/?s={search_term_string}"},"query-input":{"@type":"PropertyValueSpecification","valueRequired":true,"valueName":"search_term_string"}}],"inLanguage":"es-ES"}]}},"_links":{"self":[{"href":"https:\/\/admin.industriall-union.org\/es\/wp-json\/wp\/v2\/archive_imf\/202017","targetHints":{"allow":["GET"]}}],"collection":[{"href":"https:\/\/admin.industriall-union.org\/es\/wp-json\/wp\/v2\/archive_imf"}],"about":[{"href":"https:\/\/admin.industriall-union.org\/es\/wp-json\/wp\/v2\/types\/archive_imf"}],"wp:attachment":[{"href":"https:\/\/admin.industriall-union.org\/es\/wp-json\/wp\/v2\/media?parent=202017"}],"curies":[{"name":"wp","href":"https:\/\/api.w.org\/{rel}","templated":true}]}}