{"id":201961,"date":"2010-02-05T13:23:00","date_gmt":"2010-02-05T13:23:00","guid":{"rendered":"https:\/\/admin.industriall-union.org\/archive\/imf\/la-ulg-invita-a-solicitar-programas-master\/"},"modified":"2025-01-31T10:03:34","modified_gmt":"2025-01-31T10:03:34","slug":"la-ulg-invita-a-solicitar-programas-master","status":"publish","type":"archive_imf","link":"https:\/\/admin.industriall-union.org\/es\/archive\/imf\/la-ulg-invita-a-solicitar-programas-master\/","title":{"rendered":"La ULG invita a solicitar Programas M\u00e1ster"},"content":{"rendered":"MUNDO: La red de la Universidad Laboral Global (ULG) ofrece los siguientes Programas M\u00e1ster relacionados con el trabajo:<br \/><ul><li>Pol\u00edticas laborales y globalizaci\u00f3n (Alemania), <\/li><\/ul><ul><li>Trabajo y desarrollo, Pol\u00edtica econ\u00f3mica, Globalizaci\u00f3n y trabajo (Sud\u00e1frica), <\/li><\/ul><ul><li>Econom\u00eda social y trabajo (Brasil) <\/li><\/ul><ul><li>Globalizaci\u00f3n y trabajo (India) <\/li><\/ul><p>Los cursos se impartir\u00e1n en Alemania (Kassel\/Berl\u00edn) en la <a href=\"http:\/\/cms.uni-kassel.de\/unicms\/index.php?id=4872\">Universidad de Kassel <\/a>y en la Escuela de Econom\u00eda y Derecho de Berl\u00edn, en Sud\u00e1frica (Johannesburgo) en la <a href=\"http:\/\/www.wits.ac.za\/\">Universidad de Witwatersrand (WITS) <\/a>, en Brasil (Campinas, el Estado de S\u00e3o Paulo) en la<a href=\"http:\/\/www.unicamp.br\/unicamp\/en\/unicamp\"> Universidad del Estado de Campinas (Unicamp) <\/a>y en la India (Mumbai) en el<a href=\"http:\/\/www.tiss.edu\/\"> Instituto Tata de Ciencias Sociales (TISS)<\/a>. <br \/><br \/>Estos programas mundiales excepcionales son el resultado de la cooperaci\u00f3n entre las mencionadas universidades y organizaciones de trabajadores de todo el mundo, y est\u00e1n destinados a los candidatos con experiencia en movimientos laborales y sociales dispuestos a ayudar a organizaciones en esos campos a intervenir m\u00e1s efectivamente en el di\u00e1logo social, el debate p\u00fablico y la aplicaci\u00f3n de pol\u00edticas.<br \/><br \/>Los participantes en los cursos analizar\u00e1n y discutir\u00e1n en forma multidisciplinaria los desaf\u00edos de la globalizaci\u00f3n desde una perspectiva laboral y sindical. Los programas ofrecen un entorno multicultural y multirregional, procediendo alumnos y conferenciantes de pa\u00edses en desarrollo, en transici\u00f3n e industrializados.<br \/><br \/>Los cursos se impartir\u00e1n en ingl\u00e9s. La ULG alienta particularmente a las mujeres a solicitar la participaci\u00f3n. Se conceder\u00e1n becas, en n\u00famero limitado, previa solicitud. Para m\u00e1s detalles, normas para la solicitud y condiciones se ruega visitar el sitio web de la ULG <a href=\"http:\/\/www.global-labour-university.org\/\">http:\/\/www.global-labour-university.org\/<\/a>. <br \/><br \/>La Universidad Laboral Global, creada en 2004, es apoyada por la Organizaci\u00f3n Internacional de Trabajo (OIT), la <a href=\"http:\/\/www.boeckler.de\/cps\/rde\/xchg\/SID-3D0AB75D-131B5477\/hbs\/hs.xsl\/181.html\">Hans-Boeckler-Stiftung (HBS)<\/a>, la <a href=\"http:\/\/www.fes.de\/\">Friedrich-Ebert-Stiftung (FES)<\/a> y la <a href=\"http:\/\/www.bmz.de\/\">Bundesministerium f\u00fcr wirtschaftliche Zusammenarbeit und Entwicklung (BMZ)<\/a>. <\/p><p>&#160;<\/p>","protected":false},"featured_media":0,"template":"","class_list":["post-201961","archive_imf","type-archive_imf","status-publish","hentry"],"acf":[],"yoast_head":"<!-- This site is optimized with the Yoast SEO Premium plugin v27.1 (Yoast SEO v27.1) - https:\/\/yoast.com\/product\/yoast-seo-premium-wordpress\/ -->\n<title>La ULG invita a solicitar Programas M\u00e1ster - industriall-union<\/title>\n<meta name=\"robots\" content=\"index, follow, max-snippet:-1, max-image-preview:large, max-video-preview:-1\" \/>\n<link rel=\"canonical\" href=\"https:\/\/admin.industriall-union.org\/es\/archive\/imf\/la-ulg-invita-a-solicitar-programas-master\/\" \/>\n<meta property=\"og:locale\" content=\"es_ES\" \/>\n<meta property=\"og:type\" content=\"article\" \/>\n<meta property=\"og:title\" content=\"La ULG invita a solicitar Programas M\u00e1ster\" \/>\n<meta property=\"og:description\" content=\"MUNDO: La red de la Universidad Laboral Global (ULG) ofrece los siguientes Programas M\u00e1ster relacionados con el trabajo: Pol\u00edticas laborales y globalizaci\u00f3n (Alemania), Trabajo y desarrollo, Pol\u00edtica econ\u00f3mica, Globalizaci\u00f3n y trabajo (Sud\u00e1frica), Econom\u00eda social y trabajo (Brasil) Globalizaci\u00f3n y trabajo (India) Los cursos se impartir\u00e1n en Alemania (Kassel\/Berl\u00edn) en la Universidad de Kassel y en [&hellip;]\" \/>\n<meta property=\"og:url\" content=\"https:\/\/admin.industriall-union.org\/es\/archive\/imf\/la-ulg-invita-a-solicitar-programas-master\/\" \/>\n<meta property=\"og:site_name\" content=\"industriall-union\" \/>\n<meta property=\"article:modified_time\" content=\"2025-01-31T10:03:34+00:00\" \/>\n<meta name=\"twitter:card\" content=\"summary_large_image\" \/>\n<meta name=\"twitter:label1\" content=\"Est. reading time\" \/>\n\t<meta name=\"twitter:data1\" content=\"2 minutes\" \/>\n<script type=\"application\/ld+json\" class=\"yoast-schema-graph\">{\"@context\":\"https:\/\/schema.org\",\"@graph\":[{\"@type\":\"WebPage\",\"@id\":\"https:\/\/admin.industriall-union.org\/es\/archive\/imf\/la-ulg-invita-a-solicitar-programas-master\/\",\"url\":\"https:\/\/admin.industriall-union.org\/es\/archive\/imf\/la-ulg-invita-a-solicitar-programas-master\/\",\"name\":\"La ULG invita a solicitar Programas M\u00e1ster - industriall-union\",\"isPartOf\":{\"@id\":\"https:\/\/admin.industriall-union.org\/#website\"},\"datePublished\":\"2010-02-05T13:23:00+00:00\",\"dateModified\":\"2025-01-31T10:03:34+00:00\",\"breadcrumb\":{\"@id\":\"https:\/\/admin.industriall-union.org\/es\/archive\/imf\/la-ulg-invita-a-solicitar-programas-master\/#breadcrumb\"},\"inLanguage\":\"es-ES\",\"potentialAction\":[{\"@type\":\"ReadAction\",\"target\":[\"https:\/\/admin.industriall-union.org\/es\/archive\/imf\/la-ulg-invita-a-solicitar-programas-master\/\"]}]},{\"@type\":\"BreadcrumbList\",\"@id\":\"https:\/\/admin.industriall-union.org\/es\/archive\/imf\/la-ulg-invita-a-solicitar-programas-master\/#breadcrumb\",\"itemListElement\":[{\"@type\":\"ListItem\",\"position\":1,\"name\":\"Home\",\"item\":\"https:\/\/admin.industriall-union.org\/\"},{\"@type\":\"ListItem\",\"position\":2,\"name\":\"Archive Imf\",\"item\":\"https:\/\/admin.industriall-union.org\/es\/archive\/imf\/\"},{\"@type\":\"ListItem\",\"position\":3,\"name\":\"La ULG invita a solicitar Programas M\u00e1ster\"}]},{\"@type\":\"WebSite\",\"@id\":\"https:\/\/admin.industriall-union.org\/#website\",\"url\":\"https:\/\/admin.industriall-union.org\/\",\"name\":\"industriall-union\",\"description\":\"\",\"potentialAction\":[{\"@type\":\"SearchAction\",\"target\":{\"@type\":\"EntryPoint\",\"urlTemplate\":\"https:\/\/admin.industriall-union.org\/?s={search_term_string}\"},\"query-input\":{\"@type\":\"PropertyValueSpecification\",\"valueRequired\":true,\"valueName\":\"search_term_string\"}}],\"inLanguage\":\"es-ES\"}]}<\/script>\n<!-- \/ Yoast SEO Premium plugin. -->","yoast_head_json":{"title":"La ULG invita a solicitar Programas M\u00e1ster - industriall-union","robots":{"index":"index","follow":"follow","max-snippet":"max-snippet:-1","max-image-preview":"max-image-preview:large","max-video-preview":"max-video-preview:-1"},"canonical":"https:\/\/admin.industriall-union.org\/es\/archive\/imf\/la-ulg-invita-a-solicitar-programas-master\/","og_locale":"es_ES","og_type":"article","og_title":"La ULG invita a solicitar Programas M\u00e1ster","og_description":"MUNDO: La red de la Universidad Laboral Global (ULG) ofrece los siguientes Programas M\u00e1ster relacionados con el trabajo: Pol\u00edticas laborales y globalizaci\u00f3n (Alemania), Trabajo y desarrollo, Pol\u00edtica econ\u00f3mica, Globalizaci\u00f3n y trabajo (Sud\u00e1frica), Econom\u00eda social y trabajo (Brasil) Globalizaci\u00f3n y trabajo (India) Los cursos se impartir\u00e1n en Alemania (Kassel\/Berl\u00edn) en la Universidad de Kassel y en [&hellip;]","og_url":"https:\/\/admin.industriall-union.org\/es\/archive\/imf\/la-ulg-invita-a-solicitar-programas-master\/","og_site_name":"industriall-union","article_modified_time":"2025-01-31T10:03:34+00:00","twitter_card":"summary_large_image","twitter_misc":{"Est. reading time":"2 minutes"},"schema":{"@context":"https:\/\/schema.org","@graph":[{"@type":"WebPage","@id":"https:\/\/admin.industriall-union.org\/es\/archive\/imf\/la-ulg-invita-a-solicitar-programas-master\/","url":"https:\/\/admin.industriall-union.org\/es\/archive\/imf\/la-ulg-invita-a-solicitar-programas-master\/","name":"La ULG invita a solicitar Programas M\u00e1ster - industriall-union","isPartOf":{"@id":"https:\/\/admin.industriall-union.org\/#website"},"datePublished":"2010-02-05T13:23:00+00:00","dateModified":"2025-01-31T10:03:34+00:00","breadcrumb":{"@id":"https:\/\/admin.industriall-union.org\/es\/archive\/imf\/la-ulg-invita-a-solicitar-programas-master\/#breadcrumb"},"inLanguage":"es-ES","potentialAction":[{"@type":"ReadAction","target":["https:\/\/admin.industriall-union.org\/es\/archive\/imf\/la-ulg-invita-a-solicitar-programas-master\/"]}]},{"@type":"BreadcrumbList","@id":"https:\/\/admin.industriall-union.org\/es\/archive\/imf\/la-ulg-invita-a-solicitar-programas-master\/#breadcrumb","itemListElement":[{"@type":"ListItem","position":1,"name":"Home","item":"https:\/\/admin.industriall-union.org\/"},{"@type":"ListItem","position":2,"name":"Archive Imf","item":"https:\/\/admin.industriall-union.org\/es\/archive\/imf\/"},{"@type":"ListItem","position":3,"name":"La ULG invita a solicitar Programas M\u00e1ster"}]},{"@type":"WebSite","@id":"https:\/\/admin.industriall-union.org\/#website","url":"https:\/\/admin.industriall-union.org\/","name":"industriall-union","description":"","potentialAction":[{"@type":"SearchAction","target":{"@type":"EntryPoint","urlTemplate":"https:\/\/admin.industriall-union.org\/?s={search_term_string}"},"query-input":{"@type":"PropertyValueSpecification","valueRequired":true,"valueName":"search_term_string"}}],"inLanguage":"es-ES"}]}},"_links":{"self":[{"href":"https:\/\/admin.industriall-union.org\/es\/wp-json\/wp\/v2\/archive_imf\/201961","targetHints":{"allow":["GET"]}}],"collection":[{"href":"https:\/\/admin.industriall-union.org\/es\/wp-json\/wp\/v2\/archive_imf"}],"about":[{"href":"https:\/\/admin.industriall-union.org\/es\/wp-json\/wp\/v2\/types\/archive_imf"}],"wp:attachment":[{"href":"https:\/\/admin.industriall-union.org\/es\/wp-json\/wp\/v2\/media?parent=201961"}],"curies":[{"name":"wp","href":"https:\/\/api.w.org\/{rel}","templated":true}]}}