{"id":201911,"date":"2010-02-24T15:22:00","date_gmt":"2010-02-24T15:22:00","guid":{"rendered":"https:\/\/admin.industriall-union.org\/archive\/imf\/unidad-de-los-trabajadores-metalurgicos-mineros-y-maritimos\/"},"modified":"2025-01-31T10:03:17","modified_gmt":"2025-01-31T10:03:17","slug":"unidad-de-los-trabajadores-metalurgicos-mineros-y-maritimos","status":"publish","type":"archive_imf","link":"https:\/\/admin.industriall-union.org\/es\/archive\/imf\/unidad-de-los-trabajadores-metalurgicos-mineros-y-maritimos\/","title":{"rendered":"Unidad de los trabajadores metal\u00fargicos, mineros y mar\u00edtimos"},"content":{"rendered":"<p>ESTADOS UNIDOS: La Federaci\u00f3n Internacional de Trabajadores de las Industrias Metal\u00fargicas se uni\u00f3 a los l\u00edderes de sindicatos mineros y mar\u00edtimos que representan a los trabajadores en Canad\u00e1, Estados Unidos, Australia y Sud\u00e1frica los d\u00edas 16 y 17 de febrero para examinar la manera de intensificar los esfuerzos y la coordinaci\u00f3n para hacer frente a las empresas trasnacionales que atacan los derechos fundamentales de los trabajadores en todas partes.<br \/><br \/>La alianza estrat\u00e9gica, organizada por la Iniciativa Minera y Mar\u00edtima, se comprometi\u00f3 a trabajar conjuntamente para contrarrestar las masivas violaciones de los derechos de los trabajadores en las gigantescas compa\u00f1\u00edas mineras Grupo M\u00e9xico, Vale and Rio Tinto, donde tienen afiliados las tres federaciones sindicales internacionales, la FITIM, la Federaci\u00f3n Internacional de Trabajadores del Transporte (FITT) y la Federaci\u00f3n Internacional de Sindicatos de Trabajadores de la Qu\u00edmica, Energ\u00eda, Minas e Industrias Diversas (ICEM).<br \/><br \/>La violenta guerra de Grupo M\u00e9xico contra los trabajadores data de hace mucho. El Gobierno mexicano se ha aliado con Grupo M\u00e9xico en una campa\u00f1a de m\u00e1s de cuatro a\u00f1os de represi\u00f3n y abuso de poder para eliminar el Sindicato Nacional de Trabajadores Metal\u00fargicos, Mineros y Similares de la Rep\u00fablica Mexicana (SNTMMSRM). El SNTMMSRM, que es el sindicato independiente m\u00e1s fuerte del pa\u00eds, est\u00e1 afiliado a la FITIM y a la ICEM, y su l\u00edder, Napole\u00f3n G\u00f3mez Urrutia es miembro del Comit\u00e9 Ejecutivo de la FITIM. V\u00e9ase m\u00e1s <a href=\"..\/index.cfm?n=663&amp;l=2\">aqu\u00ed<\/a>. <br \/><br \/>En septiembre, la FITIM y la ICEM, con la ayuda de la FITT, iniciaron un esfuerzo mundial para poner de manifiesto los abusos de los derechos en todo el mundo por Vale, de propiedad brasile\u00f1a, y mostrar su solidaridad con 3.500 miembros del United Steelworkers (USW) en Canad\u00e1, que est\u00e1n en huelga desde el 13 de julio, despu\u00e9s de que los trabajadores se negaran a aceptar una dr\u00e1stica reducci\u00f3n de las condiciones y una mayor inseguridad en el empleo. V\u00e9ase m\u00e1s <a href=\"..\/index.cfm?c=21127&amp;ol=28\" target=\"_blank\">aqu\u00ed<\/a>. <br \/><br \/>La reuni\u00f3n se celebr\u00f3 en Palmdale, California, cerca de una mina de b\u00f3rax y de la planta de Rio Tinto, donde 600 miembros del &#8220;International Longshore and Warehouse Union&#8221; (ILWU) est\u00e1n sometidos a cierre patronal de la compa\u00f1\u00eda, en un intento por obligar a los trabajadores a aceptar un contrato de grandes concesiones, que comprende:\u00b7 <\/p><ul><li>       La conversi\u00f3n de empleos a tiempo completo en empleos a tiempo parcial, siempre que la direcci\u00f3n lo considere necesario<\/li><\/ul><ul><li>Facultades para reducir el sueldo de los empleados, cuando la compa\u00f1\u00eda lo considere necesario, con independencia de las tarifas salariales contratadas, y sin ning\u00fan derecho del trabajador a presentar una queja<\/li><\/ul><ul><li>Si Rio Tinto viola cualquier ley laboral estatal o federal, los trabajadores habr\u00e1n de pagar las sanciones legales, las multas, los da\u00f1os y los honorarios de abogado de la compa\u00f1\u00eda<\/li><\/ul><p>Los delegados a la reuni\u00f3n marcharon junto a los trabajadores de Rio Tinto sometidos al cierre patronal hasta las puertas de la planta, diciendo a la compa\u00f1\u00eda &quot;\u00a1Queremos trabajar!&quot; y prometiendo solidaridad mundial hasta .lograr que se haga justicia y todos los trabajadores de Rio Tinto del mundo sean tratados debidamente.<br \/><br \/>V\u00e9ase la declaraci\u00f3n Minera y Mar\u00edtima <a href=\"..\/files\/10022416214266\/MM_statement_Boron.pdf\">aqu\u00ed<\/a>.<\/p><p>&nbsp;<\/p>","protected":false},"featured_media":0,"template":"","class_list":["post-201911","archive_imf","type-archive_imf","status-publish","hentry"],"acf":[],"yoast_head":"<!-- This site is optimized with the Yoast SEO Premium plugin v27.1 (Yoast SEO v27.1) - https:\/\/yoast.com\/product\/yoast-seo-premium-wordpress\/ -->\n<title>Unidad de los trabajadores metal\u00fargicos, mineros y mar\u00edtimos - industriall-union<\/title>\n<meta name=\"robots\" content=\"index, follow, max-snippet:-1, max-image-preview:large, max-video-preview:-1\" \/>\n<link rel=\"canonical\" href=\"https:\/\/admin.industriall-union.org\/es\/archive\/imf\/unidad-de-los-trabajadores-metalurgicos-mineros-y-maritimos\/\" \/>\n<meta property=\"og:locale\" content=\"es_ES\" \/>\n<meta property=\"og:type\" content=\"article\" \/>\n<meta property=\"og:title\" content=\"Unidad de los trabajadores metal\u00fargicos, mineros y mar\u00edtimos\" \/>\n<meta property=\"og:description\" content=\"ESTADOS UNIDOS: La Federaci\u00f3n Internacional de Trabajadores de las Industrias Metal\u00fargicas se uni\u00f3 a los l\u00edderes de sindicatos mineros y mar\u00edtimos que representan a los trabajadores en Canad\u00e1, Estados Unidos, Australia y Sud\u00e1frica los d\u00edas 16 y 17 de febrero para examinar la manera de intensificar los esfuerzos y la coordinaci\u00f3n para hacer frente a [&hellip;]\" \/>\n<meta property=\"og:url\" content=\"https:\/\/admin.industriall-union.org\/es\/archive\/imf\/unidad-de-los-trabajadores-metalurgicos-mineros-y-maritimos\/\" \/>\n<meta property=\"og:site_name\" content=\"industriall-union\" \/>\n<meta property=\"article:modified_time\" content=\"2025-01-31T10:03:17+00:00\" \/>\n<meta name=\"twitter:card\" content=\"summary_large_image\" \/>\n<meta name=\"twitter:label1\" content=\"Est. reading time\" \/>\n\t<meta name=\"twitter:data1\" content=\"3 minutes\" \/>\n<script type=\"application\/ld+json\" class=\"yoast-schema-graph\">{\"@context\":\"https:\/\/schema.org\",\"@graph\":[{\"@type\":\"WebPage\",\"@id\":\"https:\/\/admin.industriall-union.org\/es\/archive\/imf\/unidad-de-los-trabajadores-metalurgicos-mineros-y-maritimos\/\",\"url\":\"https:\/\/admin.industriall-union.org\/es\/archive\/imf\/unidad-de-los-trabajadores-metalurgicos-mineros-y-maritimos\/\",\"name\":\"Unidad de los trabajadores metal\u00fargicos, mineros y mar\u00edtimos - industriall-union\",\"isPartOf\":{\"@id\":\"https:\/\/admin.industriall-union.org\/#website\"},\"datePublished\":\"2010-02-24T15:22:00+00:00\",\"dateModified\":\"2025-01-31T10:03:17+00:00\",\"breadcrumb\":{\"@id\":\"https:\/\/admin.industriall-union.org\/es\/archive\/imf\/unidad-de-los-trabajadores-metalurgicos-mineros-y-maritimos\/#breadcrumb\"},\"inLanguage\":\"es-ES\",\"potentialAction\":[{\"@type\":\"ReadAction\",\"target\":[\"https:\/\/admin.industriall-union.org\/es\/archive\/imf\/unidad-de-los-trabajadores-metalurgicos-mineros-y-maritimos\/\"]}]},{\"@type\":\"BreadcrumbList\",\"@id\":\"https:\/\/admin.industriall-union.org\/es\/archive\/imf\/unidad-de-los-trabajadores-metalurgicos-mineros-y-maritimos\/#breadcrumb\",\"itemListElement\":[{\"@type\":\"ListItem\",\"position\":1,\"name\":\"Home\",\"item\":\"https:\/\/admin.industriall-union.org\/\"},{\"@type\":\"ListItem\",\"position\":2,\"name\":\"Archive Imf\",\"item\":\"https:\/\/admin.industriall-union.org\/es\/archive\/imf\/\"},{\"@type\":\"ListItem\",\"position\":3,\"name\":\"Unidad de los trabajadores metal\u00fargicos, mineros y mar\u00edtimos\"}]},{\"@type\":\"WebSite\",\"@id\":\"https:\/\/admin.industriall-union.org\/#website\",\"url\":\"https:\/\/admin.industriall-union.org\/\",\"name\":\"industriall-union\",\"description\":\"\",\"potentialAction\":[{\"@type\":\"SearchAction\",\"target\":{\"@type\":\"EntryPoint\",\"urlTemplate\":\"https:\/\/admin.industriall-union.org\/?s={search_term_string}\"},\"query-input\":{\"@type\":\"PropertyValueSpecification\",\"valueRequired\":true,\"valueName\":\"search_term_string\"}}],\"inLanguage\":\"es-ES\"}]}<\/script>\n<!-- \/ Yoast SEO Premium plugin. -->","yoast_head_json":{"title":"Unidad de los trabajadores metal\u00fargicos, mineros y mar\u00edtimos - industriall-union","robots":{"index":"index","follow":"follow","max-snippet":"max-snippet:-1","max-image-preview":"max-image-preview:large","max-video-preview":"max-video-preview:-1"},"canonical":"https:\/\/admin.industriall-union.org\/es\/archive\/imf\/unidad-de-los-trabajadores-metalurgicos-mineros-y-maritimos\/","og_locale":"es_ES","og_type":"article","og_title":"Unidad de los trabajadores metal\u00fargicos, mineros y mar\u00edtimos","og_description":"ESTADOS UNIDOS: La Federaci\u00f3n Internacional de Trabajadores de las Industrias Metal\u00fargicas se uni\u00f3 a los l\u00edderes de sindicatos mineros y mar\u00edtimos que representan a los trabajadores en Canad\u00e1, Estados Unidos, Australia y Sud\u00e1frica los d\u00edas 16 y 17 de febrero para examinar la manera de intensificar los esfuerzos y la coordinaci\u00f3n para hacer frente a [&hellip;]","og_url":"https:\/\/admin.industriall-union.org\/es\/archive\/imf\/unidad-de-los-trabajadores-metalurgicos-mineros-y-maritimos\/","og_site_name":"industriall-union","article_modified_time":"2025-01-31T10:03:17+00:00","twitter_card":"summary_large_image","twitter_misc":{"Est. reading time":"3 minutes"},"schema":{"@context":"https:\/\/schema.org","@graph":[{"@type":"WebPage","@id":"https:\/\/admin.industriall-union.org\/es\/archive\/imf\/unidad-de-los-trabajadores-metalurgicos-mineros-y-maritimos\/","url":"https:\/\/admin.industriall-union.org\/es\/archive\/imf\/unidad-de-los-trabajadores-metalurgicos-mineros-y-maritimos\/","name":"Unidad de los trabajadores metal\u00fargicos, mineros y mar\u00edtimos - industriall-union","isPartOf":{"@id":"https:\/\/admin.industriall-union.org\/#website"},"datePublished":"2010-02-24T15:22:00+00:00","dateModified":"2025-01-31T10:03:17+00:00","breadcrumb":{"@id":"https:\/\/admin.industriall-union.org\/es\/archive\/imf\/unidad-de-los-trabajadores-metalurgicos-mineros-y-maritimos\/#breadcrumb"},"inLanguage":"es-ES","potentialAction":[{"@type":"ReadAction","target":["https:\/\/admin.industriall-union.org\/es\/archive\/imf\/unidad-de-los-trabajadores-metalurgicos-mineros-y-maritimos\/"]}]},{"@type":"BreadcrumbList","@id":"https:\/\/admin.industriall-union.org\/es\/archive\/imf\/unidad-de-los-trabajadores-metalurgicos-mineros-y-maritimos\/#breadcrumb","itemListElement":[{"@type":"ListItem","position":1,"name":"Home","item":"https:\/\/admin.industriall-union.org\/"},{"@type":"ListItem","position":2,"name":"Archive Imf","item":"https:\/\/admin.industriall-union.org\/es\/archive\/imf\/"},{"@type":"ListItem","position":3,"name":"Unidad de los trabajadores metal\u00fargicos, mineros y mar\u00edtimos"}]},{"@type":"WebSite","@id":"https:\/\/admin.industriall-union.org\/#website","url":"https:\/\/admin.industriall-union.org\/","name":"industriall-union","description":"","potentialAction":[{"@type":"SearchAction","target":{"@type":"EntryPoint","urlTemplate":"https:\/\/admin.industriall-union.org\/?s={search_term_string}"},"query-input":{"@type":"PropertyValueSpecification","valueRequired":true,"valueName":"search_term_string"}}],"inLanguage":"es-ES"}]}},"_links":{"self":[{"href":"https:\/\/admin.industriall-union.org\/es\/wp-json\/wp\/v2\/archive_imf\/201911","targetHints":{"allow":["GET"]}}],"collection":[{"href":"https:\/\/admin.industriall-union.org\/es\/wp-json\/wp\/v2\/archive_imf"}],"about":[{"href":"https:\/\/admin.industriall-union.org\/es\/wp-json\/wp\/v2\/types\/archive_imf"}],"wp:attachment":[{"href":"https:\/\/admin.industriall-union.org\/es\/wp-json\/wp\/v2\/media?parent=201911"}],"curies":[{"name":"wp","href":"https:\/\/api.w.org\/{rel}","templated":true}]}}