{"id":201659,"date":"2010-05-17T13:20:00","date_gmt":"2010-05-17T13:20:00","guid":{"rendered":"https:\/\/admin.industriall-union.org\/archive\/imf\/conferencia-mundial-sobre-sostenibilidad\/"},"modified":"2025-01-31T09:53:51","modified_gmt":"2025-01-31T09:53:51","slug":"conferencia-mundial-sobre-sostenibilidad","status":"publish","type":"archive_imf","link":"https:\/\/admin.industriall-union.org\/es\/archive\/imf\/conferencia-mundial-sobre-sostenibilidad\/","title":{"rendered":"Conferencia mundial sobre sostenibilidad"},"content":{"rendered":"CANADA: El mes pr\u00f3ximo, la Federaci\u00f3n Internacional de  Sindicatos de Trabajadores de la Qu\u00edmica, Energ\u00eda, Minas e Industrias  Diversas (ICEM) y la FITIM dirigir\u00e1n un foro esencial para los  sindicatos industriales y de fabricaci\u00f3n sobre el desarrollo sostenible.  Los d\u00edas 18 y 19 de junio de 2010, las dos Federaciones Sindicales  Internacionales &#8212; y sus afiliados canadienses &#8212; celebrar\u00e1n una  conferencia titulada  &#8220;La triple crisis de la sostenibilidad&#8221;, en  Toronto, Ontario, precediendo a las reuniones en la cumbre del G8 y del  G20, que tendr\u00e1n lugar all\u00ed.<br \/><br \/>No hay duda de que el hundimiento  econ\u00f3mico, la degradaci\u00f3n del medio ambiente, y los efectos sociales  negativos resultantes han afectado considerablemente a los trabajadores y  a sus familias y comunidades. La falta de reglamentaci\u00f3n mundial  efectiva y de gobernanza financiera de los mercados ha contribuido a la  magnitud de estas crisis.<br \/><br \/>De la Conferencia Mundial sobre  Sostenibilidad de Toronto saldr\u00e1 una declaraci\u00f3n que se transmitir\u00e1 a  las cumbres del G8 y del G20, en la que se pedir\u00e1 que los l\u00edderes  econ\u00f3micos y pol\u00edticos mundiales tomen medidas decisivas para invertir  la espiral social sentida por la mayor\u00eda de las personas del mundo, y  comiencen a aplicarse verdaderas soluciones favorables a los  trabajadores sobre el cambio clim\u00e1tico y un futuro econ\u00f3mico sostenible.<br \/><br \/>En  la Conferencia habr\u00e1 discusiones en grupo, as\u00ed como discursos de  notables expertos sobre la crisis econ\u00f3mica, sostenibilidad y gobernanza  mundial. Adem\u00e1s, se ofrecer\u00e1n amplias oportunidades a los l\u00edderes  sindicales de la ICEM y de los afiliados a la FITIM, as\u00ed como a otros,  para exponer c\u00f3mo han respondido los trabajadores a una crisis que no  han provocado.<br \/><br \/>La Conferencia se celebrar\u00e1 en el Dominion  Ballroom del Sheraton Centre Hotel, Toronto, 123 Queen Street West. La  ICEM ha reservado una serie de habitaciones. El bolet\u00edn de inscripci\u00f3n  puede encontrarse <a href=\"http:\/\/www.icem.org\/files\/PDF\/EN%20sust.dev%20Attendance%20form.pdf\">aqu\u00ed<\/a>  y debe devolverse inmediatamente a <a href=\"mailto:Fanja.rasolomanana@icem.org\">Fanja.rasolomanana@icem.org<\/a>  para obtener una r\u00e1pida reserva.<br \/><br \/>Los trabajadores tienen una  funci\u00f3n esencial que desempe\u00f1ar en la creaci\u00f3n de un futuro que saque a  la gente de la pobreza, protegiendo al mismo tiempo el medio ambiente.  La ICEM y la FITIM creen que es preciso poner fin al saqueo sistem\u00e1tico  de la econom\u00eda mundial por especuladores sin escr\u00fapulos. El Pacto por el  Empleo, elaborado por la OIT, es una propuesta para salir de la crisis  financiera originada por la codicia y por la falta de supervisi\u00f3n.<br \/><br \/>En  cuanto al medio ambiente, los sindicatos industriales transmitir\u00e1n en  Copenhague el mensaje de que es necesario un acuerdo justo, ambicioso y  legalmente vinculante sobre las emisiones mundiales de gases de efecto  invernadero, pero situando en primera l\u00ednea las leg\u00edtimas preocupaciones  de los trabajadores por el trabajo decente, la justicia social y los  empleos sostenibles de larga duraci\u00f3n. No puede haber empleos o medio  ambiente, tiene que haber ambos, o, finalmente, no habr\u00e1 ninguno.<br \/><br \/>Las  crisis de hundimiento de las econom\u00edas, inacci\u00f3n sobre el medio  ambiente y des\u00f3rdenes sociales est\u00e1n interconectadas. El objetivo de la  Conferencia de la ICEM y de la FITIM ser\u00e1 que se escuchen las voces de  los trabajadores sobre estos asuntos al m\u00e1s alto nivel. Los empleos, los  derechos de los trabajadores, las protecciones sociales, los servicios  p\u00fablicos de calidad y la sostenibilidad son los principales puntos de  este programa.","protected":false},"featured_media":0,"template":"","class_list":["post-201659","archive_imf","type-archive_imf","status-publish","hentry"],"acf":[],"yoast_head":"<!-- This site is optimized with the Yoast SEO Premium plugin v27.1 (Yoast SEO v27.1) - https:\/\/yoast.com\/product\/yoast-seo-premium-wordpress\/ -->\n<title>Conferencia mundial sobre sostenibilidad - industriall-union<\/title>\n<meta name=\"robots\" content=\"index, follow, max-snippet:-1, max-image-preview:large, max-video-preview:-1\" \/>\n<link rel=\"canonical\" href=\"https:\/\/admin.industriall-union.org\/es\/archive\/imf\/conferencia-mundial-sobre-sostenibilidad\/\" \/>\n<meta property=\"og:locale\" content=\"es_ES\" \/>\n<meta property=\"og:type\" content=\"article\" \/>\n<meta property=\"og:title\" content=\"Conferencia mundial sobre sostenibilidad\" \/>\n<meta property=\"og:description\" content=\"CANADA: El mes pr\u00f3ximo, la Federaci\u00f3n Internacional de Sindicatos de Trabajadores de la Qu\u00edmica, Energ\u00eda, Minas e Industrias Diversas (ICEM) y la FITIM dirigir\u00e1n un foro esencial para los sindicatos industriales y de fabricaci\u00f3n sobre el desarrollo sostenible. Los d\u00edas 18 y 19 de junio de 2010, las dos Federaciones Sindicales Internacionales &#8212; y sus [&hellip;]\" \/>\n<meta property=\"og:url\" content=\"https:\/\/admin.industriall-union.org\/es\/archive\/imf\/conferencia-mundial-sobre-sostenibilidad\/\" \/>\n<meta property=\"og:site_name\" content=\"industriall-union\" \/>\n<meta property=\"article:modified_time\" content=\"2025-01-31T09:53:51+00:00\" \/>\n<meta name=\"twitter:card\" content=\"summary_large_image\" \/>\n<meta name=\"twitter:label1\" content=\"Est. reading time\" \/>\n\t<meta name=\"twitter:data1\" content=\"3 minutes\" \/>\n<script type=\"application\/ld+json\" class=\"yoast-schema-graph\">{\"@context\":\"https:\/\/schema.org\",\"@graph\":[{\"@type\":\"WebPage\",\"@id\":\"https:\/\/admin.industriall-union.org\/es\/archive\/imf\/conferencia-mundial-sobre-sostenibilidad\/\",\"url\":\"https:\/\/admin.industriall-union.org\/es\/archive\/imf\/conferencia-mundial-sobre-sostenibilidad\/\",\"name\":\"Conferencia mundial sobre sostenibilidad - industriall-union\",\"isPartOf\":{\"@id\":\"https:\/\/admin.industriall-union.org\/#website\"},\"datePublished\":\"2010-05-17T13:20:00+00:00\",\"dateModified\":\"2025-01-31T09:53:51+00:00\",\"breadcrumb\":{\"@id\":\"https:\/\/admin.industriall-union.org\/es\/archive\/imf\/conferencia-mundial-sobre-sostenibilidad\/#breadcrumb\"},\"inLanguage\":\"es-ES\",\"potentialAction\":[{\"@type\":\"ReadAction\",\"target\":[\"https:\/\/admin.industriall-union.org\/es\/archive\/imf\/conferencia-mundial-sobre-sostenibilidad\/\"]}]},{\"@type\":\"BreadcrumbList\",\"@id\":\"https:\/\/admin.industriall-union.org\/es\/archive\/imf\/conferencia-mundial-sobre-sostenibilidad\/#breadcrumb\",\"itemListElement\":[{\"@type\":\"ListItem\",\"position\":1,\"name\":\"Home\",\"item\":\"https:\/\/admin.industriall-union.org\/\"},{\"@type\":\"ListItem\",\"position\":2,\"name\":\"Archive Imf\",\"item\":\"https:\/\/admin.industriall-union.org\/es\/archive\/imf\/\"},{\"@type\":\"ListItem\",\"position\":3,\"name\":\"Conferencia mundial sobre sostenibilidad\"}]},{\"@type\":\"WebSite\",\"@id\":\"https:\/\/admin.industriall-union.org\/#website\",\"url\":\"https:\/\/admin.industriall-union.org\/\",\"name\":\"industriall-union\",\"description\":\"\",\"potentialAction\":[{\"@type\":\"SearchAction\",\"target\":{\"@type\":\"EntryPoint\",\"urlTemplate\":\"https:\/\/admin.industriall-union.org\/?s={search_term_string}\"},\"query-input\":{\"@type\":\"PropertyValueSpecification\",\"valueRequired\":true,\"valueName\":\"search_term_string\"}}],\"inLanguage\":\"es-ES\"}]}<\/script>\n<!-- \/ Yoast SEO Premium plugin. -->","yoast_head_json":{"title":"Conferencia mundial sobre sostenibilidad - industriall-union","robots":{"index":"index","follow":"follow","max-snippet":"max-snippet:-1","max-image-preview":"max-image-preview:large","max-video-preview":"max-video-preview:-1"},"canonical":"https:\/\/admin.industriall-union.org\/es\/archive\/imf\/conferencia-mundial-sobre-sostenibilidad\/","og_locale":"es_ES","og_type":"article","og_title":"Conferencia mundial sobre sostenibilidad","og_description":"CANADA: El mes pr\u00f3ximo, la Federaci\u00f3n Internacional de Sindicatos de Trabajadores de la Qu\u00edmica, Energ\u00eda, Minas e Industrias Diversas (ICEM) y la FITIM dirigir\u00e1n un foro esencial para los sindicatos industriales y de fabricaci\u00f3n sobre el desarrollo sostenible. Los d\u00edas 18 y 19 de junio de 2010, las dos Federaciones Sindicales Internacionales &#8212; y sus [&hellip;]","og_url":"https:\/\/admin.industriall-union.org\/es\/archive\/imf\/conferencia-mundial-sobre-sostenibilidad\/","og_site_name":"industriall-union","article_modified_time":"2025-01-31T09:53:51+00:00","twitter_card":"summary_large_image","twitter_misc":{"Est. reading time":"3 minutes"},"schema":{"@context":"https:\/\/schema.org","@graph":[{"@type":"WebPage","@id":"https:\/\/admin.industriall-union.org\/es\/archive\/imf\/conferencia-mundial-sobre-sostenibilidad\/","url":"https:\/\/admin.industriall-union.org\/es\/archive\/imf\/conferencia-mundial-sobre-sostenibilidad\/","name":"Conferencia mundial sobre sostenibilidad - industriall-union","isPartOf":{"@id":"https:\/\/admin.industriall-union.org\/#website"},"datePublished":"2010-05-17T13:20:00+00:00","dateModified":"2025-01-31T09:53:51+00:00","breadcrumb":{"@id":"https:\/\/admin.industriall-union.org\/es\/archive\/imf\/conferencia-mundial-sobre-sostenibilidad\/#breadcrumb"},"inLanguage":"es-ES","potentialAction":[{"@type":"ReadAction","target":["https:\/\/admin.industriall-union.org\/es\/archive\/imf\/conferencia-mundial-sobre-sostenibilidad\/"]}]},{"@type":"BreadcrumbList","@id":"https:\/\/admin.industriall-union.org\/es\/archive\/imf\/conferencia-mundial-sobre-sostenibilidad\/#breadcrumb","itemListElement":[{"@type":"ListItem","position":1,"name":"Home","item":"https:\/\/admin.industriall-union.org\/"},{"@type":"ListItem","position":2,"name":"Archive Imf","item":"https:\/\/admin.industriall-union.org\/es\/archive\/imf\/"},{"@type":"ListItem","position":3,"name":"Conferencia mundial sobre sostenibilidad"}]},{"@type":"WebSite","@id":"https:\/\/admin.industriall-union.org\/#website","url":"https:\/\/admin.industriall-union.org\/","name":"industriall-union","description":"","potentialAction":[{"@type":"SearchAction","target":{"@type":"EntryPoint","urlTemplate":"https:\/\/admin.industriall-union.org\/?s={search_term_string}"},"query-input":{"@type":"PropertyValueSpecification","valueRequired":true,"valueName":"search_term_string"}}],"inLanguage":"es-ES"}]}},"_links":{"self":[{"href":"https:\/\/admin.industriall-union.org\/es\/wp-json\/wp\/v2\/archive_imf\/201659","targetHints":{"allow":["GET"]}}],"collection":[{"href":"https:\/\/admin.industriall-union.org\/es\/wp-json\/wp\/v2\/archive_imf"}],"about":[{"href":"https:\/\/admin.industriall-union.org\/es\/wp-json\/wp\/v2\/types\/archive_imf"}],"wp:attachment":[{"href":"https:\/\/admin.industriall-union.org\/es\/wp-json\/wp\/v2\/media?parent=201659"}],"curies":[{"name":"wp","href":"https:\/\/api.w.org\/{rel}","templated":true}]}}