{"id":201431,"date":"2010-07-06T12:16:00","date_gmt":"2010-07-06T12:16:00","guid":{"rendered":"https:\/\/admin.industriall-union.org\/archive\/imf\/mejora-de-la-salud-y-la-seguridad-en-el-trabajo-en-los-balcanes\/"},"modified":"2025-01-31T09:48:37","modified_gmt":"2025-01-31T09:48:37","slug":"mejora-de-la-salud-y-la-seguridad-en-el-trabajo-en-los-balcanes","status":"publish","type":"archive_imf","link":"https:\/\/admin.industriall-union.org\/es\/archive\/imf\/mejora-de-la-salud-y-la-seguridad-en-el-trabajo-en-los-balcanes\/","title":{"rendered":"Mejora de la salud y la seguridad en el trabajo en los Balcanes"},"content":{"rendered":"<!--[if gte mso 9]&gt;     Normal   0   21         false   false   false                             MicrosoftInternetExplorer4   &lt;![endif]--><!--[if gte mso 9]&gt;     &lt;![endif]-->  <!--[if gte mso 10]&gt;   \/* Style Definitions *\/  table.MsoNormalTable \t{mso-style-name:\"Table Normal\"; \tmso-tstyle-rowband-size:0; \tmso-tstyle-colband-size:0; \tmso-style-noshow:yes; \tmso-style-parent:\"\"; \tmso-padding-alt:0cm 5.4pt 0cm 5.4pt; \tmso-para-margin:0cm; \tmso-para-margin-bottom:.0001pt; \tmso-pagination:widow-orphan; \tfont-size:10.0pt; \tfont-family:\"Times New Roman\"; \tmso-ansi-language:#0400; \tmso-fareast-language:#0400; \tmso-bidi-language:#0400;}  &lt;![endif]-->SARAJEVO: \u00a0Del 29 de junio al 1 de julio de 2010 se celebr\u00f3 en Sarajevo (Bosnia y Herzegovina) la tercera y \u00faltima fase del Proyecto de salud y serguridad en el trabajo de la FITIM para afiliados de la ex Yugoslavia.\u00a0 Este proyecto, iniciado en 2008 en Belgrado (Serbia) abarcaba los sectores del acero y metales no ferrosos, de especial relevancia para los sindicatos metal\u00fargicos en la regi\u00f3n y en los que hay un elevado n\u00famero de accidentes profesionales y enfermedades relacionadas con el trabajo, debido con frecuencia a la falta de formaci\u00f3n adecuada y de conocimientos de los riesgos en materia de salud y seguridad.\u00a0 El proyecto ha contado con el apoyo de la Agencia Espa\u00f1ola de Cooperaci\u00f3n Internacional para el Desarrollo (AECID), a trav\u00e9s del Instituto Sindical de Cooperaci\u00f3n al Desarrollo (ISCOD), y se ha realizado en estrecha cooperaci\u00f3n con MCA-UGT, afiliado espa\u00f1ol a la FIITM.  <p>El proyecto gir\u00f3 en torno a tres l\u00edneas de trabajo principales que fueron el tema de tres seminarios:\u00a0 a) el marco legislativo y las normas de salud y seguridad en el trabajo;\u00a0 b) an\u00e1lisis de riesgos y t\u00e9cnicas de prevenci\u00f3n, y c) di\u00e1logo social y negociaci\u00f3n colectiva, que fueron el tema principal del tercer seminario. <\/p>  <p>Representantes de los gobiernos espa\u00f1ol y croata, as\u00ed como de la Asociaci\u00f3n sider\u00fargica espa\u00f1ola UNESID participaron en una mesa redonda sobre el desarrollo del di\u00e1logo social y la negociaci\u00f3n colectiva, sentando las bases para la presentaci\u00f3n de demandas colectivas en el \u00e1mbito de la salud y la seguridad.\u00a0 Se insisti\u00f3 mucho en la importancia de comit\u00e9s de salud y seguridad activos y eficaces y en la vigilancia continua de la salud de los trabajadores como medio de prevenir riesgos.\u00a0 Los participantes tambi\u00e9n pudieron interactuar durante las activades de trabajo en grupo organizadas como parte del programa.<\/p>  <p>Se dedic\u00f3 una sesi\u00f3n del seminario a la inspecci\u00f3n del trabajo, que se ha considerado un v\u00ednculo particularmente d\u00e9bil en las pol\u00edticas de prevenci\u00f3n en toda la regi\u00f3n.\u00a0 Expertos de Espa\u00f1a, Bosnia y Herzegovina, de la Oficina de la OIT en Budapest y del Instituto Sindical Europeo hicieron esclarecedoras presentaciones, ofreciendo una perspectiva nacional, europea y mundial sobre la necesidad de reforzar la eficacia y los efectos de la inspecci\u00f3n del trabajo en la regi\u00f3n, avanzando hacia organizaciones m\u00e1s orientadas a la prevenci\u00f3n.<\/p>  <p>Como parte de la aplicaci\u00f3n de su Programa de Acci\u00f3n 2009-2013, la FITIM seguir\u00e1 promoviendo el desarrollo de actividades sobre salud y seguridad en el trabajo en la regi\u00f3n con miras a fortalecer a los sindicatos, apoyar sus esfuerzos a nivel nacional y empresarial para impartir formaci\u00f3n sobre salud y seguridad y elaborar estrategias de organizaci\u00f3n en lugares de trabajo mejores y m\u00e1s seguros.\u00a0 El material producido en idioma nacional durante el proyecto se utilizar\u00e1 como instrumento de informaci\u00f3n y educativo para fomentar los objetivos sindicales en esta zona.<\/p>  <p>La salud no se vende &#8211; La salud es un derecho fundamental que ha de defenderse.\u00a0 Esto se ha convertido en el principal eslogan para la acci\u00f3n sindical y las campa\u00f1as en la regi\u00f3n que es preciso desarrollar m\u00e1s.<\/p>    ","protected":false},"featured_media":0,"template":"","class_list":["post-201431","archive_imf","type-archive_imf","status-publish","hentry"],"acf":[],"yoast_head":"<!-- This site is optimized with the Yoast SEO Premium plugin v27.1 (Yoast SEO v27.1) - https:\/\/yoast.com\/product\/yoast-seo-premium-wordpress\/ -->\n<title>Mejora de la salud y la seguridad en el trabajo en los Balcanes - industriall-union<\/title>\n<meta name=\"robots\" content=\"index, follow, max-snippet:-1, max-image-preview:large, max-video-preview:-1\" \/>\n<link rel=\"canonical\" href=\"https:\/\/admin.industriall-union.org\/es\/archive\/imf\/mejora-de-la-salud-y-la-seguridad-en-el-trabajo-en-los-balcanes\/\" \/>\n<meta property=\"og:locale\" content=\"es_ES\" \/>\n<meta property=\"og:type\" content=\"article\" \/>\n<meta property=\"og:title\" content=\"Mejora de la salud y la seguridad en el trabajo en los Balcanes\" \/>\n<meta property=\"og:description\" content=\"SARAJEVO: \u00a0Del 29 de junio al 1 de julio de 2010 se celebr\u00f3 en Sarajevo (Bosnia y Herzegovina) la tercera y \u00faltima fase del Proyecto de salud y serguridad en el trabajo de la FITIM para afiliados de la ex Yugoslavia.\u00a0 Este proyecto, iniciado en 2008 en Belgrado (Serbia) abarcaba los sectores del acero y [&hellip;]\" \/>\n<meta property=\"og:url\" content=\"https:\/\/admin.industriall-union.org\/es\/archive\/imf\/mejora-de-la-salud-y-la-seguridad-en-el-trabajo-en-los-balcanes\/\" \/>\n<meta property=\"og:site_name\" content=\"industriall-union\" \/>\n<meta property=\"article:modified_time\" content=\"2025-01-31T09:48:37+00:00\" \/>\n<meta name=\"twitter:card\" content=\"summary_large_image\" \/>\n<meta name=\"twitter:label1\" content=\"Est. reading time\" \/>\n\t<meta name=\"twitter:data1\" content=\"3 minutes\" \/>\n<script type=\"application\/ld+json\" class=\"yoast-schema-graph\">{\"@context\":\"https:\/\/schema.org\",\"@graph\":[{\"@type\":\"WebPage\",\"@id\":\"https:\/\/admin.industriall-union.org\/es\/archive\/imf\/mejora-de-la-salud-y-la-seguridad-en-el-trabajo-en-los-balcanes\/\",\"url\":\"https:\/\/admin.industriall-union.org\/es\/archive\/imf\/mejora-de-la-salud-y-la-seguridad-en-el-trabajo-en-los-balcanes\/\",\"name\":\"Mejora de la salud y la seguridad en el trabajo en los Balcanes - industriall-union\",\"isPartOf\":{\"@id\":\"https:\/\/admin.industriall-union.org\/#website\"},\"datePublished\":\"2010-07-06T12:16:00+00:00\",\"dateModified\":\"2025-01-31T09:48:37+00:00\",\"breadcrumb\":{\"@id\":\"https:\/\/admin.industriall-union.org\/es\/archive\/imf\/mejora-de-la-salud-y-la-seguridad-en-el-trabajo-en-los-balcanes\/#breadcrumb\"},\"inLanguage\":\"es-ES\",\"potentialAction\":[{\"@type\":\"ReadAction\",\"target\":[\"https:\/\/admin.industriall-union.org\/es\/archive\/imf\/mejora-de-la-salud-y-la-seguridad-en-el-trabajo-en-los-balcanes\/\"]}]},{\"@type\":\"BreadcrumbList\",\"@id\":\"https:\/\/admin.industriall-union.org\/es\/archive\/imf\/mejora-de-la-salud-y-la-seguridad-en-el-trabajo-en-los-balcanes\/#breadcrumb\",\"itemListElement\":[{\"@type\":\"ListItem\",\"position\":1,\"name\":\"Home\",\"item\":\"https:\/\/admin.industriall-union.org\/\"},{\"@type\":\"ListItem\",\"position\":2,\"name\":\"Archive Imf\",\"item\":\"https:\/\/admin.industriall-union.org\/es\/archive\/imf\/\"},{\"@type\":\"ListItem\",\"position\":3,\"name\":\"Mejora de la salud y la seguridad en el trabajo en los Balcanes\"}]},{\"@type\":\"WebSite\",\"@id\":\"https:\/\/admin.industriall-union.org\/#website\",\"url\":\"https:\/\/admin.industriall-union.org\/\",\"name\":\"industriall-union\",\"description\":\"\",\"potentialAction\":[{\"@type\":\"SearchAction\",\"target\":{\"@type\":\"EntryPoint\",\"urlTemplate\":\"https:\/\/admin.industriall-union.org\/?s={search_term_string}\"},\"query-input\":{\"@type\":\"PropertyValueSpecification\",\"valueRequired\":true,\"valueName\":\"search_term_string\"}}],\"inLanguage\":\"es-ES\"}]}<\/script>\n<!-- \/ Yoast SEO Premium plugin. -->","yoast_head_json":{"title":"Mejora de la salud y la seguridad en el trabajo en los Balcanes - industriall-union","robots":{"index":"index","follow":"follow","max-snippet":"max-snippet:-1","max-image-preview":"max-image-preview:large","max-video-preview":"max-video-preview:-1"},"canonical":"https:\/\/admin.industriall-union.org\/es\/archive\/imf\/mejora-de-la-salud-y-la-seguridad-en-el-trabajo-en-los-balcanes\/","og_locale":"es_ES","og_type":"article","og_title":"Mejora de la salud y la seguridad en el trabajo en los Balcanes","og_description":"SARAJEVO: \u00a0Del 29 de junio al 1 de julio de 2010 se celebr\u00f3 en Sarajevo (Bosnia y Herzegovina) la tercera y \u00faltima fase del Proyecto de salud y serguridad en el trabajo de la FITIM para afiliados de la ex Yugoslavia.\u00a0 Este proyecto, iniciado en 2008 en Belgrado (Serbia) abarcaba los sectores del acero y [&hellip;]","og_url":"https:\/\/admin.industriall-union.org\/es\/archive\/imf\/mejora-de-la-salud-y-la-seguridad-en-el-trabajo-en-los-balcanes\/","og_site_name":"industriall-union","article_modified_time":"2025-01-31T09:48:37+00:00","twitter_card":"summary_large_image","twitter_misc":{"Est. reading time":"3 minutes"},"schema":{"@context":"https:\/\/schema.org","@graph":[{"@type":"WebPage","@id":"https:\/\/admin.industriall-union.org\/es\/archive\/imf\/mejora-de-la-salud-y-la-seguridad-en-el-trabajo-en-los-balcanes\/","url":"https:\/\/admin.industriall-union.org\/es\/archive\/imf\/mejora-de-la-salud-y-la-seguridad-en-el-trabajo-en-los-balcanes\/","name":"Mejora de la salud y la seguridad en el trabajo en los Balcanes - industriall-union","isPartOf":{"@id":"https:\/\/admin.industriall-union.org\/#website"},"datePublished":"2010-07-06T12:16:00+00:00","dateModified":"2025-01-31T09:48:37+00:00","breadcrumb":{"@id":"https:\/\/admin.industriall-union.org\/es\/archive\/imf\/mejora-de-la-salud-y-la-seguridad-en-el-trabajo-en-los-balcanes\/#breadcrumb"},"inLanguage":"es-ES","potentialAction":[{"@type":"ReadAction","target":["https:\/\/admin.industriall-union.org\/es\/archive\/imf\/mejora-de-la-salud-y-la-seguridad-en-el-trabajo-en-los-balcanes\/"]}]},{"@type":"BreadcrumbList","@id":"https:\/\/admin.industriall-union.org\/es\/archive\/imf\/mejora-de-la-salud-y-la-seguridad-en-el-trabajo-en-los-balcanes\/#breadcrumb","itemListElement":[{"@type":"ListItem","position":1,"name":"Home","item":"https:\/\/admin.industriall-union.org\/"},{"@type":"ListItem","position":2,"name":"Archive Imf","item":"https:\/\/admin.industriall-union.org\/es\/archive\/imf\/"},{"@type":"ListItem","position":3,"name":"Mejora de la salud y la seguridad en el trabajo en los Balcanes"}]},{"@type":"WebSite","@id":"https:\/\/admin.industriall-union.org\/#website","url":"https:\/\/admin.industriall-union.org\/","name":"industriall-union","description":"","potentialAction":[{"@type":"SearchAction","target":{"@type":"EntryPoint","urlTemplate":"https:\/\/admin.industriall-union.org\/?s={search_term_string}"},"query-input":{"@type":"PropertyValueSpecification","valueRequired":true,"valueName":"search_term_string"}}],"inLanguage":"es-ES"}]}},"_links":{"self":[{"href":"https:\/\/admin.industriall-union.org\/es\/wp-json\/wp\/v2\/archive_imf\/201431","targetHints":{"allow":["GET"]}}],"collection":[{"href":"https:\/\/admin.industriall-union.org\/es\/wp-json\/wp\/v2\/archive_imf"}],"about":[{"href":"https:\/\/admin.industriall-union.org\/es\/wp-json\/wp\/v2\/types\/archive_imf"}],"wp:attachment":[{"href":"https:\/\/admin.industriall-union.org\/es\/wp-json\/wp\/v2\/media?parent=201431"}],"curies":[{"name":"wp","href":"https:\/\/api.w.org\/{rel}","templated":true}]}}