{"id":201189,"date":"2010-09-09T12:45:00","date_gmt":"2010-09-09T12:45:00","guid":{"rendered":"https:\/\/admin.industriall-union.org\/archive\/imf\/trabajadores-agredidos-en-la-mina-de-cananea-del-grupo-mexico\/"},"modified":"2025-01-31T09:39:22","modified_gmt":"2025-01-31T09:39:22","slug":"trabajadores-agredidos-en-la-mina-de-cananea-del-grupo-mexico","status":"publish","type":"archive_imf","link":"https:\/\/admin.industriall-union.org\/es\/archive\/imf\/trabajadores-agredidos-en-la-mina-de-cananea-del-grupo-mexico\/","title":{"rendered":"Trabajadores agredidos en la mina de Cananea del Grupo M\u00e9xico"},"content":{"rendered":"<p>M\u00c9XICO: La FITIM ha recibido la noche anterior informes de que en la ma\u00f1ana del 8 de septiembre unos 600 esquiroles y polic\u00edas federales en atuendo civil atacaron a miembros del Sindicato Minero (SNTMMSRM) que estaban en huelga en la mina de cobre de Cananea, de propiedad del Grupo M\u00e9xico.<\/p><p>Seg\u00fan las informaciones, la violencia empez\u00f3 alrededor de las 3.30 de la tarde del 7 de septiembre, cuando un grupo de unas 300 personas vestidas de civil entraron en las instalaciones de la mina y empezaron a atacar con palos y piedras a los miembros del Sindicato Minero en huelga. Los trabajadores estaban vigilando la entrada No. 2 de la mina, conforme a la suspensi\u00f3n provisional otorgada a ellos por el Noveno Tribunal Distrital el 12 de agosto de 2010, con el fin de evitar ser expulsados de su lugar de trabajo. Los mineros en huelga se retiraron para resguardarse en el vest\u00edbulo del sindicato, cuando los ataques se reanudaron en las primeras horas del 8 de septiembre. \u00a0\u00a0\u00a0\u00a0\u00a0\u00a0<\/p><p>Se supone que la empresa pudo lograr el control de la entrada principal de la mina, lejos del sindicato, y la polic\u00eda atac\u00f3 el vest\u00edbulo de la organizaci\u00f3n en Cananea, golpeando y arrestando a un gran n\u00famero de miembros. Actualmente se considera que la informaci\u00f3n anterior, de que una persona hab\u00eda muerto en el conflicto, no es exacta; sin embargo, hay varias personas que han sufrido lesiones. Posteriormente han llegado a Cananea un autob\u00fas y cinco camiones llenos de polic\u00edas federales.\u00a0\u00a0\u00a0 <\/p><p>M\u00e1s de 800 trabajadores, acompa\u00f1ados de sus familias y de vecinos del lugar, volvieron a ocupar las instalaciones de la mina en agosto, despu\u00e9s de que el juez del Noveno Distrito del Estado de Sonora<a href=\"..\/index.cfm?id=622&amp;l=2&amp;cid=23832\"> fall\u00f3 el 12 de agosto<\/a> que la huelga de tres a\u00f1os convocada por el sindicato segu\u00eda siendo v\u00e1lida a pesar del <a href=\"..\/index.cfm?id=622&amp;l=2&amp;cid=23285\">desalojo por la fuerza<\/a> de los trabajadores en huelga, efectuado por la polic\u00eda federal el 6 de junio de 2010.\u00a0 <\/p><p>En estos \u00faltimos actos de violencia perpetrados contra el Sindicato Minero de M\u00e9xico, elementos de las Secretar\u00edas de Seguridad Federal y del Estado, que permanecieron en los predios de la mina desde el 6 de junio, estuvieron presentes y permitieron la violencia contra los mineros en huelga.\u00a0\u00a0\u00a0\u00a0 <\/p><p>Las informaciones indican adem\u00e1s que el 8 de septiembre, elementos de la Polic\u00eda del Estado de Sonora arrestaron ilegal y arbitrariamente a 30 mineros en huelga pertenecientes al sindicato. No se conoce su paradero ni los cargos contra ellos, lo cual confirma que fueron arrestados sin la debida orden.\u00a0\u00a0 <\/p><p>Los trabajadores iniciaron su huelga y ocuparon la mina de Cananea del Grupo M\u00e9xico el 30 de julio de 2007, en protesta por negarse la empresa a solucionar riesgos de seguridad extremos. En febrero de 2010, un tribunal de apelaci\u00f3n de M\u00e9xico dio luz verde al gobierno de Calder\u00f3n para despedir a 1.200 mineros y romper la huelga, eliminando as\u00ed el derecho de huelga en M\u00e9xico y creando las condiciones para la invasi\u00f3n de la mina por el gobierno el 6 de junio de 2010.\u00a0\u00a0\u00a0\u00a0 \u00a0<\/p><p>El Proyecto de Derechos Econ\u00f3micos, Sociales y Culturales \u00a0(PRODESC), que forma parte de una red de organizaciones que prestan apoyo solidario al Sindicato Minero de M\u00e9xico, entre ellas la Federaci\u00f3n Internacional de Trabajadores de las Industrias Metal\u00fargicas (FITIM), ha lanzado un <a target=\"_blank\">llamamiento de acci\u00f3n urgente (en espa\u00f1ol \u00fanicamente)<\/a> a escribir inmediatamente exigiendo:<\/p><p>1. que se tomen medidas inmediatas para garantizar la seguridad y la integridad f\u00edsica y psicol\u00f3gica de los mineros en huelga de la Secci\u00f3n 65 del SNTMMSSRM y la de sus familias, de conformidad con las m\u00e1s altas normas de derechos humanos; <\/p><p>2. que la Polic\u00eda del estado de Sonora presente a la autoridad competente a los 30 mineros en huelga de la Secci\u00f3n 65 del SNTMMSSRM que a\u00fan est\u00e1n detenidos;\u00a0\u00a0 <\/p><p>3. que se lleve a cabo una una pronta y exhaustiva investigaci\u00f3n, de conformidad con las m\u00e1s altas normas de derechos humanos, sobre los acontecimientos del 7 y 8 de septiembre de 2010 en Cananea, Sonora;<\/p><p>4. que en los t\u00e9rminos de las obligaciones internacionales asumidas por el Estado mexicano, a los mineros en huelga de la Secci\u00f3n 65 del SNTMMSSRM y a sus familias se les garantice el acceso a una soluci\u00f3n r\u00e1pida, f\u00e1cil, c\u00f3moda y efectiva para\u00a0 proteger sus derechos humanos, y <\/p><p>5. que el derecho de acceso a la justicia se garantice plenamente, con justicia y en forma expedita.<\/p><p>Env\u00eden comunicaciones a: <\/p><p>Lic. Felipe de Jes\u00fas Calder\u00f3n Hinojosa. Presidente Constitucional de la Rep\u00fablica Mexicana Residencia Oficial de los Pinos, Casa Miguel Alem\u00e1n, Col. San Miguel Chapultepec, C.P. 11850, M\u00e9xico DF. Tel: <span class=\"skype_pnh_print_container\">+52 55 27891100<\/span><span class=\"skype_pnh_container\"><span class=\"skype_pnh_mark\"> begin_of_the_skype_highlighting<\/span>\u00a0<span class=\"skype_pnh_highlighting_inactive_common\"><span class=\"skype_pnh_left_span\">\u00a0\u00a0<\/span><span class=\"skype_pnh_dropart_span\"><span style=\"background-position: -3039px 1px\" class=\"skype_pnh_dropart_flag_span\">\u00a0\u00a0\u00a0\u00a0\u00a0\u00a0<\/span>\u00a0\u00a0\u00a0<\/span><span class=\"skype_pnh_textarea_span\"><span class=\"skype_pnh_text_span\">\u00a0\u00a0+52 55 27891100<\/span><\/span><span class=\"skype_pnh_right_span\">\u00a0\u00a0\u00a0\u00a0\u00a0<\/span><\/span>\u00a0<span class=\"skype_pnh_mark\">end_of_the_skype_highlighting<\/span><\/span>; Fax: +52 55 50934900. E-mail: <a href=\"mailto:felipe.calderon@presidencia.gob.mx\">felipe.calderon@presidencia.gob.mx<\/a><\/p><p>Secretario General de Gobernaci\u00f3n. Lic. Jos\u00e9 Francisco Blake Mora. Bucareli 99, 1er. piso, Col. Ju\u00e1rez, Delegaci\u00f3n Cuauht\u00e9moc, M\u00e9xico D.F., C.P. 06600, M\u00e9xico, FAX +52 (55) 5093 34 14. Email: <a href=\"mailto:secretario@segob.gob.mx\">secretario@segob.gob.mx<\/a><\/p><p>Licenciado Arturo Ch\u00e1vez Ch\u00e1vez, Procuradur\u00eda General de la Rep\u00fablica, Paseo de la Reforma n\u00ba 211-213, Piso 16, Col. Cuauht\u00e9moc, Del. Cuauht\u00e9moc, M\u00e9xico D.F., C.P. 06500, Fax: +52 55 53 46 09 08; + 52 55 27 89 11 13 (si responde una voz, digan: &quot;tono de fax, por favor&quot;), Correo Electr\u00f3nico: <a href=\"mailto:ofproc@pgr.gob.mx\">ofproc@pgr.gob.mx<\/a> \/ <a href=\"mailto:wmaster@pgr.gob.mx\">wmaster@pgr.gob.mx<\/a><\/p><p>Lic. Javier Lozano Alarc\u00f3n, Secretario de Trabajo y Previsi\u00f3n Social Perif\u00e9rico Sur No. 4271, Col. Fuentes del Pedregal, Tlalpan 14149, M\u00e9xico D.F Conmutador 3000-2100 Correo: <a href=\"mailto:javier.lozano@stps.gob.mx\">javier.lozano@stps.gob.mx<\/a><\/p><p>Dr. Ra\u00fal Plascencia Villanueva, Presidente de la Comisi\u00f3n Nacional de Derechos Humanos Comisi\u00f3n Nacional de Derechos Humanos Fax +52 (55) 5681 7199, <a href=\"mailto:correo@cndh.org.mx\">correo@cndh.org.mx<\/a><\/p><p>Lic. Guillermo Padres Elias, Gobernador del Estado de Sonora, Palacio de Gobierno, Planta Alta, Dr. Paliza y Comonfort, C.P 83260 Hermosillo, Sonora. Fax: +52 662-2120001, tel: +52 662210051 <\/p><p>Lic. Ernesto Munro Palacio, Secretario de Seguridad P\u00fablica, ROSALES Y PASEO DEL CANAL S\/N A UN COSTADO DE LA PGJE, Hermosillo, Sonora. Tel\u00e9fono(s): 662 259-57-01 <\/p><p>LIC. ABEL MURRIETA GUTIERREZ Proyecto de Derechos Econ\u00f3micos, Sociales y Culturales Zamora 169 despacho 2B Colonia Condesa, C.P. 06140, M\u00e9xico D.F. Tel. 5212 2229 Tel. y Fax 5212 2230 <\/p><p>Procurador General de Justicia Rosales y Paseo del Canal M\u00f3dulo Norte, Planta Alta Col. Centro C.P. 83000 Hermosillo, Sonora. Lada sin Costo 01-800-000-74-53 E-mail procurador@pgjeson Tel\u00e9fono(s): (662) 259-48-00 ext 14000, 259-48-03, 259-48-04 <\/p><p>y copias a: <\/p><p>Oficina de la Alta Comisionada de Naciones Unidas para los Derechos Humanos en M\u00e9xico, Alberto Brunori Representante de la Alta Comisionada en M\u00e9xico Fax +52 (55) 5061 6358; <a href=\"mailto:oacnudh@ohchr.org\">oacnudh@ohchr.org<\/a><\/p><p>Comisi\u00f3n Interamericana de Derechos Humanos Sr. Santiago Cant\u00f3n Secretario Ejecutivo de la Comisi\u00f3n Interamericana de Derechos Humanos Fax +1 (202) 458 3992 <a href=\"mailto:cidhoea@oas.org\">cidhoea@oas.org<\/a><\/p><p>Sra. Navanethem Pillay, Alta Comisionada de Naciones Unidas para los Derechos Humanos Fax +41 22 917 9000 <a href=\"mailto:civilsocietyunit@ohchr.org\">civilsocietyunit@ohchr.org<\/a><\/p><p>Proyecto de Derechos Econ\u00f3micos, Sociales y Culturales A.C., Zamora 169 despacho 2-B, Colonia Condesa, C.P. 06140 M\u00e9xico, D. F. Tel. (55) 5212-2229 Tel y fax. (55) 5212-2230 <a href=\"mailto:proyectodesc@gmail.com\">proyectodesc@gmail.com<\/a><\/p><p><a href=\"mailto:proyectodesc@gmail.com\"><\/a><\/p><p>&#160;<\/p><p>&#160;<\/p>","protected":false},"featured_media":0,"template":"","class_list":["post-201189","archive_imf","type-archive_imf","status-publish","hentry"],"acf":[],"yoast_head":"<!-- This site is optimized with the Yoast SEO Premium plugin v27.1 (Yoast SEO v27.1) - https:\/\/yoast.com\/product\/yoast-seo-premium-wordpress\/ -->\n<title>Trabajadores agredidos en la mina de Cananea del Grupo M\u00e9xico - industriall-union<\/title>\n<meta name=\"robots\" content=\"index, follow, max-snippet:-1, max-image-preview:large, max-video-preview:-1\" \/>\n<link rel=\"canonical\" href=\"https:\/\/admin.industriall-union.org\/es\/archive\/imf\/trabajadores-agredidos-en-la-mina-de-cananea-del-grupo-mexico\/\" \/>\n<meta property=\"og:locale\" content=\"es_ES\" \/>\n<meta property=\"og:type\" content=\"article\" \/>\n<meta property=\"og:title\" content=\"Trabajadores agredidos en la mina de Cananea del Grupo M\u00e9xico\" \/>\n<meta property=\"og:description\" content=\"M\u00c9XICO: La FITIM ha recibido la noche anterior informes de que en la ma\u00f1ana del 8 de septiembre unos 600 esquiroles y polic\u00edas federales en atuendo civil atacaron a miembros del Sindicato Minero (SNTMMSRM) que estaban en huelga en la mina de cobre de Cananea, de propiedad del Grupo M\u00e9xico. Seg\u00fan las informaciones, la violencia [&hellip;]\" \/>\n<meta property=\"og:url\" content=\"https:\/\/admin.industriall-union.org\/es\/archive\/imf\/trabajadores-agredidos-en-la-mina-de-cananea-del-grupo-mexico\/\" \/>\n<meta property=\"og:site_name\" content=\"industriall-union\" \/>\n<meta property=\"article:modified_time\" content=\"2025-01-31T09:39:22+00:00\" \/>\n<meta name=\"twitter:card\" content=\"summary_large_image\" \/>\n<meta name=\"twitter:label1\" content=\"Est. reading time\" \/>\n\t<meta name=\"twitter:data1\" content=\"6 minutes\" \/>\n<script type=\"application\/ld+json\" class=\"yoast-schema-graph\">{\"@context\":\"https:\/\/schema.org\",\"@graph\":[{\"@type\":\"WebPage\",\"@id\":\"https:\/\/admin.industriall-union.org\/es\/archive\/imf\/trabajadores-agredidos-en-la-mina-de-cananea-del-grupo-mexico\/\",\"url\":\"https:\/\/admin.industriall-union.org\/es\/archive\/imf\/trabajadores-agredidos-en-la-mina-de-cananea-del-grupo-mexico\/\",\"name\":\"Trabajadores agredidos en la mina de Cananea del Grupo M\u00e9xico - industriall-union\",\"isPartOf\":{\"@id\":\"https:\/\/admin.industriall-union.org\/#website\"},\"datePublished\":\"2010-09-09T12:45:00+00:00\",\"dateModified\":\"2025-01-31T09:39:22+00:00\",\"breadcrumb\":{\"@id\":\"https:\/\/admin.industriall-union.org\/es\/archive\/imf\/trabajadores-agredidos-en-la-mina-de-cananea-del-grupo-mexico\/#breadcrumb\"},\"inLanguage\":\"es-ES\",\"potentialAction\":[{\"@type\":\"ReadAction\",\"target\":[\"https:\/\/admin.industriall-union.org\/es\/archive\/imf\/trabajadores-agredidos-en-la-mina-de-cananea-del-grupo-mexico\/\"]}]},{\"@type\":\"BreadcrumbList\",\"@id\":\"https:\/\/admin.industriall-union.org\/es\/archive\/imf\/trabajadores-agredidos-en-la-mina-de-cananea-del-grupo-mexico\/#breadcrumb\",\"itemListElement\":[{\"@type\":\"ListItem\",\"position\":1,\"name\":\"Home\",\"item\":\"https:\/\/admin.industriall-union.org\/\"},{\"@type\":\"ListItem\",\"position\":2,\"name\":\"Archive Imf\",\"item\":\"https:\/\/admin.industriall-union.org\/es\/archive\/imf\/\"},{\"@type\":\"ListItem\",\"position\":3,\"name\":\"Trabajadores agredidos en la mina de Cananea del Grupo M\u00e9xico\"}]},{\"@type\":\"WebSite\",\"@id\":\"https:\/\/admin.industriall-union.org\/#website\",\"url\":\"https:\/\/admin.industriall-union.org\/\",\"name\":\"industriall-union\",\"description\":\"\",\"potentialAction\":[{\"@type\":\"SearchAction\",\"target\":{\"@type\":\"EntryPoint\",\"urlTemplate\":\"https:\/\/admin.industriall-union.org\/?s={search_term_string}\"},\"query-input\":{\"@type\":\"PropertyValueSpecification\",\"valueRequired\":true,\"valueName\":\"search_term_string\"}}],\"inLanguage\":\"es-ES\"}]}<\/script>\n<!-- \/ Yoast SEO Premium plugin. -->","yoast_head_json":{"title":"Trabajadores agredidos en la mina de Cananea del Grupo M\u00e9xico - industriall-union","robots":{"index":"index","follow":"follow","max-snippet":"max-snippet:-1","max-image-preview":"max-image-preview:large","max-video-preview":"max-video-preview:-1"},"canonical":"https:\/\/admin.industriall-union.org\/es\/archive\/imf\/trabajadores-agredidos-en-la-mina-de-cananea-del-grupo-mexico\/","og_locale":"es_ES","og_type":"article","og_title":"Trabajadores agredidos en la mina de Cananea del Grupo M\u00e9xico","og_description":"M\u00c9XICO: La FITIM ha recibido la noche anterior informes de que en la ma\u00f1ana del 8 de septiembre unos 600 esquiroles y polic\u00edas federales en atuendo civil atacaron a miembros del Sindicato Minero (SNTMMSRM) que estaban en huelga en la mina de cobre de Cananea, de propiedad del Grupo M\u00e9xico. Seg\u00fan las informaciones, la violencia [&hellip;]","og_url":"https:\/\/admin.industriall-union.org\/es\/archive\/imf\/trabajadores-agredidos-en-la-mina-de-cananea-del-grupo-mexico\/","og_site_name":"industriall-union","article_modified_time":"2025-01-31T09:39:22+00:00","twitter_card":"summary_large_image","twitter_misc":{"Est. reading time":"6 minutes"},"schema":{"@context":"https:\/\/schema.org","@graph":[{"@type":"WebPage","@id":"https:\/\/admin.industriall-union.org\/es\/archive\/imf\/trabajadores-agredidos-en-la-mina-de-cananea-del-grupo-mexico\/","url":"https:\/\/admin.industriall-union.org\/es\/archive\/imf\/trabajadores-agredidos-en-la-mina-de-cananea-del-grupo-mexico\/","name":"Trabajadores agredidos en la mina de Cananea del Grupo M\u00e9xico - industriall-union","isPartOf":{"@id":"https:\/\/admin.industriall-union.org\/#website"},"datePublished":"2010-09-09T12:45:00+00:00","dateModified":"2025-01-31T09:39:22+00:00","breadcrumb":{"@id":"https:\/\/admin.industriall-union.org\/es\/archive\/imf\/trabajadores-agredidos-en-la-mina-de-cananea-del-grupo-mexico\/#breadcrumb"},"inLanguage":"es-ES","potentialAction":[{"@type":"ReadAction","target":["https:\/\/admin.industriall-union.org\/es\/archive\/imf\/trabajadores-agredidos-en-la-mina-de-cananea-del-grupo-mexico\/"]}]},{"@type":"BreadcrumbList","@id":"https:\/\/admin.industriall-union.org\/es\/archive\/imf\/trabajadores-agredidos-en-la-mina-de-cananea-del-grupo-mexico\/#breadcrumb","itemListElement":[{"@type":"ListItem","position":1,"name":"Home","item":"https:\/\/admin.industriall-union.org\/"},{"@type":"ListItem","position":2,"name":"Archive Imf","item":"https:\/\/admin.industriall-union.org\/es\/archive\/imf\/"},{"@type":"ListItem","position":3,"name":"Trabajadores agredidos en la mina de Cananea del Grupo M\u00e9xico"}]},{"@type":"WebSite","@id":"https:\/\/admin.industriall-union.org\/#website","url":"https:\/\/admin.industriall-union.org\/","name":"industriall-union","description":"","potentialAction":[{"@type":"SearchAction","target":{"@type":"EntryPoint","urlTemplate":"https:\/\/admin.industriall-union.org\/?s={search_term_string}"},"query-input":{"@type":"PropertyValueSpecification","valueRequired":true,"valueName":"search_term_string"}}],"inLanguage":"es-ES"}]}},"_links":{"self":[{"href":"https:\/\/admin.industriall-union.org\/es\/wp-json\/wp\/v2\/archive_imf\/201189","targetHints":{"allow":["GET"]}}],"collection":[{"href":"https:\/\/admin.industriall-union.org\/es\/wp-json\/wp\/v2\/archive_imf"}],"about":[{"href":"https:\/\/admin.industriall-union.org\/es\/wp-json\/wp\/v2\/types\/archive_imf"}],"wp:attachment":[{"href":"https:\/\/admin.industriall-union.org\/es\/wp-json\/wp\/v2\/media?parent=201189"}],"curies":[{"name":"wp","href":"https:\/\/api.w.org\/{rel}","templated":true}]}}