{"id":201179,"date":"2010-09-14T08:34:00","date_gmt":"2010-09-14T08:34:00","guid":{"rendered":"https:\/\/admin.industriall-union.org\/archive\/imf\/protesta-de-metalurgicos-contra-fabricantes-de-automoviles-en-brasil\/"},"modified":"2025-01-31T09:39:19","modified_gmt":"2025-01-31T09:39:19","slug":"protesta-de-metalurgicos-contra-fabricantes-de-automoviles-en-brasil","status":"publish","type":"archive_imf","link":"https:\/\/admin.industriall-union.org\/es\/archive\/imf\/protesta-de-metalurgicos-contra-fabricantes-de-automoviles-en-brasil\/","title":{"rendered":"Protesta de metal\u00fargicos contra fabricantes de autom\u00f3viles en Brasil"},"content":{"rendered":"  <p>BRASIL: Trece mil trabajadores de la industria del autom\u00f3vil en S\u00e3o Bernardo do Campo asistieron, el 13 de septiembre, a reuniones, protestas y huelgas, como parte de acciones parciales de advertencia convocadas por el sindicato de metal\u00fargicos de ABC, afiliado a la CNM\/CUT, en apoyo de su reivindicaci\u00f3n de aumento salarial del 9%.<\/p>  <p>Los trabajadores del autom\u00f3vil est\u00e1n procurando lograr <a href=\"..\/index.cfm?c=23926&amp;l=2\">un convenio semejante al que han suscrito 210.000 trabajadores en otros sectores del metal el 4 de septiembre<\/a>, incluido un incremento salarial del 9%. Considerando que la inflaci\u00f3n va por el 4,9%, ese incremento representa un aumento real del 4,52%, el mayor de los \u00faltimos 10 a\u00f1os. \u00a0\u00a0<\/p>  <p>Las acciones de protesta incluyeron la suspensi\u00f3n de la producci\u00f3n entre las 5:15 a.m.y las \u00a010 a.m., variando el tiempo de una f\u00e1brica a otra. M\u00e1s de 6.000 trabajadores de Volkswagen empezaron labores tarde para asistir a la asamblea de la ma\u00f1ana. <\/p>  <p>En la Ford, el primer turno (4.500 trabajadores), en lugar de entrar a las 6:00 a.m., esper\u00f3 la llegada de los no manuales, a las 8:00 a.m., y s\u00f3lo empez\u00f3 labores a las 9:00 a.m.<\/p>  <p>En las instalaciones de Mercedes-Benz, 2.500 empleados participaron ya en la asamblea y las manifestaciones que empezaron a las 5:00 a.m. y s\u00f3lo regresaron a su trabajo a las 10:00 a.m. <\/p>  <p>Los metal\u00fargicos de ese sector en la regi\u00f3n industrial llamada ABC, se encuentran en huelga desde el s\u00e1bado, por decisi\u00f3n un\u00e1nime de la Asamblea de trabajadores convocada por el sindicato, en la que fue rechazada la oferta del 7% de incremento presentada por las empresas.\u00a0\u00a0\u00a0 \u00a0<\/p><p>El lunes a la 1:00 p.m., el sindicato envi\u00f3 al Sinfavea (Sindicato  Nacional dos Fabricantes de Ve\u00edculos Automotores) la notificaci\u00f3n de  huelga. En ella informa que pasadas 48 horas, todos los 40.000  trabajadores pueden pasar a convocar una huelga general indefinida, no  s\u00f3lo en S\u00e3o Bernardo, sino tambi\u00e9n en Taubat\u00e9, S\u00e3o Carlos y Tatu\u00ed.  <\/p>","protected":false},"featured_media":0,"template":"","class_list":["post-201179","archive_imf","type-archive_imf","status-publish","hentry"],"acf":[],"yoast_head":"<!-- This site is optimized with the Yoast SEO Premium plugin v27.1 (Yoast SEO v27.1) - https:\/\/yoast.com\/product\/yoast-seo-premium-wordpress\/ -->\n<title>Protesta de metal\u00fargicos contra fabricantes de autom\u00f3viles en Brasil - industriall-union<\/title>\n<meta name=\"robots\" content=\"index, follow, max-snippet:-1, max-image-preview:large, max-video-preview:-1\" \/>\n<link rel=\"canonical\" href=\"https:\/\/admin.industriall-union.org\/es\/archive\/imf\/protesta-de-metalurgicos-contra-fabricantes-de-automoviles-en-brasil\/\" \/>\n<meta property=\"og:locale\" content=\"es_ES\" \/>\n<meta property=\"og:type\" content=\"article\" \/>\n<meta property=\"og:title\" content=\"Protesta de metal\u00fargicos contra fabricantes de autom\u00f3viles en Brasil\" \/>\n<meta property=\"og:description\" content=\"BRASIL: Trece mil trabajadores de la industria del autom\u00f3vil en S\u00e3o Bernardo do Campo asistieron, el 13 de septiembre, a reuniones, protestas y huelgas, como parte de acciones parciales de advertencia convocadas por el sindicato de metal\u00fargicos de ABC, afiliado a la CNM\/CUT, en apoyo de su reivindicaci\u00f3n de aumento salarial del 9%. Los trabajadores [&hellip;]\" \/>\n<meta property=\"og:url\" content=\"https:\/\/admin.industriall-union.org\/es\/archive\/imf\/protesta-de-metalurgicos-contra-fabricantes-de-automoviles-en-brasil\/\" \/>\n<meta property=\"og:site_name\" content=\"industriall-union\" \/>\n<meta property=\"article:modified_time\" content=\"2025-01-31T09:39:19+00:00\" \/>\n<meta name=\"twitter:card\" content=\"summary_large_image\" \/>\n<meta name=\"twitter:label1\" content=\"Est. reading time\" \/>\n\t<meta name=\"twitter:data1\" content=\"2 minutes\" \/>\n<script type=\"application\/ld+json\" class=\"yoast-schema-graph\">{\"@context\":\"https:\/\/schema.org\",\"@graph\":[{\"@type\":\"WebPage\",\"@id\":\"https:\/\/admin.industriall-union.org\/es\/archive\/imf\/protesta-de-metalurgicos-contra-fabricantes-de-automoviles-en-brasil\/\",\"url\":\"https:\/\/admin.industriall-union.org\/es\/archive\/imf\/protesta-de-metalurgicos-contra-fabricantes-de-automoviles-en-brasil\/\",\"name\":\"Protesta de metal\u00fargicos contra fabricantes de autom\u00f3viles en Brasil - industriall-union\",\"isPartOf\":{\"@id\":\"https:\/\/admin.industriall-union.org\/#website\"},\"datePublished\":\"2010-09-14T08:34:00+00:00\",\"dateModified\":\"2025-01-31T09:39:19+00:00\",\"breadcrumb\":{\"@id\":\"https:\/\/admin.industriall-union.org\/es\/archive\/imf\/protesta-de-metalurgicos-contra-fabricantes-de-automoviles-en-brasil\/#breadcrumb\"},\"inLanguage\":\"es-ES\",\"potentialAction\":[{\"@type\":\"ReadAction\",\"target\":[\"https:\/\/admin.industriall-union.org\/es\/archive\/imf\/protesta-de-metalurgicos-contra-fabricantes-de-automoviles-en-brasil\/\"]}]},{\"@type\":\"BreadcrumbList\",\"@id\":\"https:\/\/admin.industriall-union.org\/es\/archive\/imf\/protesta-de-metalurgicos-contra-fabricantes-de-automoviles-en-brasil\/#breadcrumb\",\"itemListElement\":[{\"@type\":\"ListItem\",\"position\":1,\"name\":\"Home\",\"item\":\"https:\/\/admin.industriall-union.org\/\"},{\"@type\":\"ListItem\",\"position\":2,\"name\":\"Archive Imf\",\"item\":\"https:\/\/admin.industriall-union.org\/es\/archive\/imf\/\"},{\"@type\":\"ListItem\",\"position\":3,\"name\":\"Protesta de metal\u00fargicos contra fabricantes de autom\u00f3viles en Brasil\"}]},{\"@type\":\"WebSite\",\"@id\":\"https:\/\/admin.industriall-union.org\/#website\",\"url\":\"https:\/\/admin.industriall-union.org\/\",\"name\":\"industriall-union\",\"description\":\"\",\"potentialAction\":[{\"@type\":\"SearchAction\",\"target\":{\"@type\":\"EntryPoint\",\"urlTemplate\":\"https:\/\/admin.industriall-union.org\/?s={search_term_string}\"},\"query-input\":{\"@type\":\"PropertyValueSpecification\",\"valueRequired\":true,\"valueName\":\"search_term_string\"}}],\"inLanguage\":\"es-ES\"}]}<\/script>\n<!-- \/ Yoast SEO Premium plugin. -->","yoast_head_json":{"title":"Protesta de metal\u00fargicos contra fabricantes de autom\u00f3viles en Brasil - industriall-union","robots":{"index":"index","follow":"follow","max-snippet":"max-snippet:-1","max-image-preview":"max-image-preview:large","max-video-preview":"max-video-preview:-1"},"canonical":"https:\/\/admin.industriall-union.org\/es\/archive\/imf\/protesta-de-metalurgicos-contra-fabricantes-de-automoviles-en-brasil\/","og_locale":"es_ES","og_type":"article","og_title":"Protesta de metal\u00fargicos contra fabricantes de autom\u00f3viles en Brasil","og_description":"BRASIL: Trece mil trabajadores de la industria del autom\u00f3vil en S\u00e3o Bernardo do Campo asistieron, el 13 de septiembre, a reuniones, protestas y huelgas, como parte de acciones parciales de advertencia convocadas por el sindicato de metal\u00fargicos de ABC, afiliado a la CNM\/CUT, en apoyo de su reivindicaci\u00f3n de aumento salarial del 9%. Los trabajadores [&hellip;]","og_url":"https:\/\/admin.industriall-union.org\/es\/archive\/imf\/protesta-de-metalurgicos-contra-fabricantes-de-automoviles-en-brasil\/","og_site_name":"industriall-union","article_modified_time":"2025-01-31T09:39:19+00:00","twitter_card":"summary_large_image","twitter_misc":{"Est. reading time":"2 minutes"},"schema":{"@context":"https:\/\/schema.org","@graph":[{"@type":"WebPage","@id":"https:\/\/admin.industriall-union.org\/es\/archive\/imf\/protesta-de-metalurgicos-contra-fabricantes-de-automoviles-en-brasil\/","url":"https:\/\/admin.industriall-union.org\/es\/archive\/imf\/protesta-de-metalurgicos-contra-fabricantes-de-automoviles-en-brasil\/","name":"Protesta de metal\u00fargicos contra fabricantes de autom\u00f3viles en Brasil - industriall-union","isPartOf":{"@id":"https:\/\/admin.industriall-union.org\/#website"},"datePublished":"2010-09-14T08:34:00+00:00","dateModified":"2025-01-31T09:39:19+00:00","breadcrumb":{"@id":"https:\/\/admin.industriall-union.org\/es\/archive\/imf\/protesta-de-metalurgicos-contra-fabricantes-de-automoviles-en-brasil\/#breadcrumb"},"inLanguage":"es-ES","potentialAction":[{"@type":"ReadAction","target":["https:\/\/admin.industriall-union.org\/es\/archive\/imf\/protesta-de-metalurgicos-contra-fabricantes-de-automoviles-en-brasil\/"]}]},{"@type":"BreadcrumbList","@id":"https:\/\/admin.industriall-union.org\/es\/archive\/imf\/protesta-de-metalurgicos-contra-fabricantes-de-automoviles-en-brasil\/#breadcrumb","itemListElement":[{"@type":"ListItem","position":1,"name":"Home","item":"https:\/\/admin.industriall-union.org\/"},{"@type":"ListItem","position":2,"name":"Archive Imf","item":"https:\/\/admin.industriall-union.org\/es\/archive\/imf\/"},{"@type":"ListItem","position":3,"name":"Protesta de metal\u00fargicos contra fabricantes de autom\u00f3viles en Brasil"}]},{"@type":"WebSite","@id":"https:\/\/admin.industriall-union.org\/#website","url":"https:\/\/admin.industriall-union.org\/","name":"industriall-union","description":"","potentialAction":[{"@type":"SearchAction","target":{"@type":"EntryPoint","urlTemplate":"https:\/\/admin.industriall-union.org\/?s={search_term_string}"},"query-input":{"@type":"PropertyValueSpecification","valueRequired":true,"valueName":"search_term_string"}}],"inLanguage":"es-ES"}]}},"_links":{"self":[{"href":"https:\/\/admin.industriall-union.org\/es\/wp-json\/wp\/v2\/archive_imf\/201179","targetHints":{"allow":["GET"]}}],"collection":[{"href":"https:\/\/admin.industriall-union.org\/es\/wp-json\/wp\/v2\/archive_imf"}],"about":[{"href":"https:\/\/admin.industriall-union.org\/es\/wp-json\/wp\/v2\/types\/archive_imf"}],"wp:attachment":[{"href":"https:\/\/admin.industriall-union.org\/es\/wp-json\/wp\/v2\/media?parent=201179"}],"curies":[{"name":"wp","href":"https:\/\/api.w.org\/{rel}","templated":true}]}}