{"id":201172,"date":"2010-09-17T09:10:00","date_gmt":"2010-09-17T09:10:00","guid":{"rendered":"https:\/\/admin.industriall-union.org\/archive\/imf\/sindicatos-japoneses-organizaran-a-trabajadores-precarios\/"},"modified":"2025-01-31T09:39:16","modified_gmt":"2025-01-31T09:39:16","slug":"sindicatos-japoneses-organizaran-a-trabajadores-precarios","status":"publish","type":"archive_imf","link":"https:\/\/admin.industriall-union.org\/es\/archive\/imf\/sindicatos-japoneses-organizaran-a-trabajadores-precarios\/","title":{"rendered":"Sindicatos japoneses organizar\u00e1n a trabajadores precarios"},"content":{"rendered":"<p>JAPON: El CJ de la FITIM reeligi\u00f3 a Koichiro Nishihara como presidente y a Hideyuki Wakamatsu como secretario general en su 49\u00aa Convenci\u00f3n anual, celebrada el\u00a07 de septiembre en Tokio. Por primera vez, dos representantes femeninas fueron elegidas para formar parte del comit\u00e9 ejecutivo del Consejo Japon\u00e9s.<\/p><p>Los 230 delegados asistentes a la Convenci\u00f3n adoptaron un nuevo Programa de Acci\u00f3n 2011-2012, con el que se pretende mejorar el nivel de vida y el medio de trabajo de los metal\u00fargicos. En el programa se insiste en la necesidad de pol\u00edticas industriales sostenibles, tecnolog\u00edas punta y educaci\u00f3n para revitalizar las industrias de fabricaci\u00f3n como motor de crecimiento.<\/p><p>Se presta especial atenci\u00f3n al mejoramiento de las condiciones de los trabajadores precarios y no regulares, que representan la tercera parte de la fuerza de trabajo en Jap\u00f3n. Seg\u00fan las estad\u00edsticas oficiales, los trabajadores no regulares ganan aproximadamente la mitad de lo que perciben los trabajadores regulares al a\u00f1o en las industrias manufactureras.<\/p><p>En el Programa de Acci\u00f3n se asume un firme compromiso con la labor de la FITIM y de desarrollar v\u00ednculos con los sindicatos de trabajadores metal\u00fargicos de la regi\u00f3n de Asia y el Pac\u00edfico y de otras partes del mundo. El CJ de la FITIM promete fomentar las buenas relaciones obreropatronales en las empresas japonesas en el extranjero.<\/p><p>El secretario general de la FITIM, Jyrki Raina, se dirigi\u00f3 a la Convenci\u00f3n e hizo una aportaci\u00f3n did\u00e1ctica sobre redes sindicales en empresas transnacionales. El CJ de la FITIM decidi\u00f3 seguir examinando formas adecuadas de coordinaci\u00f3n de redes en empresas japonesas seleccionadas.<\/p><p>El 9 de septiembre, la Confederaci\u00f3n de Trabajadores del Autom\u00f3vil Japoneses (TAJ) reeligi\u00f3 a Koichiro Nishihara como presidente y a Yasunobu Aihara como secretario general. El presidente Nishihara dijo a los 580 delegados que el TAJ se ha fijado el objetivo de organizar a 26.000 trabajadores no regulares en las industrias de la automoci\u00f3n, y a detener el crecimiento del empleo precario.<\/p><p>Nishihara se refiri\u00f3 a la necesidad de garantizar los derechos de los trabajadores en los acuerdos de libre comercio. Prometi\u00f3 la solidaridad del TAJ con sindicatos de otros pa\u00edses y apoyo para resolver problemas en las compa\u00f1\u00edas automovil\u00edsticas japonesas en el extranjero.<\/p>","protected":false},"featured_media":0,"template":"","class_list":["post-201172","archive_imf","type-archive_imf","status-publish","hentry"],"acf":[],"yoast_head":"<!-- This site is optimized with the Yoast SEO Premium plugin v27.1 (Yoast SEO v27.1) - https:\/\/yoast.com\/product\/yoast-seo-premium-wordpress\/ -->\n<title>Sindicatos japoneses organizar\u00e1n a trabajadores precarios - industriall-union<\/title>\n<meta name=\"robots\" content=\"index, follow, max-snippet:-1, max-image-preview:large, max-video-preview:-1\" \/>\n<link rel=\"canonical\" href=\"https:\/\/admin.industriall-union.org\/es\/archive\/imf\/sindicatos-japoneses-organizaran-a-trabajadores-precarios\/\" \/>\n<meta property=\"og:locale\" content=\"es_ES\" \/>\n<meta property=\"og:type\" content=\"article\" \/>\n<meta property=\"og:title\" content=\"Sindicatos japoneses organizar\u00e1n a trabajadores precarios\" \/>\n<meta property=\"og:description\" content=\"JAPON: El CJ de la FITIM reeligi\u00f3 a Koichiro Nishihara como presidente y a Hideyuki Wakamatsu como secretario general en su 49\u00aa Convenci\u00f3n anual, celebrada el\u00a07 de septiembre en Tokio. Por primera vez, dos representantes femeninas fueron elegidas para formar parte del comit\u00e9 ejecutivo del Consejo Japon\u00e9s. Los 230 delegados asistentes a la Convenci\u00f3n adoptaron [&hellip;]\" \/>\n<meta property=\"og:url\" content=\"https:\/\/admin.industriall-union.org\/es\/archive\/imf\/sindicatos-japoneses-organizaran-a-trabajadores-precarios\/\" \/>\n<meta property=\"og:site_name\" content=\"industriall-union\" \/>\n<meta property=\"article:modified_time\" content=\"2025-01-31T09:39:16+00:00\" \/>\n<meta name=\"twitter:card\" content=\"summary_large_image\" \/>\n<meta name=\"twitter:label1\" content=\"Est. reading time\" \/>\n\t<meta name=\"twitter:data1\" content=\"2 minutes\" \/>\n<script type=\"application\/ld+json\" class=\"yoast-schema-graph\">{\"@context\":\"https:\/\/schema.org\",\"@graph\":[{\"@type\":\"WebPage\",\"@id\":\"https:\/\/admin.industriall-union.org\/es\/archive\/imf\/sindicatos-japoneses-organizaran-a-trabajadores-precarios\/\",\"url\":\"https:\/\/admin.industriall-union.org\/es\/archive\/imf\/sindicatos-japoneses-organizaran-a-trabajadores-precarios\/\",\"name\":\"Sindicatos japoneses organizar\u00e1n a trabajadores precarios - industriall-union\",\"isPartOf\":{\"@id\":\"https:\/\/admin.industriall-union.org\/#website\"},\"datePublished\":\"2010-09-17T09:10:00+00:00\",\"dateModified\":\"2025-01-31T09:39:16+00:00\",\"breadcrumb\":{\"@id\":\"https:\/\/admin.industriall-union.org\/es\/archive\/imf\/sindicatos-japoneses-organizaran-a-trabajadores-precarios\/#breadcrumb\"},\"inLanguage\":\"es-ES\",\"potentialAction\":[{\"@type\":\"ReadAction\",\"target\":[\"https:\/\/admin.industriall-union.org\/es\/archive\/imf\/sindicatos-japoneses-organizaran-a-trabajadores-precarios\/\"]}]},{\"@type\":\"BreadcrumbList\",\"@id\":\"https:\/\/admin.industriall-union.org\/es\/archive\/imf\/sindicatos-japoneses-organizaran-a-trabajadores-precarios\/#breadcrumb\",\"itemListElement\":[{\"@type\":\"ListItem\",\"position\":1,\"name\":\"Home\",\"item\":\"https:\/\/admin.industriall-union.org\/\"},{\"@type\":\"ListItem\",\"position\":2,\"name\":\"Archive Imf\",\"item\":\"https:\/\/admin.industriall-union.org\/es\/archive\/imf\/\"},{\"@type\":\"ListItem\",\"position\":3,\"name\":\"Sindicatos japoneses organizar\u00e1n a trabajadores precarios\"}]},{\"@type\":\"WebSite\",\"@id\":\"https:\/\/admin.industriall-union.org\/#website\",\"url\":\"https:\/\/admin.industriall-union.org\/\",\"name\":\"industriall-union\",\"description\":\"\",\"potentialAction\":[{\"@type\":\"SearchAction\",\"target\":{\"@type\":\"EntryPoint\",\"urlTemplate\":\"https:\/\/admin.industriall-union.org\/?s={search_term_string}\"},\"query-input\":{\"@type\":\"PropertyValueSpecification\",\"valueRequired\":true,\"valueName\":\"search_term_string\"}}],\"inLanguage\":\"es-ES\"}]}<\/script>\n<!-- \/ Yoast SEO Premium plugin. -->","yoast_head_json":{"title":"Sindicatos japoneses organizar\u00e1n a trabajadores precarios - industriall-union","robots":{"index":"index","follow":"follow","max-snippet":"max-snippet:-1","max-image-preview":"max-image-preview:large","max-video-preview":"max-video-preview:-1"},"canonical":"https:\/\/admin.industriall-union.org\/es\/archive\/imf\/sindicatos-japoneses-organizaran-a-trabajadores-precarios\/","og_locale":"es_ES","og_type":"article","og_title":"Sindicatos japoneses organizar\u00e1n a trabajadores precarios","og_description":"JAPON: El CJ de la FITIM reeligi\u00f3 a Koichiro Nishihara como presidente y a Hideyuki Wakamatsu como secretario general en su 49\u00aa Convenci\u00f3n anual, celebrada el\u00a07 de septiembre en Tokio. Por primera vez, dos representantes femeninas fueron elegidas para formar parte del comit\u00e9 ejecutivo del Consejo Japon\u00e9s. Los 230 delegados asistentes a la Convenci\u00f3n adoptaron [&hellip;]","og_url":"https:\/\/admin.industriall-union.org\/es\/archive\/imf\/sindicatos-japoneses-organizaran-a-trabajadores-precarios\/","og_site_name":"industriall-union","article_modified_time":"2025-01-31T09:39:16+00:00","twitter_card":"summary_large_image","twitter_misc":{"Est. reading time":"2 minutes"},"schema":{"@context":"https:\/\/schema.org","@graph":[{"@type":"WebPage","@id":"https:\/\/admin.industriall-union.org\/es\/archive\/imf\/sindicatos-japoneses-organizaran-a-trabajadores-precarios\/","url":"https:\/\/admin.industriall-union.org\/es\/archive\/imf\/sindicatos-japoneses-organizaran-a-trabajadores-precarios\/","name":"Sindicatos japoneses organizar\u00e1n a trabajadores precarios - industriall-union","isPartOf":{"@id":"https:\/\/admin.industriall-union.org\/#website"},"datePublished":"2010-09-17T09:10:00+00:00","dateModified":"2025-01-31T09:39:16+00:00","breadcrumb":{"@id":"https:\/\/admin.industriall-union.org\/es\/archive\/imf\/sindicatos-japoneses-organizaran-a-trabajadores-precarios\/#breadcrumb"},"inLanguage":"es-ES","potentialAction":[{"@type":"ReadAction","target":["https:\/\/admin.industriall-union.org\/es\/archive\/imf\/sindicatos-japoneses-organizaran-a-trabajadores-precarios\/"]}]},{"@type":"BreadcrumbList","@id":"https:\/\/admin.industriall-union.org\/es\/archive\/imf\/sindicatos-japoneses-organizaran-a-trabajadores-precarios\/#breadcrumb","itemListElement":[{"@type":"ListItem","position":1,"name":"Home","item":"https:\/\/admin.industriall-union.org\/"},{"@type":"ListItem","position":2,"name":"Archive Imf","item":"https:\/\/admin.industriall-union.org\/es\/archive\/imf\/"},{"@type":"ListItem","position":3,"name":"Sindicatos japoneses organizar\u00e1n a trabajadores precarios"}]},{"@type":"WebSite","@id":"https:\/\/admin.industriall-union.org\/#website","url":"https:\/\/admin.industriall-union.org\/","name":"industriall-union","description":"","potentialAction":[{"@type":"SearchAction","target":{"@type":"EntryPoint","urlTemplate":"https:\/\/admin.industriall-union.org\/?s={search_term_string}"},"query-input":{"@type":"PropertyValueSpecification","valueRequired":true,"valueName":"search_term_string"}}],"inLanguage":"es-ES"}]}},"_links":{"self":[{"href":"https:\/\/admin.industriall-union.org\/es\/wp-json\/wp\/v2\/archive_imf\/201172","targetHints":{"allow":["GET"]}}],"collection":[{"href":"https:\/\/admin.industriall-union.org\/es\/wp-json\/wp\/v2\/archive_imf"}],"about":[{"href":"https:\/\/admin.industriall-union.org\/es\/wp-json\/wp\/v2\/types\/archive_imf"}],"wp:attachment":[{"href":"https:\/\/admin.industriall-union.org\/es\/wp-json\/wp\/v2\/media?parent=201172"}],"curies":[{"name":"wp","href":"https:\/\/api.w.org\/{rel}","templated":true}]}}