{"id":201121,"date":"2010-09-29T09:44:00","date_gmt":"2010-09-29T09:44:00","guid":{"rendered":"https:\/\/admin.industriall-union.org\/archive\/imf\/mejorar-la-percepcion-de-los-sindicatos-en-paises-de-la-cei\/"},"modified":"2025-01-31T09:38:59","modified_gmt":"2025-01-31T09:38:59","slug":"mejorar-la-percepcion-de-los-sindicatos-en-paises-de-la-cei","status":"publish","type":"archive_imf","link":"https:\/\/admin.industriall-union.org\/es\/archive\/imf\/mejorar-la-percepcion-de-los-sindicatos-en-paises-de-la-cei\/","title":{"rendered":"Mejorar la percepci\u00f3n de los sindicatos en pa\u00edses de la CEI"},"content":{"rendered":"<!--[if gte mso 9]&gt;     Normal   0   21         false   false   false                             MicrosoftInternetExplorer4   &lt;![endif]--><!--[if gte mso 9]&gt;     &lt;![endif]--><!--[if gte mso 10]&gt;   \/* Style Definitions *\/  table.MsoNormalTable \t{mso-style-name:\"Table Normal\"; \tmso-tstyle-rowband-size:0; \tmso-tstyle-colband-size:0; \tmso-style-noshow:yes; \tmso-style-parent:\"\"; \tmso-padding-alt:0cm 5.4pt 0cm 5.4pt; \tmso-para-margin:0cm; \tmso-para-margin-bottom:.0001pt; \tmso-pagination:widow-orphan; \tfont-size:10.0pt; \tfont-family:\"Times New Roman\"; \tmso-ansi-language:#0400; \tmso-fareast-language:#0400; \tmso-bidi-language:#0400;}  &lt;![endif]-->  <p><span>UCRANIA: Para tratar de aumentar la influencia y la percepci\u00f3n de los sindicatos, comunicadores de organizaciones sindicales en los pa\u00edses de la CEI acordaron el 28 de septiembre impulsar los esfuerzos para informar de las acciones sindicales en la regi\u00f3n.<\/span><\/p>  <p><span>Los sindicatos se comprometieron a trabajar estrechamente con la Oficina Regional de la FITIM en Mosc\u00fa con el fin de reunir regularmente informaci\u00f3n y transmitirla sobre las acciones y cuestiones sindicales que tengan lugar en la regi\u00f3n.<\/span><\/p>  <p><span>Al Foro de Comunicadores de la CEI de la FITIM asistieron profesionales de las comunicaciones y l\u00edderes sindicales para examinar la manera de mejorar las comunicaciones sindicales, particularmente en lo que respecta a la creaci\u00f3n de solidaridad internacional.<\/span><\/p>  <p><span>En la reuni\u00f3n se examin\u00f3 la funci\u00f3n de las comunicaciones en las respectivas organizaciones afiliadas, se expuso la labor de comunicaciones de la FITIM, hubo un cursillo sobre redacci\u00f3n de noticias para Internet y se dio informaci\u00f3n sobre las herramientas de Internet de que disponen los sindicatos para reforzar la capacidad de las comunicaciones.<\/span><\/p>  <p><span>Asistieron a la reuni\u00f3n con representantes de la oficina central y de la oficina regional de la CEI de la FITIM representantes de SPM y REPAM de Belar\u00fas, FNSM de Moldova, Profavia, MMWU, EWU e ITUA de Russia, y TUAB, AAMWU, Mashmetal, MMIWU, TUDIW y REMWU de Ucrania.<\/span><\/p>  <p><span>Las presentaciones hechas en la reuni\u00f3n se publican <\/span><a href=\"..\/index.cfm?c=24143&amp;l=2\"><span>aqu\u00ed<\/span><\/a><span>, en el sitio web de la FITIM.<\/span><\/p>  <p><span>La reuni\u00f3n fue el segundo foro de comunicadores regionales celebrado por la FITIM este a\u00f1o, despu\u00e9s de la <\/span><a href=\"..\/index.cfm?id=622&amp;l=2&amp;cid=23381\"><span>reuni\u00f3n de Asia del Sur<\/span><\/a><span> anterior y forma parte de una estrategia para fortalecer a la FITIM y las comunicaciones de los sindicatos que trabajan estrechamente con afiliados y crear una Red de Comunicadores.<\/span><\/p>  ","protected":false},"featured_media":0,"template":"","class_list":["post-201121","archive_imf","type-archive_imf","status-publish","hentry"],"acf":[],"yoast_head":"<!-- This site is optimized with the Yoast SEO Premium plugin v27.1 (Yoast SEO v27.1) - https:\/\/yoast.com\/product\/yoast-seo-premium-wordpress\/ -->\n<title>Mejorar la percepci\u00f3n de los sindicatos en pa\u00edses de la CEI - industriall-union<\/title>\n<meta name=\"robots\" content=\"index, follow, max-snippet:-1, max-image-preview:large, max-video-preview:-1\" \/>\n<link rel=\"canonical\" href=\"https:\/\/admin.industriall-union.org\/es\/archive\/imf\/mejorar-la-percepcion-de-los-sindicatos-en-paises-de-la-cei\/\" \/>\n<meta property=\"og:locale\" content=\"es_ES\" \/>\n<meta property=\"og:type\" content=\"article\" \/>\n<meta property=\"og:title\" content=\"Mejorar la percepci\u00f3n de los sindicatos en pa\u00edses de la CEI\" \/>\n<meta property=\"og:description\" content=\"UCRANIA: Para tratar de aumentar la influencia y la percepci\u00f3n de los sindicatos, comunicadores de organizaciones sindicales en los pa\u00edses de la CEI acordaron el 28 de septiembre impulsar los esfuerzos para informar de las acciones sindicales en la regi\u00f3n. Los sindicatos se comprometieron a trabajar estrechamente con la Oficina Regional de la FITIM en [&hellip;]\" \/>\n<meta property=\"og:url\" content=\"https:\/\/admin.industriall-union.org\/es\/archive\/imf\/mejorar-la-percepcion-de-los-sindicatos-en-paises-de-la-cei\/\" \/>\n<meta property=\"og:site_name\" content=\"industriall-union\" \/>\n<meta property=\"article:modified_time\" content=\"2025-01-31T09:38:59+00:00\" \/>\n<meta name=\"twitter:card\" content=\"summary_large_image\" \/>\n<meta name=\"twitter:label1\" content=\"Est. reading time\" \/>\n\t<meta name=\"twitter:data1\" content=\"2 minutes\" \/>\n<script type=\"application\/ld+json\" class=\"yoast-schema-graph\">{\"@context\":\"https:\/\/schema.org\",\"@graph\":[{\"@type\":\"WebPage\",\"@id\":\"https:\/\/admin.industriall-union.org\/es\/archive\/imf\/mejorar-la-percepcion-de-los-sindicatos-en-paises-de-la-cei\/\",\"url\":\"https:\/\/admin.industriall-union.org\/es\/archive\/imf\/mejorar-la-percepcion-de-los-sindicatos-en-paises-de-la-cei\/\",\"name\":\"Mejorar la percepci\u00f3n de los sindicatos en pa\u00edses de la CEI - industriall-union\",\"isPartOf\":{\"@id\":\"https:\/\/admin.industriall-union.org\/#website\"},\"datePublished\":\"2010-09-29T09:44:00+00:00\",\"dateModified\":\"2025-01-31T09:38:59+00:00\",\"breadcrumb\":{\"@id\":\"https:\/\/admin.industriall-union.org\/es\/archive\/imf\/mejorar-la-percepcion-de-los-sindicatos-en-paises-de-la-cei\/#breadcrumb\"},\"inLanguage\":\"es-ES\",\"potentialAction\":[{\"@type\":\"ReadAction\",\"target\":[\"https:\/\/admin.industriall-union.org\/es\/archive\/imf\/mejorar-la-percepcion-de-los-sindicatos-en-paises-de-la-cei\/\"]}]},{\"@type\":\"BreadcrumbList\",\"@id\":\"https:\/\/admin.industriall-union.org\/es\/archive\/imf\/mejorar-la-percepcion-de-los-sindicatos-en-paises-de-la-cei\/#breadcrumb\",\"itemListElement\":[{\"@type\":\"ListItem\",\"position\":1,\"name\":\"Home\",\"item\":\"https:\/\/admin.industriall-union.org\/\"},{\"@type\":\"ListItem\",\"position\":2,\"name\":\"Archive Imf\",\"item\":\"https:\/\/admin.industriall-union.org\/es\/archive\/imf\/\"},{\"@type\":\"ListItem\",\"position\":3,\"name\":\"Mejorar la percepci\u00f3n de los sindicatos en pa\u00edses de la CEI\"}]},{\"@type\":\"WebSite\",\"@id\":\"https:\/\/admin.industriall-union.org\/#website\",\"url\":\"https:\/\/admin.industriall-union.org\/\",\"name\":\"industriall-union\",\"description\":\"\",\"potentialAction\":[{\"@type\":\"SearchAction\",\"target\":{\"@type\":\"EntryPoint\",\"urlTemplate\":\"https:\/\/admin.industriall-union.org\/?s={search_term_string}\"},\"query-input\":{\"@type\":\"PropertyValueSpecification\",\"valueRequired\":true,\"valueName\":\"search_term_string\"}}],\"inLanguage\":\"es-ES\"}]}<\/script>\n<!-- \/ Yoast SEO Premium plugin. -->","yoast_head_json":{"title":"Mejorar la percepci\u00f3n de los sindicatos en pa\u00edses de la CEI - industriall-union","robots":{"index":"index","follow":"follow","max-snippet":"max-snippet:-1","max-image-preview":"max-image-preview:large","max-video-preview":"max-video-preview:-1"},"canonical":"https:\/\/admin.industriall-union.org\/es\/archive\/imf\/mejorar-la-percepcion-de-los-sindicatos-en-paises-de-la-cei\/","og_locale":"es_ES","og_type":"article","og_title":"Mejorar la percepci\u00f3n de los sindicatos en pa\u00edses de la CEI","og_description":"UCRANIA: Para tratar de aumentar la influencia y la percepci\u00f3n de los sindicatos, comunicadores de organizaciones sindicales en los pa\u00edses de la CEI acordaron el 28 de septiembre impulsar los esfuerzos para informar de las acciones sindicales en la regi\u00f3n. Los sindicatos se comprometieron a trabajar estrechamente con la Oficina Regional de la FITIM en [&hellip;]","og_url":"https:\/\/admin.industriall-union.org\/es\/archive\/imf\/mejorar-la-percepcion-de-los-sindicatos-en-paises-de-la-cei\/","og_site_name":"industriall-union","article_modified_time":"2025-01-31T09:38:59+00:00","twitter_card":"summary_large_image","twitter_misc":{"Est. reading time":"2 minutes"},"schema":{"@context":"https:\/\/schema.org","@graph":[{"@type":"WebPage","@id":"https:\/\/admin.industriall-union.org\/es\/archive\/imf\/mejorar-la-percepcion-de-los-sindicatos-en-paises-de-la-cei\/","url":"https:\/\/admin.industriall-union.org\/es\/archive\/imf\/mejorar-la-percepcion-de-los-sindicatos-en-paises-de-la-cei\/","name":"Mejorar la percepci\u00f3n de los sindicatos en pa\u00edses de la CEI - industriall-union","isPartOf":{"@id":"https:\/\/admin.industriall-union.org\/#website"},"datePublished":"2010-09-29T09:44:00+00:00","dateModified":"2025-01-31T09:38:59+00:00","breadcrumb":{"@id":"https:\/\/admin.industriall-union.org\/es\/archive\/imf\/mejorar-la-percepcion-de-los-sindicatos-en-paises-de-la-cei\/#breadcrumb"},"inLanguage":"es-ES","potentialAction":[{"@type":"ReadAction","target":["https:\/\/admin.industriall-union.org\/es\/archive\/imf\/mejorar-la-percepcion-de-los-sindicatos-en-paises-de-la-cei\/"]}]},{"@type":"BreadcrumbList","@id":"https:\/\/admin.industriall-union.org\/es\/archive\/imf\/mejorar-la-percepcion-de-los-sindicatos-en-paises-de-la-cei\/#breadcrumb","itemListElement":[{"@type":"ListItem","position":1,"name":"Home","item":"https:\/\/admin.industriall-union.org\/"},{"@type":"ListItem","position":2,"name":"Archive Imf","item":"https:\/\/admin.industriall-union.org\/es\/archive\/imf\/"},{"@type":"ListItem","position":3,"name":"Mejorar la percepci\u00f3n de los sindicatos en pa\u00edses de la CEI"}]},{"@type":"WebSite","@id":"https:\/\/admin.industriall-union.org\/#website","url":"https:\/\/admin.industriall-union.org\/","name":"industriall-union","description":"","potentialAction":[{"@type":"SearchAction","target":{"@type":"EntryPoint","urlTemplate":"https:\/\/admin.industriall-union.org\/?s={search_term_string}"},"query-input":{"@type":"PropertyValueSpecification","valueRequired":true,"valueName":"search_term_string"}}],"inLanguage":"es-ES"}]}},"_links":{"self":[{"href":"https:\/\/admin.industriall-union.org\/es\/wp-json\/wp\/v2\/archive_imf\/201121","targetHints":{"allow":["GET"]}}],"collection":[{"href":"https:\/\/admin.industriall-union.org\/es\/wp-json\/wp\/v2\/archive_imf"}],"about":[{"href":"https:\/\/admin.industriall-union.org\/es\/wp-json\/wp\/v2\/types\/archive_imf"}],"wp:attachment":[{"href":"https:\/\/admin.industriall-union.org\/es\/wp-json\/wp\/v2\/media?parent=201121"}],"curies":[{"name":"wp","href":"https:\/\/api.w.org\/{rel}","templated":true}]}}