{"id":200892,"date":"2010-12-01T15:35:00","date_gmt":"2010-12-01T15:35:00","guid":{"rendered":"https:\/\/admin.industriall-union.org\/archive\/imf\/dias-de-accion-mundiales-sobre-los-derechos-de-los-trabajadores-en-mexico\/"},"modified":"2025-01-31T09:28:44","modified_gmt":"2025-01-31T09:28:44","slug":"dias-de-accion-mundiales-sobre-los-derechos-de-los-trabajadores-en-mexico","status":"publish","type":"archive_imf","link":"https:\/\/admin.industriall-union.org\/es\/archive\/imf\/dias-de-accion-mundiales-sobre-los-derechos-de-los-trabajadores-en-mexico\/","title":{"rendered":"D\u00edas de acci\u00f3n mundiales sobre los derechos de los trabajadores en M\u00e9xico"},"content":{"rendered":"<p>MUNDO: Las acciones coinciden con el quinto aniversario de la muerte de 65 mineros en el desastre de la mina de Pasta de Conchos en M\u00e9xico, el 19 de febrero de 2006.<\/p><p>El Sindicato de Mineros mexicano, el sindicato que exigi\u00f3 justicia tras el desastre, es objeto de violaciones sistem\u00e1ticas, frecuentemente violentas, y cada vez mayores de los derechos de los trabajadores y de los sindicatos por empleadores y el Gobierno mexicano.<\/p><p>Otros sindicatos independientes de M\u00e9xico que tratan de mejorar los derechos de la clase trabajadora han sufrido cada vez m\u00e1s ataques en los \u00faltimos a\u00f1os, con la tolerancia, la complicidad y, muchas veces, la actuaci\u00f3n directa del Estado mexicano.<\/p><p>Los sindicatos piden al Gobierno mexicano que cese de violar los derechos sindicales fundamentales y empiece a cumplir sus propias leyes y las normas internacionales sobre derechos humanos y sindicales.<\/p><p>Se puede apoyar la acci\u00f3n mediante la campa\u00f1a Actuemos AHORA de LabourStart , desde la cual es posible enviar una carta directamente al presidente Calder\u00f3n reivindicando los derechos sindicales en M\u00e9xico. <br \/>La carta a trav\u00e9s de LabourStart puede enviarse en: <a href=\"http:\/\/www.labourstart.org\/cgi-bin\/solidarityforever\/show_campaign.cgi?c=863\">http:\/\/www.labourstart.org\/cgi-bin\/solidarityforever\/show_campaign.cgi?c=863<\/a><\/p><p>Los materiales de la campa\u00f1a, incluidos carteles, folletos, informaci\u00f3n b\u00e1sica y una carta tipo a las embajadas, para apoyar estas acciones se pueden encontrar en esta p\u00e1gina del sitio web de la FITIM:<br \/><a href=\"..\/index.cfm?c=24820&amp;l=2\">http:\/\/www.imfmetal.org\/index.cfm?c=24820&amp;l=2<\/a><\/p><p>La finalidad de las acciones es apoyar a sindicatos independientes, entre ellos el Sindicato de Mineros mexicano (SNTMMSRM), el Sindicato Mexicano de Electricistas (SME), el sindicato UNTyPP, que representa a los trabajadores en la compa\u00f1\u00eda petrolera estatal PEMEX, el Sindicato Nacional de Trabajadores de General Tire de M\u00e9xico (SNTGTM) y el Sindicato Unico de Trabajadores de la Universidad Aut\u00f3noma de la Ciudad de M\u00e9xico (SUTUACM), as\u00ed como el Sindicato de Telefonistas de la Rep\u00fablica Mexicana (STRM), el Frente Aut\u00e9ntico del Trabajo (FAT) y hasta otros treinta sindicatos afiliados a la Uni\u00f3n Nacional de Trabajadores (UNT) que han sido objeto de ataques violentos, intimidaci\u00f3n y represi\u00f3n de los derechos sindicales.<\/p><p>Sindicatos de Alemania, Argentina, Australia, B\u00e9lgica, Brasil, Bulgaria, Canad\u00e1, Corea, Dinamarca, Espa\u00f1a, Estados Unidos, Finlandia, Francia, India, Indonesia, Kosovo, Nueva Zelanda, Pa\u00edses Bajos, Per\u00fa, Polonia, Reino Unido, Rusia, Sud\u00e1frica, Suecia, Suiza, Turqu\u00eda y Ucrania piden al Gobierno mexicano que respete los derechos sindicales en una serie de acciones, del 14 al 19 de febrero de 2011.<\/p><p>En el propio M\u00e9xico, el movimiento sindical independiente proceder\u00e1 a una serie de acciones en todo el pa\u00eds para destacar a lo largo de la semana el abuso sistem\u00e1tico de los derechos sindicales por el Gobierno mexicano.<\/p><p>Conjuntamente, los sindicatos celebran manifestaciones, reuniones con representantes del Gobierno mexicano, y env\u00edan cartas y miles de correos electr\u00f3nicos, pidiendo todos al Gobierno mexicano que:<\/p><ol><li>Haga responsables a los dirigentes gubernamentales y de los empleadores de la explosi\u00f3n en la mina de Pasta de Conchos en la que murieron 65 mineros el 19 de febrero de 2006.<\/li><li>Suprima las violaciones sistem\u00e1ticas de la libertad sindical de los trabajadores, incluidos los &quot;contratos de protecci\u00f3n&quot; impuestos por los empleadores y la injerencia en las elecciones sindicales.<\/li><li>Ponga fin al uso de la fuerza &#8211; por partes estatales o privadas &#8211; para reprimir las demandas leg\u00edtimas de los trabajadores de sindicatos democr\u00e1ticos, de mejores sueldos y condiciones de trabajo, y buenas condiciones de salud y seguridad.<\/li><li>Ponga fin a la campa\u00f1a de persecuci\u00f3n pol\u00edtica del Sindicato de Mineros mexicano y del Sindicato Mexicano de Electricistas.<\/li><\/ol><p>La acci\u00f3n en apoyo de los sindicatos democr\u00e1ticos e independientes en M\u00e9xico la est\u00e1n llevando a cabo sindicatos de todo el mundo afiliados a la Federaci\u00f3n Internacional de Trabajadores de las Industrias Metal\u00fargicas (FITIM), la Federaci\u00f3n Internacional de Sindicatos de Trabajadores de la Qu\u00edmica, Energ\u00eda, Minas e Industrias Diversas (ICEM), la Federaci\u00f3n Internacional de Trabajadores del Transporte (FITT), el Sindicato Mundial UNI y la Confederaci\u00f3n Sindical Internacional (CSI).<\/p>","protected":false},"featured_media":0,"template":"","class_list":["post-200892","archive_imf","type-archive_imf","status-publish","hentry"],"acf":[],"yoast_head":"<!-- This site is optimized with the Yoast SEO Premium plugin v27.1 (Yoast SEO v27.1) - https:\/\/yoast.com\/product\/yoast-seo-premium-wordpress\/ -->\n<title>D\u00edas de acci\u00f3n mundiales sobre los derechos de los trabajadores en M\u00e9xico - industriall-union<\/title>\n<meta name=\"robots\" content=\"index, follow, max-snippet:-1, max-image-preview:large, max-video-preview:-1\" \/>\n<link rel=\"canonical\" href=\"https:\/\/admin.industriall-union.org\/es\/archive\/imf\/dias-de-accion-mundiales-sobre-los-derechos-de-los-trabajadores-en-mexico\/\" \/>\n<meta property=\"og:locale\" content=\"es_ES\" \/>\n<meta property=\"og:type\" content=\"article\" \/>\n<meta property=\"og:title\" content=\"D\u00edas de acci\u00f3n mundiales sobre los derechos de los trabajadores en M\u00e9xico\" \/>\n<meta property=\"og:description\" content=\"MUNDO: Las acciones coinciden con el quinto aniversario de la muerte de 65 mineros en el desastre de la mina de Pasta de Conchos en M\u00e9xico, el 19 de febrero de 2006. El Sindicato de Mineros mexicano, el sindicato que exigi\u00f3 justicia tras el desastre, es objeto de violaciones sistem\u00e1ticas, frecuentemente violentas, y cada vez [&hellip;]\" \/>\n<meta property=\"og:url\" content=\"https:\/\/admin.industriall-union.org\/es\/archive\/imf\/dias-de-accion-mundiales-sobre-los-derechos-de-los-trabajadores-en-mexico\/\" \/>\n<meta property=\"og:site_name\" content=\"industriall-union\" \/>\n<meta property=\"article:modified_time\" content=\"2025-01-31T09:28:44+00:00\" \/>\n<meta name=\"twitter:card\" content=\"summary_large_image\" \/>\n<meta name=\"twitter:label1\" content=\"Est. reading time\" \/>\n\t<meta name=\"twitter:data1\" content=\"3 minutes\" \/>\n<script type=\"application\/ld+json\" class=\"yoast-schema-graph\">{\"@context\":\"https:\/\/schema.org\",\"@graph\":[{\"@type\":\"WebPage\",\"@id\":\"https:\/\/admin.industriall-union.org\/es\/archive\/imf\/dias-de-accion-mundiales-sobre-los-derechos-de-los-trabajadores-en-mexico\/\",\"url\":\"https:\/\/admin.industriall-union.org\/es\/archive\/imf\/dias-de-accion-mundiales-sobre-los-derechos-de-los-trabajadores-en-mexico\/\",\"name\":\"D\u00edas de acci\u00f3n mundiales sobre los derechos de los trabajadores en M\u00e9xico - industriall-union\",\"isPartOf\":{\"@id\":\"https:\/\/admin.industriall-union.org\/#website\"},\"datePublished\":\"2010-12-01T15:35:00+00:00\",\"dateModified\":\"2025-01-31T09:28:44+00:00\",\"breadcrumb\":{\"@id\":\"https:\/\/admin.industriall-union.org\/es\/archive\/imf\/dias-de-accion-mundiales-sobre-los-derechos-de-los-trabajadores-en-mexico\/#breadcrumb\"},\"inLanguage\":\"es-ES\",\"potentialAction\":[{\"@type\":\"ReadAction\",\"target\":[\"https:\/\/admin.industriall-union.org\/es\/archive\/imf\/dias-de-accion-mundiales-sobre-los-derechos-de-los-trabajadores-en-mexico\/\"]}]},{\"@type\":\"BreadcrumbList\",\"@id\":\"https:\/\/admin.industriall-union.org\/es\/archive\/imf\/dias-de-accion-mundiales-sobre-los-derechos-de-los-trabajadores-en-mexico\/#breadcrumb\",\"itemListElement\":[{\"@type\":\"ListItem\",\"position\":1,\"name\":\"Home\",\"item\":\"https:\/\/admin.industriall-union.org\/\"},{\"@type\":\"ListItem\",\"position\":2,\"name\":\"Archive Imf\",\"item\":\"https:\/\/admin.industriall-union.org\/es\/archive\/imf\/\"},{\"@type\":\"ListItem\",\"position\":3,\"name\":\"D\u00edas de acci\u00f3n mundiales sobre los derechos de los trabajadores en M\u00e9xico\"}]},{\"@type\":\"WebSite\",\"@id\":\"https:\/\/admin.industriall-union.org\/#website\",\"url\":\"https:\/\/admin.industriall-union.org\/\",\"name\":\"industriall-union\",\"description\":\"\",\"potentialAction\":[{\"@type\":\"SearchAction\",\"target\":{\"@type\":\"EntryPoint\",\"urlTemplate\":\"https:\/\/admin.industriall-union.org\/?s={search_term_string}\"},\"query-input\":{\"@type\":\"PropertyValueSpecification\",\"valueRequired\":true,\"valueName\":\"search_term_string\"}}],\"inLanguage\":\"es-ES\"}]}<\/script>\n<!-- \/ Yoast SEO Premium plugin. -->","yoast_head_json":{"title":"D\u00edas de acci\u00f3n mundiales sobre los derechos de los trabajadores en M\u00e9xico - industriall-union","robots":{"index":"index","follow":"follow","max-snippet":"max-snippet:-1","max-image-preview":"max-image-preview:large","max-video-preview":"max-video-preview:-1"},"canonical":"https:\/\/admin.industriall-union.org\/es\/archive\/imf\/dias-de-accion-mundiales-sobre-los-derechos-de-los-trabajadores-en-mexico\/","og_locale":"es_ES","og_type":"article","og_title":"D\u00edas de acci\u00f3n mundiales sobre los derechos de los trabajadores en M\u00e9xico","og_description":"MUNDO: Las acciones coinciden con el quinto aniversario de la muerte de 65 mineros en el desastre de la mina de Pasta de Conchos en M\u00e9xico, el 19 de febrero de 2006. El Sindicato de Mineros mexicano, el sindicato que exigi\u00f3 justicia tras el desastre, es objeto de violaciones sistem\u00e1ticas, frecuentemente violentas, y cada vez [&hellip;]","og_url":"https:\/\/admin.industriall-union.org\/es\/archive\/imf\/dias-de-accion-mundiales-sobre-los-derechos-de-los-trabajadores-en-mexico\/","og_site_name":"industriall-union","article_modified_time":"2025-01-31T09:28:44+00:00","twitter_card":"summary_large_image","twitter_misc":{"Est. reading time":"3 minutes"},"schema":{"@context":"https:\/\/schema.org","@graph":[{"@type":"WebPage","@id":"https:\/\/admin.industriall-union.org\/es\/archive\/imf\/dias-de-accion-mundiales-sobre-los-derechos-de-los-trabajadores-en-mexico\/","url":"https:\/\/admin.industriall-union.org\/es\/archive\/imf\/dias-de-accion-mundiales-sobre-los-derechos-de-los-trabajadores-en-mexico\/","name":"D\u00edas de acci\u00f3n mundiales sobre los derechos de los trabajadores en M\u00e9xico - industriall-union","isPartOf":{"@id":"https:\/\/admin.industriall-union.org\/#website"},"datePublished":"2010-12-01T15:35:00+00:00","dateModified":"2025-01-31T09:28:44+00:00","breadcrumb":{"@id":"https:\/\/admin.industriall-union.org\/es\/archive\/imf\/dias-de-accion-mundiales-sobre-los-derechos-de-los-trabajadores-en-mexico\/#breadcrumb"},"inLanguage":"es-ES","potentialAction":[{"@type":"ReadAction","target":["https:\/\/admin.industriall-union.org\/es\/archive\/imf\/dias-de-accion-mundiales-sobre-los-derechos-de-los-trabajadores-en-mexico\/"]}]},{"@type":"BreadcrumbList","@id":"https:\/\/admin.industriall-union.org\/es\/archive\/imf\/dias-de-accion-mundiales-sobre-los-derechos-de-los-trabajadores-en-mexico\/#breadcrumb","itemListElement":[{"@type":"ListItem","position":1,"name":"Home","item":"https:\/\/admin.industriall-union.org\/"},{"@type":"ListItem","position":2,"name":"Archive Imf","item":"https:\/\/admin.industriall-union.org\/es\/archive\/imf\/"},{"@type":"ListItem","position":3,"name":"D\u00edas de acci\u00f3n mundiales sobre los derechos de los trabajadores en M\u00e9xico"}]},{"@type":"WebSite","@id":"https:\/\/admin.industriall-union.org\/#website","url":"https:\/\/admin.industriall-union.org\/","name":"industriall-union","description":"","potentialAction":[{"@type":"SearchAction","target":{"@type":"EntryPoint","urlTemplate":"https:\/\/admin.industriall-union.org\/?s={search_term_string}"},"query-input":{"@type":"PropertyValueSpecification","valueRequired":true,"valueName":"search_term_string"}}],"inLanguage":"es-ES"}]}},"_links":{"self":[{"href":"https:\/\/admin.industriall-union.org\/es\/wp-json\/wp\/v2\/archive_imf\/200892","targetHints":{"allow":["GET"]}}],"collection":[{"href":"https:\/\/admin.industriall-union.org\/es\/wp-json\/wp\/v2\/archive_imf"}],"about":[{"href":"https:\/\/admin.industriall-union.org\/es\/wp-json\/wp\/v2\/types\/archive_imf"}],"wp:attachment":[{"href":"https:\/\/admin.industriall-union.org\/es\/wp-json\/wp\/v2\/media?parent=200892"}],"curies":[{"name":"wp","href":"https:\/\/api.w.org\/{rel}","templated":true}]}}