{"id":200876,"date":"2010-12-02T16:30:00","date_gmt":"2010-12-02T16:30:00","guid":{"rendered":"https:\/\/admin.industriall-union.org\/archive\/imf\/continua-el-proceso-de-la-fitim-para-la-creacion-de-una-nueva-organizacion\/"},"modified":"2025-01-31T09:28:39","modified_gmt":"2025-01-31T09:28:39","slug":"continua-el-proceso-de-la-fitim-para-la-creacion-de-una-nueva-organizacion","status":"publish","type":"archive_imf","link":"https:\/\/admin.industriall-union.org\/es\/archive\/imf\/continua-el-proceso-de-la-fitim-para-la-creacion-de-una-nueva-organizacion\/","title":{"rendered":"Contin\u00faa el proceso de la FITIM para la creaci\u00f3n de una nueva organizaci\u00f3n"},"content":{"rendered":"<!--[if gte mso 9]&gt;     Normal   0   21         false   false   false                             MicrosoftInternetExplorer4   &lt;![endif]--><!--[if gte mso 9]&gt;     &lt;![endif]--><!--[if gte mso 10]&gt;   \/* Style Definitions *\/  table.MsoNormalTable \t{mso-style-name:\"Table Normal\"; \tmso-tstyle-rowband-size:0; \tmso-tstyle-colband-size:0; \tmso-style-noshow:yes; \tmso-style-parent:\"\"; \tmso-padding-alt:0cm 5.4pt 0cm 5.4pt; \tmso-para-margin:0cm; \tmso-para-margin-bottom:.0001pt; \tmso-pagination:widow-orphan; \tfont-size:10.0pt; \tfont-family:\"Times New Roman\"; \tmso-ansi-language:#0400; \tmso-fareast-language:#0400; \tmso-bidi-language:#0400;}  &lt;![endif]-->  <p>MUNDO: Reunido en Ginebra el 1 de diciembre, el Comit\u00e9 Ejecutivo de la Federaci\u00f3n Internacional de Trabajadores de las Industrias Metal\u00fargicas se comprometi\u00f3 a continuar el proceso hacia la creaci\u00f3n de una nueva internacional que agrupe a los trabajadores de los sectores industriales del mundo.<\/p>  <p>El Comit\u00e9 debati\u00f3 la necesidad de precisar con mayor claridad la misi\u00f3n y los objetivos de la nueva organizaci\u00f3n, y la manera de mejorar y fortalecer la posici\u00f3n de los trabajadores metal\u00fargicos a niveles nacional, regional y mundial. En el debate se reafirmaron varios principios, incluido el deseo de mantener estructuras regionales que est\u00e1n integradas en las estructuras mundiales y un comit\u00e9 ejecutivo que siga siendo el centro de la adopci\u00f3n de decisiones.<\/p>  <p>Proseguir\u00e1 la labor del Grupo Especial FITIM\/ICEM\/FITTVC y de sus grupos de trabajo sobre estatutos y finanzas. El Comit\u00e9 Ejecutivo de la FITIM piensa celebrar una reuni\u00f3n con las ejecutivas de la ICEM y de la FITTVC en mayo de 2011, y trabajar\u00e1 para que el Comit\u00e9 Central pueda tomar una decisi\u00f3n sobre la creaci\u00f3n de una nueva organizaci\u00f3n en diciembre de 2011.<\/p>  <p>Horas antes, el Comit\u00e9 tuvo conocimiento de informes de numerosos pa\u00edses sobre las continuas dificultades resultantes de la crisis financiera.\u00a0 Si bien se recupera alguna actividad econ\u00f3mica en varios pa\u00edses, no se logra crear empleo, sino que hay una mayor dependencia del trabajo por contrato, de corta duraci\u00f3n y de agencia.<\/p>  <p>El Comit\u00e9 Ejecutivo tambi\u00e9n se comprometi\u00f3 a celebrar d\u00edas de acci\u00f3n mundiales sobre M\u00e9xico, del 14 al 19 de febrero de 2011, para pedir al Gobierno mexicano que cese sus ataques a la libertad de asociaci\u00f3n a los sindicatos democr\u00e1ticos e independientes en M\u00e9xico.<\/p>    ","protected":false},"featured_media":0,"template":"","class_list":["post-200876","archive_imf","type-archive_imf","status-publish","hentry"],"acf":[],"yoast_head":"<!-- This site is optimized with the Yoast SEO Premium plugin v27.1 (Yoast SEO v27.1) - https:\/\/yoast.com\/product\/yoast-seo-premium-wordpress\/ -->\n<title>Contin\u00faa el proceso de la FITIM para la creaci\u00f3n de una nueva organizaci\u00f3n - industriall-union<\/title>\n<meta name=\"robots\" content=\"index, follow, max-snippet:-1, max-image-preview:large, max-video-preview:-1\" \/>\n<link rel=\"canonical\" href=\"https:\/\/admin.industriall-union.org\/es\/archive\/imf\/continua-el-proceso-de-la-fitim-para-la-creacion-de-una-nueva-organizacion\/\" \/>\n<meta property=\"og:locale\" content=\"es_ES\" \/>\n<meta property=\"og:type\" content=\"article\" \/>\n<meta property=\"og:title\" content=\"Contin\u00faa el proceso de la FITIM para la creaci\u00f3n de una nueva organizaci\u00f3n\" \/>\n<meta property=\"og:description\" content=\"MUNDO: Reunido en Ginebra el 1 de diciembre, el Comit\u00e9 Ejecutivo de la Federaci\u00f3n Internacional de Trabajadores de las Industrias Metal\u00fargicas se comprometi\u00f3 a continuar el proceso hacia la creaci\u00f3n de una nueva internacional que agrupe a los trabajadores de los sectores industriales del mundo. El Comit\u00e9 debati\u00f3 la necesidad de precisar con mayor claridad [&hellip;]\" \/>\n<meta property=\"og:url\" content=\"https:\/\/admin.industriall-union.org\/es\/archive\/imf\/continua-el-proceso-de-la-fitim-para-la-creacion-de-una-nueva-organizacion\/\" \/>\n<meta property=\"og:site_name\" content=\"industriall-union\" \/>\n<meta property=\"article:modified_time\" content=\"2025-01-31T09:28:39+00:00\" \/>\n<meta name=\"twitter:card\" content=\"summary_large_image\" \/>\n<meta name=\"twitter:label1\" content=\"Est. reading time\" \/>\n\t<meta name=\"twitter:data1\" content=\"1 minute\" \/>\n<script type=\"application\/ld+json\" class=\"yoast-schema-graph\">{\"@context\":\"https:\/\/schema.org\",\"@graph\":[{\"@type\":\"WebPage\",\"@id\":\"https:\/\/admin.industriall-union.org\/es\/archive\/imf\/continua-el-proceso-de-la-fitim-para-la-creacion-de-una-nueva-organizacion\/\",\"url\":\"https:\/\/admin.industriall-union.org\/es\/archive\/imf\/continua-el-proceso-de-la-fitim-para-la-creacion-de-una-nueva-organizacion\/\",\"name\":\"Contin\u00faa el proceso de la FITIM para la creaci\u00f3n de una nueva organizaci\u00f3n - industriall-union\",\"isPartOf\":{\"@id\":\"https:\/\/admin.industriall-union.org\/#website\"},\"datePublished\":\"2010-12-02T16:30:00+00:00\",\"dateModified\":\"2025-01-31T09:28:39+00:00\",\"breadcrumb\":{\"@id\":\"https:\/\/admin.industriall-union.org\/es\/archive\/imf\/continua-el-proceso-de-la-fitim-para-la-creacion-de-una-nueva-organizacion\/#breadcrumb\"},\"inLanguage\":\"es-ES\",\"potentialAction\":[{\"@type\":\"ReadAction\",\"target\":[\"https:\/\/admin.industriall-union.org\/es\/archive\/imf\/continua-el-proceso-de-la-fitim-para-la-creacion-de-una-nueva-organizacion\/\"]}]},{\"@type\":\"BreadcrumbList\",\"@id\":\"https:\/\/admin.industriall-union.org\/es\/archive\/imf\/continua-el-proceso-de-la-fitim-para-la-creacion-de-una-nueva-organizacion\/#breadcrumb\",\"itemListElement\":[{\"@type\":\"ListItem\",\"position\":1,\"name\":\"Home\",\"item\":\"https:\/\/admin.industriall-union.org\/\"},{\"@type\":\"ListItem\",\"position\":2,\"name\":\"Archive Imf\",\"item\":\"https:\/\/admin.industriall-union.org\/es\/archive\/imf\/\"},{\"@type\":\"ListItem\",\"position\":3,\"name\":\"Contin\u00faa el proceso de la FITIM para la creaci\u00f3n de una nueva organizaci\u00f3n\"}]},{\"@type\":\"WebSite\",\"@id\":\"https:\/\/admin.industriall-union.org\/#website\",\"url\":\"https:\/\/admin.industriall-union.org\/\",\"name\":\"industriall-union\",\"description\":\"\",\"potentialAction\":[{\"@type\":\"SearchAction\",\"target\":{\"@type\":\"EntryPoint\",\"urlTemplate\":\"https:\/\/admin.industriall-union.org\/?s={search_term_string}\"},\"query-input\":{\"@type\":\"PropertyValueSpecification\",\"valueRequired\":true,\"valueName\":\"search_term_string\"}}],\"inLanguage\":\"es-ES\"}]}<\/script>\n<!-- \/ Yoast SEO Premium plugin. -->","yoast_head_json":{"title":"Contin\u00faa el proceso de la FITIM para la creaci\u00f3n de una nueva organizaci\u00f3n - industriall-union","robots":{"index":"index","follow":"follow","max-snippet":"max-snippet:-1","max-image-preview":"max-image-preview:large","max-video-preview":"max-video-preview:-1"},"canonical":"https:\/\/admin.industriall-union.org\/es\/archive\/imf\/continua-el-proceso-de-la-fitim-para-la-creacion-de-una-nueva-organizacion\/","og_locale":"es_ES","og_type":"article","og_title":"Contin\u00faa el proceso de la FITIM para la creaci\u00f3n de una nueva organizaci\u00f3n","og_description":"MUNDO: Reunido en Ginebra el 1 de diciembre, el Comit\u00e9 Ejecutivo de la Federaci\u00f3n Internacional de Trabajadores de las Industrias Metal\u00fargicas se comprometi\u00f3 a continuar el proceso hacia la creaci\u00f3n de una nueva internacional que agrupe a los trabajadores de los sectores industriales del mundo. El Comit\u00e9 debati\u00f3 la necesidad de precisar con mayor claridad [&hellip;]","og_url":"https:\/\/admin.industriall-union.org\/es\/archive\/imf\/continua-el-proceso-de-la-fitim-para-la-creacion-de-una-nueva-organizacion\/","og_site_name":"industriall-union","article_modified_time":"2025-01-31T09:28:39+00:00","twitter_card":"summary_large_image","twitter_misc":{"Est. reading time":"1 minute"},"schema":{"@context":"https:\/\/schema.org","@graph":[{"@type":"WebPage","@id":"https:\/\/admin.industriall-union.org\/es\/archive\/imf\/continua-el-proceso-de-la-fitim-para-la-creacion-de-una-nueva-organizacion\/","url":"https:\/\/admin.industriall-union.org\/es\/archive\/imf\/continua-el-proceso-de-la-fitim-para-la-creacion-de-una-nueva-organizacion\/","name":"Contin\u00faa el proceso de la FITIM para la creaci\u00f3n de una nueva organizaci\u00f3n - industriall-union","isPartOf":{"@id":"https:\/\/admin.industriall-union.org\/#website"},"datePublished":"2010-12-02T16:30:00+00:00","dateModified":"2025-01-31T09:28:39+00:00","breadcrumb":{"@id":"https:\/\/admin.industriall-union.org\/es\/archive\/imf\/continua-el-proceso-de-la-fitim-para-la-creacion-de-una-nueva-organizacion\/#breadcrumb"},"inLanguage":"es-ES","potentialAction":[{"@type":"ReadAction","target":["https:\/\/admin.industriall-union.org\/es\/archive\/imf\/continua-el-proceso-de-la-fitim-para-la-creacion-de-una-nueva-organizacion\/"]}]},{"@type":"BreadcrumbList","@id":"https:\/\/admin.industriall-union.org\/es\/archive\/imf\/continua-el-proceso-de-la-fitim-para-la-creacion-de-una-nueva-organizacion\/#breadcrumb","itemListElement":[{"@type":"ListItem","position":1,"name":"Home","item":"https:\/\/admin.industriall-union.org\/"},{"@type":"ListItem","position":2,"name":"Archive Imf","item":"https:\/\/admin.industriall-union.org\/es\/archive\/imf\/"},{"@type":"ListItem","position":3,"name":"Contin\u00faa el proceso de la FITIM para la creaci\u00f3n de una nueva organizaci\u00f3n"}]},{"@type":"WebSite","@id":"https:\/\/admin.industriall-union.org\/#website","url":"https:\/\/admin.industriall-union.org\/","name":"industriall-union","description":"","potentialAction":[{"@type":"SearchAction","target":{"@type":"EntryPoint","urlTemplate":"https:\/\/admin.industriall-union.org\/?s={search_term_string}"},"query-input":{"@type":"PropertyValueSpecification","valueRequired":true,"valueName":"search_term_string"}}],"inLanguage":"es-ES"}]}},"_links":{"self":[{"href":"https:\/\/admin.industriall-union.org\/es\/wp-json\/wp\/v2\/archive_imf\/200876","targetHints":{"allow":["GET"]}}],"collection":[{"href":"https:\/\/admin.industriall-union.org\/es\/wp-json\/wp\/v2\/archive_imf"}],"about":[{"href":"https:\/\/admin.industriall-union.org\/es\/wp-json\/wp\/v2\/types\/archive_imf"}],"wp:attachment":[{"href":"https:\/\/admin.industriall-union.org\/es\/wp-json\/wp\/v2\/media?parent=200876"}],"curies":[{"name":"wp","href":"https:\/\/api.w.org\/{rel}","templated":true}]}}