{"id":200518,"date":"2011-04-06T11:53:00","date_gmt":"2011-04-06T11:53:00","guid":{"rendered":"https:\/\/admin.industriall-union.org\/archive\/imf\/los-trabajadores-de-honda-en-mexico-luchan-por-el-reconocimiento\/"},"modified":"2025-01-31T09:19:08","modified_gmt":"2025-01-31T09:19:08","slug":"los-trabajadores-de-honda-en-mexico-luchan-por-el-reconocimiento","status":"publish","type":"archive_imf","link":"https:\/\/admin.industriall-union.org\/es\/archive\/imf\/los-trabajadores-de-honda-en-mexico-luchan-por-el-reconocimiento\/","title":{"rendered":"Los trabajadores de Honda en M\u00e9xico luchan por el reconocimiento"},"content":{"rendered":"<p>MEXICO: El 28 de marzo, el Juzgado Segundo de Distrito emiti\u00f3 un fallo por el que obliga a la Secretar\u00eda de Trabajo y Previsi\u00f3n Social (STPS) a proceder al registro legal del Sindicato de Trabajadores Unidos de Honda de M\u00e9xico (STUHM). Desde su creaci\u00f3n, en 2009, el sindicato ha luchado por obtener el reconocimiento oficial. Seg\u00fan el Comit\u00e9 Ejecutivo del STUHM, la reciente raz\u00f3n de la Secretar\u00eda para negar el registro se basaba en que el sindicato no hab\u00eda &quot;aportado pruebas sobre la existencia de su compa\u00f1\u00eda&quot;, donde act\u00faa.<\/p><p>En una conferencia de prensa despu\u00e9s del anuncio del fallo del tribunal, l\u00edderes del STUHM expresaron su descontento por el recurso de la Secretar\u00eda a maniobras absurdas\u00a0 con el fin de denegar o retrasar el registro, y declararon que esto muestra la &quot;virulenta&quot; pol\u00edtica antisindical del Gobierno mexicano.<\/p><p>Los l\u00edderes sindicales tambi\u00e9n instaron ala Secretar\u00eda a \u00abcumplir su obligaci\u00f3n constitucional de proteger los derechos de los trabajadores y abandonar su obstinaci\u00f3n para impedir el registro del sindicato, siempre en beneficio de los empleadores y a expensas de los derechos de los trabajadores&quot;. Asimismo, pidieron que se ponga fin a la persecuci\u00f3n de miembros del STUHM en la planta de Honda en M\u00e9xico.<\/p><p>Desde hace a\u00f1os, los trabajadores de la planta de Honda tratan de crear su propia organizaci\u00f3n, ante las continuas tentativas de represalias de la direcci\u00f3n, apoyada por un sindicato de protecci\u00f3n, la Central de Trabajadores de M\u00e9xico (CTM). Seg\u00fan se ha informado, este &quot;sindicato de empresa&quot; permite a la compa\u00f1\u00eda imponer bajos salarios a los trabajadores, que ganan entre 132 y 160 pesos (8 &#8211; 10 euros) al d\u00eda, as\u00ed como una excesiva carga de trabajo, la ampliaci\u00f3n arbitraria de las horas de trabajo y el cambio obligado de d\u00edas libres, adem\u00e1s de acoso en el lugar de trabajo.<\/p><p>La FITIM denunci\u00f3 anteriormente el escandaloso <a href=\"..\/index.cfm?c=25041&amp;l=28\" target=\"_blank\">despido del l\u00edder sindical en la planta de Honda en El Salto, Jalisco<\/a>. El STUHM y otros sindicatos independientes participaron activamente en los recientes <a href=\"..\/index.cfm?c=24820&amp;l=28\" target=\"_blank\">D\u00edas de acci\u00f3n mundiales sobre los derechos de los trabajadores en M\u00e9xico<\/a>.<\/p><p>En febrero de 2009, la FITIM present\u00f3 una queja en la Organizaci\u00f3n Internacional del Trabajo en la que ped\u00eda que el Gobierno mexicano pusiera fin a los contratos de protecci\u00f3n, que permiten a las compa\u00f1\u00edas firmar un convenio colectivo con un sindicato elegido por ellas, sin informar a los trabajadores, y bloqueando esencialmente toda tentativa de los trabajadores de formar sindicatos independientes de su elecci\u00f3n. Esto constituye una violaci\u00f3n de los derechos de los trabajadores a la libertad sindical, como se garantiza en el Convenio n\u00fam. 87 de la OIT, firmado por M\u00e9xico.<\/p><p>La FITIM y sus afiliados seguir\u00e1n de cerca la situaci\u00f3n en la planta de Honda en Jalisco y apoyando a la lucha de los trabajadores por un sindicato democr\u00e1tico.  <\/p>","protected":false},"featured_media":0,"template":"","class_list":["post-200518","archive_imf","type-archive_imf","status-publish","hentry"],"acf":[],"yoast_head":"<!-- This site is optimized with the Yoast SEO Premium plugin v27.1 (Yoast SEO v27.1) - https:\/\/yoast.com\/product\/yoast-seo-premium-wordpress\/ -->\n<title>Los trabajadores de Honda en M\u00e9xico luchan por el reconocimiento - industriall-union<\/title>\n<meta name=\"robots\" content=\"index, follow, max-snippet:-1, max-image-preview:large, max-video-preview:-1\" \/>\n<link rel=\"canonical\" href=\"https:\/\/admin.industriall-union.org\/es\/archive\/imf\/los-trabajadores-de-honda-en-mexico-luchan-por-el-reconocimiento\/\" \/>\n<meta property=\"og:locale\" content=\"es_ES\" \/>\n<meta property=\"og:type\" content=\"article\" \/>\n<meta property=\"og:title\" content=\"Los trabajadores de Honda en M\u00e9xico luchan por el reconocimiento\" \/>\n<meta property=\"og:description\" content=\"MEXICO: El 28 de marzo, el Juzgado Segundo de Distrito emiti\u00f3 un fallo por el que obliga a la Secretar\u00eda de Trabajo y Previsi\u00f3n Social (STPS) a proceder al registro legal del Sindicato de Trabajadores Unidos de Honda de M\u00e9xico (STUHM). Desde su creaci\u00f3n, en 2009, el sindicato ha luchado por obtener el reconocimiento oficial. [&hellip;]\" \/>\n<meta property=\"og:url\" content=\"https:\/\/admin.industriall-union.org\/es\/archive\/imf\/los-trabajadores-de-honda-en-mexico-luchan-por-el-reconocimiento\/\" \/>\n<meta property=\"og:site_name\" content=\"industriall-union\" \/>\n<meta property=\"article:modified_time\" content=\"2025-01-31T09:19:08+00:00\" \/>\n<meta name=\"twitter:card\" content=\"summary_large_image\" \/>\n<meta name=\"twitter:label1\" content=\"Est. reading time\" \/>\n\t<meta name=\"twitter:data1\" content=\"3 minutes\" \/>\n<script type=\"application\/ld+json\" class=\"yoast-schema-graph\">{\"@context\":\"https:\/\/schema.org\",\"@graph\":[{\"@type\":\"WebPage\",\"@id\":\"https:\/\/admin.industriall-union.org\/es\/archive\/imf\/los-trabajadores-de-honda-en-mexico-luchan-por-el-reconocimiento\/\",\"url\":\"https:\/\/admin.industriall-union.org\/es\/archive\/imf\/los-trabajadores-de-honda-en-mexico-luchan-por-el-reconocimiento\/\",\"name\":\"Los trabajadores de Honda en M\u00e9xico luchan por el reconocimiento - industriall-union\",\"isPartOf\":{\"@id\":\"https:\/\/admin.industriall-union.org\/#website\"},\"datePublished\":\"2011-04-06T11:53:00+00:00\",\"dateModified\":\"2025-01-31T09:19:08+00:00\",\"breadcrumb\":{\"@id\":\"https:\/\/admin.industriall-union.org\/es\/archive\/imf\/los-trabajadores-de-honda-en-mexico-luchan-por-el-reconocimiento\/#breadcrumb\"},\"inLanguage\":\"es-ES\",\"potentialAction\":[{\"@type\":\"ReadAction\",\"target\":[\"https:\/\/admin.industriall-union.org\/es\/archive\/imf\/los-trabajadores-de-honda-en-mexico-luchan-por-el-reconocimiento\/\"]}]},{\"@type\":\"BreadcrumbList\",\"@id\":\"https:\/\/admin.industriall-union.org\/es\/archive\/imf\/los-trabajadores-de-honda-en-mexico-luchan-por-el-reconocimiento\/#breadcrumb\",\"itemListElement\":[{\"@type\":\"ListItem\",\"position\":1,\"name\":\"Home\",\"item\":\"https:\/\/admin.industriall-union.org\/\"},{\"@type\":\"ListItem\",\"position\":2,\"name\":\"Archive Imf\",\"item\":\"https:\/\/admin.industriall-union.org\/fr\/archive\/imf\/\"},{\"@type\":\"ListItem\",\"position\":3,\"name\":\"Los trabajadores de Honda en M\u00e9xico luchan por el reconocimiento\"}]},{\"@type\":\"WebSite\",\"@id\":\"https:\/\/admin.industriall-union.org\/#website\",\"url\":\"https:\/\/admin.industriall-union.org\/\",\"name\":\"industriall-union\",\"description\":\"\",\"potentialAction\":[{\"@type\":\"SearchAction\",\"target\":{\"@type\":\"EntryPoint\",\"urlTemplate\":\"https:\/\/admin.industriall-union.org\/?s={search_term_string}\"},\"query-input\":{\"@type\":\"PropertyValueSpecification\",\"valueRequired\":true,\"valueName\":\"search_term_string\"}}],\"inLanguage\":\"es-ES\"}]}<\/script>\n<!-- \/ Yoast SEO Premium plugin. -->","yoast_head_json":{"title":"Los trabajadores de Honda en M\u00e9xico luchan por el reconocimiento - industriall-union","robots":{"index":"index","follow":"follow","max-snippet":"max-snippet:-1","max-image-preview":"max-image-preview:large","max-video-preview":"max-video-preview:-1"},"canonical":"https:\/\/admin.industriall-union.org\/es\/archive\/imf\/los-trabajadores-de-honda-en-mexico-luchan-por-el-reconocimiento\/","og_locale":"es_ES","og_type":"article","og_title":"Los trabajadores de Honda en M\u00e9xico luchan por el reconocimiento","og_description":"MEXICO: El 28 de marzo, el Juzgado Segundo de Distrito emiti\u00f3 un fallo por el que obliga a la Secretar\u00eda de Trabajo y Previsi\u00f3n Social (STPS) a proceder al registro legal del Sindicato de Trabajadores Unidos de Honda de M\u00e9xico (STUHM). Desde su creaci\u00f3n, en 2009, el sindicato ha luchado por obtener el reconocimiento oficial. [&hellip;]","og_url":"https:\/\/admin.industriall-union.org\/es\/archive\/imf\/los-trabajadores-de-honda-en-mexico-luchan-por-el-reconocimiento\/","og_site_name":"industriall-union","article_modified_time":"2025-01-31T09:19:08+00:00","twitter_card":"summary_large_image","twitter_misc":{"Est. reading time":"3 minutes"},"schema":{"@context":"https:\/\/schema.org","@graph":[{"@type":"WebPage","@id":"https:\/\/admin.industriall-union.org\/es\/archive\/imf\/los-trabajadores-de-honda-en-mexico-luchan-por-el-reconocimiento\/","url":"https:\/\/admin.industriall-union.org\/es\/archive\/imf\/los-trabajadores-de-honda-en-mexico-luchan-por-el-reconocimiento\/","name":"Los trabajadores de Honda en M\u00e9xico luchan por el reconocimiento - industriall-union","isPartOf":{"@id":"https:\/\/admin.industriall-union.org\/#website"},"datePublished":"2011-04-06T11:53:00+00:00","dateModified":"2025-01-31T09:19:08+00:00","breadcrumb":{"@id":"https:\/\/admin.industriall-union.org\/es\/archive\/imf\/los-trabajadores-de-honda-en-mexico-luchan-por-el-reconocimiento\/#breadcrumb"},"inLanguage":"es-ES","potentialAction":[{"@type":"ReadAction","target":["https:\/\/admin.industriall-union.org\/es\/archive\/imf\/los-trabajadores-de-honda-en-mexico-luchan-por-el-reconocimiento\/"]}]},{"@type":"BreadcrumbList","@id":"https:\/\/admin.industriall-union.org\/es\/archive\/imf\/los-trabajadores-de-honda-en-mexico-luchan-por-el-reconocimiento\/#breadcrumb","itemListElement":[{"@type":"ListItem","position":1,"name":"Home","item":"https:\/\/admin.industriall-union.org\/"},{"@type":"ListItem","position":2,"name":"Archive Imf","item":"https:\/\/admin.industriall-union.org\/fr\/archive\/imf\/"},{"@type":"ListItem","position":3,"name":"Los trabajadores de Honda en M\u00e9xico luchan por el reconocimiento"}]},{"@type":"WebSite","@id":"https:\/\/admin.industriall-union.org\/#website","url":"https:\/\/admin.industriall-union.org\/","name":"industriall-union","description":"","potentialAction":[{"@type":"SearchAction","target":{"@type":"EntryPoint","urlTemplate":"https:\/\/admin.industriall-union.org\/?s={search_term_string}"},"query-input":{"@type":"PropertyValueSpecification","valueRequired":true,"valueName":"search_term_string"}}],"inLanguage":"es-ES"}]}},"_links":{"self":[{"href":"https:\/\/admin.industriall-union.org\/es\/wp-json\/wp\/v2\/archive_imf\/200518","targetHints":{"allow":["GET"]}}],"collection":[{"href":"https:\/\/admin.industriall-union.org\/es\/wp-json\/wp\/v2\/archive_imf"}],"about":[{"href":"https:\/\/admin.industriall-union.org\/es\/wp-json\/wp\/v2\/types\/archive_imf"}],"wp:attachment":[{"href":"https:\/\/admin.industriall-union.org\/es\/wp-json\/wp\/v2\/media?parent=200518"}],"curies":[{"name":"wp","href":"https:\/\/api.w.org\/{rel}","templated":true}]}}