{"id":200431,"date":"2011-05-02T14:58:00","date_gmt":"2011-05-02T14:58:00","guid":{"rendered":"https:\/\/admin.industriall-union.org\/archive\/imf\/los-trabajadores-arabes-demandan-derechos-el-dia-de-mayo\/"},"modified":"2025-01-31T09:15:37","modified_gmt":"2025-01-31T09:15:37","slug":"los-trabajadores-arabes-demandan-derechos-el-dia-de-mayo","status":"publish","type":"archive_imf","link":"https:\/\/admin.industriall-union.org\/es\/archive\/imf\/los-trabajadores-arabes-demandan-derechos-el-dia-de-mayo\/","title":{"rendered":"Los trabajadores \u00e1rabes demandan derechos el D\u00eda de Mayo"},"content":{"rendered":"<p>MUNDO: Decenas de miles de personas se han manifestado el D\u00eda de Mayo en el mundo \u00e1rabe para demandar empleos decentes, justicia social y el fin de la represi\u00f3n, informa la Confederaci\u00f3n Sindical Internacional (CSI) en <a href=\"http:\/\/www.ituc-csi.org\/los-trabajadores-arabes-piden.html?lang=es\" target=\"_blank\">http:\/\/www.ituc-csi.org\/may-day-arab-workers-demands-for.html <\/a><\/p><p>En las manifestaciones sindicales en toda la regi\u00f3n, desde Iraq en el este hasta Mauritania en el oeste, trabajadores de todas las profesiones y condiciones sociales dieron nuevo impulso a la corriente por la democracia y los derechos de los trabajadores tras la ca\u00edda de las dictaduras en Egipto y en T\u00fanez.<\/p><p>Unos 77 centros sindicales nacionales y sindicatos sectoriales, entre ellos afiliados a la Federaci\u00f3n Internacional de Trabajadores de las Industrias Metal\u00fargicas (FITIM de toda la regi\u00f3n, han firmado tambi\u00e9n una &quot;<a href=\"http:\/\/www.ituc-csi.org\/declaration-of-trade-unions-from.html?lang=en\" target=\"_blank\">Declaraci\u00f3n de los pa\u00edses \u00e1rabes por la democracia y la justicia social<\/a>&quot;, agregando todav\u00eda m\u00e1s presi\u00f3n para el cambio al movimiento de la Primavera \u00e1rabe.<\/p><p>La secretaria general de la CSI, Sharan Burrow, se uni\u00f3 a los trabajadores palestinos y a sus familias en la marcha del centro sindical palestino PGFTU y en la manifestaci\u00f3n de Ramallah, para apoyar su demanda de salario m\u00ednimo, protecci\u00f3n social, reforma de la legislaci\u00f3n laboral y la creaci\u00f3n de tribunales del trabajo para abordar la explotaci\u00f3n.<\/p><p>La CSI informa de que, en la Plaza Tahrir de El Cairo, una manifestaci\u00f3n pac\u00edfica fue atacada violentamente por matones, al parecer del desacreditado &quot;sindicato&quot; oficial del r\u00e9gimen de Mubarak, ETUF. A pesar de que se les lanzaron piedras y botellas, los trabajadores del nuevo sindicato independiente EFITU prosiguieron su manifestaci\u00f3n, que creci\u00f3 hasta llegar a unas 50.000 personas.<\/p><p>El D\u00eda de Mayo hubo acciones en otras partes del mundo \u00e1rabe, como Marruecos, T\u00fanez, Mauritania e Iraq.<br \/><br \/>  <\/p>","protected":false},"featured_media":0,"template":"","class_list":["post-200431","archive_imf","type-archive_imf","status-publish","hentry"],"acf":[],"yoast_head":"<!-- This site is optimized with the Yoast SEO Premium plugin v27.1 (Yoast SEO v27.1) - https:\/\/yoast.com\/product\/yoast-seo-premium-wordpress\/ -->\n<title>Los trabajadores \u00e1rabes demandan derechos el D\u00eda de Mayo - industriall-union<\/title>\n<meta name=\"robots\" content=\"index, follow, max-snippet:-1, max-image-preview:large, max-video-preview:-1\" \/>\n<link rel=\"canonical\" href=\"https:\/\/admin.industriall-union.org\/es\/archive\/imf\/los-trabajadores-arabes-demandan-derechos-el-dia-de-mayo\/\" \/>\n<meta property=\"og:locale\" content=\"es_ES\" \/>\n<meta property=\"og:type\" content=\"article\" \/>\n<meta property=\"og:title\" content=\"Los trabajadores \u00e1rabes demandan derechos el D\u00eda de Mayo\" \/>\n<meta property=\"og:description\" content=\"MUNDO: Decenas de miles de personas se han manifestado el D\u00eda de Mayo en el mundo \u00e1rabe para demandar empleos decentes, justicia social y el fin de la represi\u00f3n, informa la Confederaci\u00f3n Sindical Internacional (CSI) en http:\/\/www.ituc-csi.org\/may-day-arab-workers-demands-for.html En las manifestaciones sindicales en toda la regi\u00f3n, desde Iraq en el este hasta Mauritania en el oeste, [&hellip;]\" \/>\n<meta property=\"og:url\" content=\"https:\/\/admin.industriall-union.org\/es\/archive\/imf\/los-trabajadores-arabes-demandan-derechos-el-dia-de-mayo\/\" \/>\n<meta property=\"og:site_name\" content=\"industriall-union\" \/>\n<meta property=\"article:modified_time\" content=\"2025-01-31T09:15:37+00:00\" \/>\n<meta name=\"twitter:card\" content=\"summary_large_image\" \/>\n<meta name=\"twitter:label1\" content=\"Est. reading time\" \/>\n\t<meta name=\"twitter:data1\" content=\"2 minutes\" \/>\n<script type=\"application\/ld+json\" class=\"yoast-schema-graph\">{\"@context\":\"https:\/\/schema.org\",\"@graph\":[{\"@type\":\"WebPage\",\"@id\":\"https:\/\/admin.industriall-union.org\/es\/archive\/imf\/los-trabajadores-arabes-demandan-derechos-el-dia-de-mayo\/\",\"url\":\"https:\/\/admin.industriall-union.org\/es\/archive\/imf\/los-trabajadores-arabes-demandan-derechos-el-dia-de-mayo\/\",\"name\":\"Los trabajadores \u00e1rabes demandan derechos el D\u00eda de Mayo - industriall-union\",\"isPartOf\":{\"@id\":\"https:\/\/admin.industriall-union.org\/#website\"},\"datePublished\":\"2011-05-02T14:58:00+00:00\",\"dateModified\":\"2025-01-31T09:15:37+00:00\",\"breadcrumb\":{\"@id\":\"https:\/\/admin.industriall-union.org\/es\/archive\/imf\/los-trabajadores-arabes-demandan-derechos-el-dia-de-mayo\/#breadcrumb\"},\"inLanguage\":\"es-ES\",\"potentialAction\":[{\"@type\":\"ReadAction\",\"target\":[\"https:\/\/admin.industriall-union.org\/es\/archive\/imf\/los-trabajadores-arabes-demandan-derechos-el-dia-de-mayo\/\"]}]},{\"@type\":\"BreadcrumbList\",\"@id\":\"https:\/\/admin.industriall-union.org\/es\/archive\/imf\/los-trabajadores-arabes-demandan-derechos-el-dia-de-mayo\/#breadcrumb\",\"itemListElement\":[{\"@type\":\"ListItem\",\"position\":1,\"name\":\"Home\",\"item\":\"https:\/\/admin.industriall-union.org\/\"},{\"@type\":\"ListItem\",\"position\":2,\"name\":\"Archive Imf\",\"item\":\"https:\/\/admin.industriall-union.org\/es\/archive\/imf\/\"},{\"@type\":\"ListItem\",\"position\":3,\"name\":\"Los trabajadores \u00e1rabes demandan derechos el D\u00eda de Mayo\"}]},{\"@type\":\"WebSite\",\"@id\":\"https:\/\/admin.industriall-union.org\/#website\",\"url\":\"https:\/\/admin.industriall-union.org\/\",\"name\":\"industriall-union\",\"description\":\"\",\"potentialAction\":[{\"@type\":\"SearchAction\",\"target\":{\"@type\":\"EntryPoint\",\"urlTemplate\":\"https:\/\/admin.industriall-union.org\/?s={search_term_string}\"},\"query-input\":{\"@type\":\"PropertyValueSpecification\",\"valueRequired\":true,\"valueName\":\"search_term_string\"}}],\"inLanguage\":\"es-ES\"}]}<\/script>\n<!-- \/ Yoast SEO Premium plugin. -->","yoast_head_json":{"title":"Los trabajadores \u00e1rabes demandan derechos el D\u00eda de Mayo - industriall-union","robots":{"index":"index","follow":"follow","max-snippet":"max-snippet:-1","max-image-preview":"max-image-preview:large","max-video-preview":"max-video-preview:-1"},"canonical":"https:\/\/admin.industriall-union.org\/es\/archive\/imf\/los-trabajadores-arabes-demandan-derechos-el-dia-de-mayo\/","og_locale":"es_ES","og_type":"article","og_title":"Los trabajadores \u00e1rabes demandan derechos el D\u00eda de Mayo","og_description":"MUNDO: Decenas de miles de personas se han manifestado el D\u00eda de Mayo en el mundo \u00e1rabe para demandar empleos decentes, justicia social y el fin de la represi\u00f3n, informa la Confederaci\u00f3n Sindical Internacional (CSI) en http:\/\/www.ituc-csi.org\/may-day-arab-workers-demands-for.html En las manifestaciones sindicales en toda la regi\u00f3n, desde Iraq en el este hasta Mauritania en el oeste, [&hellip;]","og_url":"https:\/\/admin.industriall-union.org\/es\/archive\/imf\/los-trabajadores-arabes-demandan-derechos-el-dia-de-mayo\/","og_site_name":"industriall-union","article_modified_time":"2025-01-31T09:15:37+00:00","twitter_card":"summary_large_image","twitter_misc":{"Est. reading time":"2 minutes"},"schema":{"@context":"https:\/\/schema.org","@graph":[{"@type":"WebPage","@id":"https:\/\/admin.industriall-union.org\/es\/archive\/imf\/los-trabajadores-arabes-demandan-derechos-el-dia-de-mayo\/","url":"https:\/\/admin.industriall-union.org\/es\/archive\/imf\/los-trabajadores-arabes-demandan-derechos-el-dia-de-mayo\/","name":"Los trabajadores \u00e1rabes demandan derechos el D\u00eda de Mayo - industriall-union","isPartOf":{"@id":"https:\/\/admin.industriall-union.org\/#website"},"datePublished":"2011-05-02T14:58:00+00:00","dateModified":"2025-01-31T09:15:37+00:00","breadcrumb":{"@id":"https:\/\/admin.industriall-union.org\/es\/archive\/imf\/los-trabajadores-arabes-demandan-derechos-el-dia-de-mayo\/#breadcrumb"},"inLanguage":"es-ES","potentialAction":[{"@type":"ReadAction","target":["https:\/\/admin.industriall-union.org\/es\/archive\/imf\/los-trabajadores-arabes-demandan-derechos-el-dia-de-mayo\/"]}]},{"@type":"BreadcrumbList","@id":"https:\/\/admin.industriall-union.org\/es\/archive\/imf\/los-trabajadores-arabes-demandan-derechos-el-dia-de-mayo\/#breadcrumb","itemListElement":[{"@type":"ListItem","position":1,"name":"Home","item":"https:\/\/admin.industriall-union.org\/"},{"@type":"ListItem","position":2,"name":"Archive Imf","item":"https:\/\/admin.industriall-union.org\/es\/archive\/imf\/"},{"@type":"ListItem","position":3,"name":"Los trabajadores \u00e1rabes demandan derechos el D\u00eda de Mayo"}]},{"@type":"WebSite","@id":"https:\/\/admin.industriall-union.org\/#website","url":"https:\/\/admin.industriall-union.org\/","name":"industriall-union","description":"","potentialAction":[{"@type":"SearchAction","target":{"@type":"EntryPoint","urlTemplate":"https:\/\/admin.industriall-union.org\/?s={search_term_string}"},"query-input":{"@type":"PropertyValueSpecification","valueRequired":true,"valueName":"search_term_string"}}],"inLanguage":"es-ES"}]}},"_links":{"self":[{"href":"https:\/\/admin.industriall-union.org\/es\/wp-json\/wp\/v2\/archive_imf\/200431","targetHints":{"allow":["GET"]}}],"collection":[{"href":"https:\/\/admin.industriall-union.org\/es\/wp-json\/wp\/v2\/archive_imf"}],"about":[{"href":"https:\/\/admin.industriall-union.org\/es\/wp-json\/wp\/v2\/types\/archive_imf"}],"wp:attachment":[{"href":"https:\/\/admin.industriall-union.org\/es\/wp-json\/wp\/v2\/media?parent=200431"}],"curies":[{"name":"wp","href":"https:\/\/api.w.org\/{rel}","templated":true}]}}