{"id":199813,"date":"2011-10-25T08:53:00","date_gmt":"2011-10-25T08:53:00","guid":{"rendered":"https:\/\/admin.industriall-union.org\/archive\/imf\/los-sindicatos-mundiales-dicen-al-g20-que-se-centre-en-los-empleos\/"},"modified":"2025-01-31T08:54:18","modified_gmt":"2025-01-31T08:54:18","slug":"los-sindicatos-mundiales-dicen-al-g20-que-se-centre-en-los-empleos","status":"publish","type":"archive_imf","link":"https:\/\/admin.industriall-union.org\/es\/archive\/imf\/los-sindicatos-mundiales-dicen-al-g20-que-se-centre-en-los-empleos\/","title":{"rendered":"Los sindicatos mundiales dicen al G20 que se centre en los empleos"},"content":{"rendered":"<p>MUNDO: Los l\u00edderes del G20 se reunir\u00e1n en Cannes en momentos en que la crisis financiera, econ\u00f3mica y social entra en una &quot;nueva fase peligrosa&quot;. El crecimiento econ\u00f3mico es lento en casi todos los pa\u00edses, y la pobreza extrema aumenta espectacularmente desde el inicio de la crisis. Mientras tanto, el desempleo mundial sigue superando los 200 millones, 27 millones m\u00e1s que antes de la crisis.<br \/><br \/>El desempleo representa ahora la mayor amenaza para la recuperaci\u00f3n. Junto con el crecimiento del desempleo de larga duraci\u00f3n, el alto desempleo de los j\u00f3venes amenaza con debilitar el potencial de crecimiento a largo plazo. El lento crecimiento y el aumento del desempleo, combinados con el incremento de la desigualdad de ingresos en la mayor\u00eda de los pa\u00edses del G20, amenazan la recuperaci\u00f3n, debilitan el crecimiento a largo plazo y elevan el riesgo de una gran explosi\u00f3n social y de la inestabilidad pol\u00edtica.<\/p><p>Los l\u00edderes del G20 deben transmitir un fuerte mensaje de confianza a las familias trabajadoras, y no s\u00f3lo a los mercados financieros, rompiendo el c\u00edrculo vicioso de la inseguridad de los empleos, depresi\u00f3n de los sueldos, supresi\u00f3n del consumo y bloqueo de la inversi\u00f3n. Un plan para los empleos y la recuperaci\u00f3n no s\u00f3lo ha de frenar la crisis, sino configurar un mundo posterior a ella que sea econ\u00f3mica, social y ambientalmente justo y sostenible.<br \/>El G20 tiene que:<\/p><ul><li>Cumplir su compromiso de Pittsburgh de situar \u00ablos empleos de calidad en el centro de la recuperaci\u00f3n\u00bb, estableciendo objetivos de empleo diferenciados pero coordinados para los pa\u00edses del G20, y tomar medidas inmediatas sobre programas de infraestructura con gran densidad de empleo, inversi\u00f3n en empleos verdes y programas de mercado del trabajo para mejorar las calificaciones;<\/li><li>Reforzar las instituciones del mercado de trabajo, especialmente la negociaci\u00f3n colectiva, salarios m\u00ednimos negociados y legislados, apoyo a los grupos de bajos ingresos para reducir la desigualdad salarial, y un pacto de empleos para los j\u00f3venes;<\/li><li>Establecer un m\u00ednimo de protecci\u00f3n social, apoyado mediante una financiaci\u00f3n adecuada, con arreglo a los niveles de desarrollo;<\/li><li>Aplicar r\u00e1pidamente reformas efectivas del sector financiero y establecer una tasa sobre las transacciones financieras.<\/li><\/ul><p>Los ministros de Finanzas del G20 no han incluido el empleo entre los  indicadores de la pol\u00edtica macroecon\u00f3mica. Los objetivos de empleo  tienen que incorporarse ahora en los programas econ\u00f3micos nacionales.<br \/><br \/>L\u00e9ase <a href=\"..\/files\/11102510572682\/Global_Unions_G20_cannes_Statement.pdf\" target=\"_blank\">la declaraci\u00f3n completa aqu\u00ed<\/a>.<\/p><p>&nbsp;<\/p>","protected":false},"featured_media":0,"template":"","class_list":["post-199813","archive_imf","type-archive_imf","status-publish","hentry"],"acf":[],"yoast_head":"<!-- This site is optimized with the Yoast SEO Premium plugin v27.1 (Yoast SEO v27.1) - https:\/\/yoast.com\/product\/yoast-seo-premium-wordpress\/ -->\n<title>Los sindicatos mundiales dicen al G20 que se centre en los empleos - industriall-union<\/title>\n<meta name=\"robots\" content=\"index, follow, max-snippet:-1, max-image-preview:large, max-video-preview:-1\" \/>\n<link rel=\"canonical\" href=\"https:\/\/admin.industriall-union.org\/es\/archive\/imf\/los-sindicatos-mundiales-dicen-al-g20-que-se-centre-en-los-empleos\/\" \/>\n<meta property=\"og:locale\" content=\"es_ES\" \/>\n<meta property=\"og:type\" content=\"article\" \/>\n<meta property=\"og:title\" content=\"Los sindicatos mundiales dicen al G20 que se centre en los empleos\" \/>\n<meta property=\"og:description\" content=\"MUNDO: Los l\u00edderes del G20 se reunir\u00e1n en Cannes en momentos en que la crisis financiera, econ\u00f3mica y social entra en una &quot;nueva fase peligrosa&quot;. El crecimiento econ\u00f3mico es lento en casi todos los pa\u00edses, y la pobreza extrema aumenta espectacularmente desde el inicio de la crisis. Mientras tanto, el desempleo mundial sigue superando los [&hellip;]\" \/>\n<meta property=\"og:url\" content=\"https:\/\/admin.industriall-union.org\/es\/archive\/imf\/los-sindicatos-mundiales-dicen-al-g20-que-se-centre-en-los-empleos\/\" \/>\n<meta property=\"og:site_name\" content=\"industriall-union\" \/>\n<meta property=\"article:modified_time\" content=\"2025-01-31T08:54:18+00:00\" \/>\n<meta name=\"twitter:card\" content=\"summary_large_image\" \/>\n<meta name=\"twitter:label1\" content=\"Est. reading time\" \/>\n\t<meta name=\"twitter:data1\" content=\"2 minutes\" \/>\n<script type=\"application\/ld+json\" class=\"yoast-schema-graph\">{\"@context\":\"https:\/\/schema.org\",\"@graph\":[{\"@type\":\"WebPage\",\"@id\":\"https:\/\/admin.industriall-union.org\/es\/archive\/imf\/los-sindicatos-mundiales-dicen-al-g20-que-se-centre-en-los-empleos\/\",\"url\":\"https:\/\/admin.industriall-union.org\/es\/archive\/imf\/los-sindicatos-mundiales-dicen-al-g20-que-se-centre-en-los-empleos\/\",\"name\":\"Los sindicatos mundiales dicen al G20 que se centre en los empleos - industriall-union\",\"isPartOf\":{\"@id\":\"https:\/\/admin.industriall-union.org\/es\/#website\"},\"datePublished\":\"2011-10-25T08:53:00+00:00\",\"dateModified\":\"2025-01-31T08:54:18+00:00\",\"breadcrumb\":{\"@id\":\"https:\/\/admin.industriall-union.org\/es\/archive\/imf\/los-sindicatos-mundiales-dicen-al-g20-que-se-centre-en-los-empleos\/#breadcrumb\"},\"inLanguage\":\"es-ES\",\"potentialAction\":[{\"@type\":\"ReadAction\",\"target\":[\"https:\/\/admin.industriall-union.org\/es\/archive\/imf\/los-sindicatos-mundiales-dicen-al-g20-que-se-centre-en-los-empleos\/\"]}]},{\"@type\":\"BreadcrumbList\",\"@id\":\"https:\/\/admin.industriall-union.org\/es\/archive\/imf\/los-sindicatos-mundiales-dicen-al-g20-que-se-centre-en-los-empleos\/#breadcrumb\",\"itemListElement\":[{\"@type\":\"ListItem\",\"position\":1,\"name\":\"Home\",\"item\":\"https:\/\/admin.industriall-union.org\/es\/\"},{\"@type\":\"ListItem\",\"position\":2,\"name\":\"Archive Imf\",\"item\":\"https:\/\/admin.industriall-union.org\/archive\/imf\/\"},{\"@type\":\"ListItem\",\"position\":3,\"name\":\"Los sindicatos mundiales dicen al G20 que se centre en los empleos\"}]},{\"@type\":\"WebSite\",\"@id\":\"https:\/\/admin.industriall-union.org\/es\/#website\",\"url\":\"https:\/\/admin.industriall-union.org\/es\/\",\"name\":\"industriall-union\",\"description\":\"\",\"potentialAction\":[{\"@type\":\"SearchAction\",\"target\":{\"@type\":\"EntryPoint\",\"urlTemplate\":\"https:\/\/admin.industriall-union.org\/es\/?s={search_term_string}\"},\"query-input\":{\"@type\":\"PropertyValueSpecification\",\"valueRequired\":true,\"valueName\":\"search_term_string\"}}],\"inLanguage\":\"es-ES\"}]}<\/script>\n<!-- \/ Yoast SEO Premium plugin. -->","yoast_head_json":{"title":"Los sindicatos mundiales dicen al G20 que se centre en los empleos - industriall-union","robots":{"index":"index","follow":"follow","max-snippet":"max-snippet:-1","max-image-preview":"max-image-preview:large","max-video-preview":"max-video-preview:-1"},"canonical":"https:\/\/admin.industriall-union.org\/es\/archive\/imf\/los-sindicatos-mundiales-dicen-al-g20-que-se-centre-en-los-empleos\/","og_locale":"es_ES","og_type":"article","og_title":"Los sindicatos mundiales dicen al G20 que se centre en los empleos","og_description":"MUNDO: Los l\u00edderes del G20 se reunir\u00e1n en Cannes en momentos en que la crisis financiera, econ\u00f3mica y social entra en una &quot;nueva fase peligrosa&quot;. El crecimiento econ\u00f3mico es lento en casi todos los pa\u00edses, y la pobreza extrema aumenta espectacularmente desde el inicio de la crisis. Mientras tanto, el desempleo mundial sigue superando los [&hellip;]","og_url":"https:\/\/admin.industriall-union.org\/es\/archive\/imf\/los-sindicatos-mundiales-dicen-al-g20-que-se-centre-en-los-empleos\/","og_site_name":"industriall-union","article_modified_time":"2025-01-31T08:54:18+00:00","twitter_card":"summary_large_image","twitter_misc":{"Est. reading time":"2 minutes"},"schema":{"@context":"https:\/\/schema.org","@graph":[{"@type":"WebPage","@id":"https:\/\/admin.industriall-union.org\/es\/archive\/imf\/los-sindicatos-mundiales-dicen-al-g20-que-se-centre-en-los-empleos\/","url":"https:\/\/admin.industriall-union.org\/es\/archive\/imf\/los-sindicatos-mundiales-dicen-al-g20-que-se-centre-en-los-empleos\/","name":"Los sindicatos mundiales dicen al G20 que se centre en los empleos - industriall-union","isPartOf":{"@id":"https:\/\/admin.industriall-union.org\/es\/#website"},"datePublished":"2011-10-25T08:53:00+00:00","dateModified":"2025-01-31T08:54:18+00:00","breadcrumb":{"@id":"https:\/\/admin.industriall-union.org\/es\/archive\/imf\/los-sindicatos-mundiales-dicen-al-g20-que-se-centre-en-los-empleos\/#breadcrumb"},"inLanguage":"es-ES","potentialAction":[{"@type":"ReadAction","target":["https:\/\/admin.industriall-union.org\/es\/archive\/imf\/los-sindicatos-mundiales-dicen-al-g20-que-se-centre-en-los-empleos\/"]}]},{"@type":"BreadcrumbList","@id":"https:\/\/admin.industriall-union.org\/es\/archive\/imf\/los-sindicatos-mundiales-dicen-al-g20-que-se-centre-en-los-empleos\/#breadcrumb","itemListElement":[{"@type":"ListItem","position":1,"name":"Home","item":"https:\/\/admin.industriall-union.org\/es\/"},{"@type":"ListItem","position":2,"name":"Archive Imf","item":"https:\/\/admin.industriall-union.org\/archive\/imf\/"},{"@type":"ListItem","position":3,"name":"Los sindicatos mundiales dicen al G20 que se centre en los empleos"}]},{"@type":"WebSite","@id":"https:\/\/admin.industriall-union.org\/es\/#website","url":"https:\/\/admin.industriall-union.org\/es\/","name":"industriall-union","description":"","potentialAction":[{"@type":"SearchAction","target":{"@type":"EntryPoint","urlTemplate":"https:\/\/admin.industriall-union.org\/es\/?s={search_term_string}"},"query-input":{"@type":"PropertyValueSpecification","valueRequired":true,"valueName":"search_term_string"}}],"inLanguage":"es-ES"}]}},"_links":{"self":[{"href":"https:\/\/admin.industriall-union.org\/es\/wp-json\/wp\/v2\/archive_imf\/199813","targetHints":{"allow":["GET"]}}],"collection":[{"href":"https:\/\/admin.industriall-union.org\/es\/wp-json\/wp\/v2\/archive_imf"}],"about":[{"href":"https:\/\/admin.industriall-union.org\/es\/wp-json\/wp\/v2\/types\/archive_imf"}],"wp:attachment":[{"href":"https:\/\/admin.industriall-union.org\/es\/wp-json\/wp\/v2\/media?parent=199813"}],"curies":[{"name":"wp","href":"https:\/\/api.w.org\/{rel}","templated":true}]}}