{"id":199810,"date":"2011-10-26T09:16:00","date_gmt":"2011-10-26T09:16:00","guid":{"rendered":"https:\/\/admin.industriall-union.org\/archive\/imf\/deterioro-de-la-situacion-de-los-derechos-sindicales-en-bahrein\/"},"modified":"2025-01-31T08:54:17","modified_gmt":"2025-01-31T08:54:17","slug":"deterioro-de-la-situacion-de-los-derechos-sindicales-en-bahrein","status":"publish","type":"archive_imf","link":"https:\/\/admin.industriall-union.org\/es\/archive\/imf\/deterioro-de-la-situacion-de-los-derechos-sindicales-en-bahrein\/","title":{"rendered":"Deterioro de la situaci\u00f3n de los derechos sindicales en Bahr\u00e9in"},"content":{"rendered":"BAHREIN: En una carta el pr\u00edncipe Salman bin Ham ad Al Khalifa, el pr\u00edncipe heredero de Bahr\u00e9in, las Federaciones Sindicales Internacionales destacan el deterioro de la situaci\u00f3n de los derechos humanos en Bahr\u00e9in, tras muchos despidos de funcionarios p\u00fablicos.<br \/><br \/>M\u00e1s de 2.600 trabajadores de los sectores p\u00fablico y privado han sido despedidos tras las manifestaciones por la democracia, y varios centenares m\u00e1s han sido suspendidos de los empleos del sector p\u00fablico, dicen los sindicatos en su carta. Algunos trabajadores readmitidos han tenido que aceptar lo inaceptable; en realidad condiciones ilegales para volver a sus empleos, incluido el compromiso de no unirse al sindicato. Los despidos no han cesado a\u00fan. Funcionarios p\u00fablicos, en particular los de los sectores de salud, educaci\u00f3n y municipales, siguen siendo suspendidos o despedidos por su participaci\u00f3n real o sospechada en actividades sindicales y pol\u00edticas a comienzos de este a\u00f1o. Numerosos l\u00edderes sindicales pueden ser tambi\u00e9n ahora enjuiciados penalmente.<br \/><br \/>Para colmo de males, el Gobierno ha modificado hace poco unilateralmente la ley de sindicatos, en un acto obvio de represalia contra los sindicatos. La finalidad de esas enmiendas es evidente: debilitar a\u00fan m\u00e1s a la organizaci\u00f3n central GFBTU y a sus afiliados, eliminando as\u00ed la importante voz por la reforma econ\u00f3mica y social en Bahr\u00e9in.<br \/><br \/>V\u00e9ase <a href=\"..\/files\/11102611204382\/Council%20of%20Global%20Unions_bahrain_letter.pdf\" target=\"_blank\">la carta completa, firmada por los secretarios generales de las Federaciones Sindicales Internacionales aqu\u00ed<\/a>.  ","protected":false},"featured_media":0,"template":"","class_list":["post-199810","archive_imf","type-archive_imf","status-publish","hentry"],"acf":[],"yoast_head":"<!-- This site is optimized with the Yoast SEO Premium plugin v27.1 (Yoast SEO v27.1) - https:\/\/yoast.com\/product\/yoast-seo-premium-wordpress\/ -->\n<title>Deterioro de la situaci\u00f3n de los derechos sindicales en Bahr\u00e9in - industriall-union<\/title>\n<meta name=\"robots\" content=\"index, follow, max-snippet:-1, max-image-preview:large, max-video-preview:-1\" \/>\n<link rel=\"canonical\" href=\"https:\/\/admin.industriall-union.org\/es\/archive\/imf\/deterioro-de-la-situacion-de-los-derechos-sindicales-en-bahrein\/\" \/>\n<meta property=\"og:locale\" content=\"es_ES\" \/>\n<meta property=\"og:type\" content=\"article\" \/>\n<meta property=\"og:title\" content=\"Deterioro de la situaci\u00f3n de los derechos sindicales en Bahr\u00e9in\" \/>\n<meta property=\"og:description\" content=\"BAHREIN: En una carta el pr\u00edncipe Salman bin Ham ad Al Khalifa, el pr\u00edncipe heredero de Bahr\u00e9in, las Federaciones Sindicales Internacionales destacan el deterioro de la situaci\u00f3n de los derechos humanos en Bahr\u00e9in, tras muchos despidos de funcionarios p\u00fablicos. M\u00e1s de 2.600 trabajadores de los sectores p\u00fablico y privado han sido despedidos tras las manifestaciones [&hellip;]\" \/>\n<meta property=\"og:url\" content=\"https:\/\/admin.industriall-union.org\/es\/archive\/imf\/deterioro-de-la-situacion-de-los-derechos-sindicales-en-bahrein\/\" \/>\n<meta property=\"og:site_name\" content=\"industriall-union\" \/>\n<meta property=\"article:modified_time\" content=\"2025-01-31T08:54:17+00:00\" \/>\n<meta name=\"twitter:card\" content=\"summary_large_image\" \/>\n<meta name=\"twitter:label1\" content=\"Est. reading time\" \/>\n\t<meta name=\"twitter:data1\" content=\"1 minute\" \/>\n<script type=\"application\/ld+json\" class=\"yoast-schema-graph\">{\"@context\":\"https:\/\/schema.org\",\"@graph\":[{\"@type\":\"WebPage\",\"@id\":\"https:\/\/admin.industriall-union.org\/es\/archive\/imf\/deterioro-de-la-situacion-de-los-derechos-sindicales-en-bahrein\/\",\"url\":\"https:\/\/admin.industriall-union.org\/es\/archive\/imf\/deterioro-de-la-situacion-de-los-derechos-sindicales-en-bahrein\/\",\"name\":\"Deterioro de la situaci\u00f3n de los derechos sindicales en Bahr\u00e9in - industriall-union\",\"isPartOf\":{\"@id\":\"https:\/\/admin.industriall-union.org\/es\/#website\"},\"datePublished\":\"2011-10-26T09:16:00+00:00\",\"dateModified\":\"2025-01-31T08:54:17+00:00\",\"breadcrumb\":{\"@id\":\"https:\/\/admin.industriall-union.org\/es\/archive\/imf\/deterioro-de-la-situacion-de-los-derechos-sindicales-en-bahrein\/#breadcrumb\"},\"inLanguage\":\"es-ES\",\"potentialAction\":[{\"@type\":\"ReadAction\",\"target\":[\"https:\/\/admin.industriall-union.org\/es\/archive\/imf\/deterioro-de-la-situacion-de-los-derechos-sindicales-en-bahrein\/\"]}]},{\"@type\":\"BreadcrumbList\",\"@id\":\"https:\/\/admin.industriall-union.org\/es\/archive\/imf\/deterioro-de-la-situacion-de-los-derechos-sindicales-en-bahrein\/#breadcrumb\",\"itemListElement\":[{\"@type\":\"ListItem\",\"position\":1,\"name\":\"Home\",\"item\":\"https:\/\/admin.industriall-union.org\/es\/\"},{\"@type\":\"ListItem\",\"position\":2,\"name\":\"Archive Imf\",\"item\":\"https:\/\/admin.industriall-union.org\/archive\/imf\/\"},{\"@type\":\"ListItem\",\"position\":3,\"name\":\"Deterioro de la situaci\u00f3n de los derechos sindicales en Bahr\u00e9in\"}]},{\"@type\":\"WebSite\",\"@id\":\"https:\/\/admin.industriall-union.org\/es\/#website\",\"url\":\"https:\/\/admin.industriall-union.org\/es\/\",\"name\":\"industriall-union\",\"description\":\"\",\"potentialAction\":[{\"@type\":\"SearchAction\",\"target\":{\"@type\":\"EntryPoint\",\"urlTemplate\":\"https:\/\/admin.industriall-union.org\/es\/?s={search_term_string}\"},\"query-input\":{\"@type\":\"PropertyValueSpecification\",\"valueRequired\":true,\"valueName\":\"search_term_string\"}}],\"inLanguage\":\"es-ES\"}]}<\/script>\n<!-- \/ Yoast SEO Premium plugin. -->","yoast_head_json":{"title":"Deterioro de la situaci\u00f3n de los derechos sindicales en Bahr\u00e9in - industriall-union","robots":{"index":"index","follow":"follow","max-snippet":"max-snippet:-1","max-image-preview":"max-image-preview:large","max-video-preview":"max-video-preview:-1"},"canonical":"https:\/\/admin.industriall-union.org\/es\/archive\/imf\/deterioro-de-la-situacion-de-los-derechos-sindicales-en-bahrein\/","og_locale":"es_ES","og_type":"article","og_title":"Deterioro de la situaci\u00f3n de los derechos sindicales en Bahr\u00e9in","og_description":"BAHREIN: En una carta el pr\u00edncipe Salman bin Ham ad Al Khalifa, el pr\u00edncipe heredero de Bahr\u00e9in, las Federaciones Sindicales Internacionales destacan el deterioro de la situaci\u00f3n de los derechos humanos en Bahr\u00e9in, tras muchos despidos de funcionarios p\u00fablicos. M\u00e1s de 2.600 trabajadores de los sectores p\u00fablico y privado han sido despedidos tras las manifestaciones [&hellip;]","og_url":"https:\/\/admin.industriall-union.org\/es\/archive\/imf\/deterioro-de-la-situacion-de-los-derechos-sindicales-en-bahrein\/","og_site_name":"industriall-union","article_modified_time":"2025-01-31T08:54:17+00:00","twitter_card":"summary_large_image","twitter_misc":{"Est. reading time":"1 minute"},"schema":{"@context":"https:\/\/schema.org","@graph":[{"@type":"WebPage","@id":"https:\/\/admin.industriall-union.org\/es\/archive\/imf\/deterioro-de-la-situacion-de-los-derechos-sindicales-en-bahrein\/","url":"https:\/\/admin.industriall-union.org\/es\/archive\/imf\/deterioro-de-la-situacion-de-los-derechos-sindicales-en-bahrein\/","name":"Deterioro de la situaci\u00f3n de los derechos sindicales en Bahr\u00e9in - industriall-union","isPartOf":{"@id":"https:\/\/admin.industriall-union.org\/es\/#website"},"datePublished":"2011-10-26T09:16:00+00:00","dateModified":"2025-01-31T08:54:17+00:00","breadcrumb":{"@id":"https:\/\/admin.industriall-union.org\/es\/archive\/imf\/deterioro-de-la-situacion-de-los-derechos-sindicales-en-bahrein\/#breadcrumb"},"inLanguage":"es-ES","potentialAction":[{"@type":"ReadAction","target":["https:\/\/admin.industriall-union.org\/es\/archive\/imf\/deterioro-de-la-situacion-de-los-derechos-sindicales-en-bahrein\/"]}]},{"@type":"BreadcrumbList","@id":"https:\/\/admin.industriall-union.org\/es\/archive\/imf\/deterioro-de-la-situacion-de-los-derechos-sindicales-en-bahrein\/#breadcrumb","itemListElement":[{"@type":"ListItem","position":1,"name":"Home","item":"https:\/\/admin.industriall-union.org\/es\/"},{"@type":"ListItem","position":2,"name":"Archive Imf","item":"https:\/\/admin.industriall-union.org\/archive\/imf\/"},{"@type":"ListItem","position":3,"name":"Deterioro de la situaci\u00f3n de los derechos sindicales en Bahr\u00e9in"}]},{"@type":"WebSite","@id":"https:\/\/admin.industriall-union.org\/es\/#website","url":"https:\/\/admin.industriall-union.org\/es\/","name":"industriall-union","description":"","potentialAction":[{"@type":"SearchAction","target":{"@type":"EntryPoint","urlTemplate":"https:\/\/admin.industriall-union.org\/es\/?s={search_term_string}"},"query-input":{"@type":"PropertyValueSpecification","valueRequired":true,"valueName":"search_term_string"}}],"inLanguage":"es-ES"}]}},"_links":{"self":[{"href":"https:\/\/admin.industriall-union.org\/es\/wp-json\/wp\/v2\/archive_imf\/199810","targetHints":{"allow":["GET"]}}],"collection":[{"href":"https:\/\/admin.industriall-union.org\/es\/wp-json\/wp\/v2\/archive_imf"}],"about":[{"href":"https:\/\/admin.industriall-union.org\/es\/wp-json\/wp\/v2\/types\/archive_imf"}],"wp:attachment":[{"href":"https:\/\/admin.industriall-union.org\/es\/wp-json\/wp\/v2\/media?parent=199810"}],"curies":[{"name":"wp","href":"https:\/\/api.w.org\/{rel}","templated":true}]}}