{"id":199173,"date":"2012-04-27T10:42:00","date_gmt":"2012-04-27T10:42:00","guid":{"rendered":"https:\/\/admin.industriall-union.org\/archive\/imf\/cancelan-ultima-orden-de-aprension-en-contra-de-napoleon-gomez-urrutia\/"},"modified":"2025-01-31T08:33:06","modified_gmt":"2025-01-31T08:33:06","slug":"cancelan-ultima-orden-de-aprension-en-contra-de-napoleon-gomez-urrutia","status":"publish","type":"archive_imf","link":"https:\/\/admin.industriall-union.org\/es\/archive\/imf\/cancelan-ultima-orden-de-aprension-en-contra-de-napoleon-gomez-urrutia\/","title":{"rendered":"Cancelan \u00faltima orden de aprensi\u00f3n en contra de Napole\u00f3n G\u00f3mez  Urrutia"},"content":{"rendered":"<p>M\u00e9xico. El 24 de abril el tribunal federal cancel\u00f3 la \u00fanica orden de aprehensi\u00f3n que pesaba en contra del l\u00edder del Sindicato Minero Mexicano, Napole\u00f3n G\u00f3mez Urrutia, en relaci\u00f3n a\u00a0 la los 55 millones de d\u00f3lares pertenecientes al gremio.<\/p><p>De acuerdo a informaciones del SNTMMSRM, el primer tribunal unitario en materia penal de la ciudad de M\u00e9xico notific\u00f3 este martes 24 que concedi\u00f3 la protecci\u00f3n de la justicia federal para el efecto de que quede cancelada la medida cautelar.<\/p><p>El abogado Marco Del Toro, defensor de Napole\u00f3n G\u00f3mez Urrutia afirm\u00f3 que &quot;Todas las \u00f3rdenes de aprehensi\u00f3n dictadas en medio de una persecuci\u00f3n pol\u00edtica sin precedentes han ca\u00eddo una a una. Hoy, nos sentimos muy satisfechos por la resoluci\u00f3n dictada y este asunto constituye una lecci\u00f3n para aquellos que creen que en M\u00e9xico todav\u00eda pueden imperar persecuciones inmorales y ajenas a nuestro sistema de Derecho.&quot; <\/p><p>&quot;Una vez m\u00e1s se demuestra la plena y absoluta ilegalidad que ha sido la t\u00f3nica de la persecuci\u00f3n pol\u00edtica en contra del Sindicato Minero y su m\u00e1ximo dirigente. Una vez m\u00e1s se acredita la verdad: El licenciado Napole\u00f3n G\u00f3mez Urrutia jam\u00e1s cometi\u00f3 delito alguno&quot;, se\u00f1al\u00f3 el gremio minero por medio de un comunicado. <\/p><p>G\u00f3mez Urrutia lleva m\u00e1s de seis a\u00f1os exiliado en Canad\u00e1,\u00a0 en todo este tiempo ha trabajado por su defensa y liderando el sindicato minero.<\/p>","protected":false},"featured_media":0,"template":"","class_list":["post-199173","archive_imf","type-archive_imf","status-publish","hentry"],"acf":[],"yoast_head":"<!-- This site is optimized with the Yoast SEO Premium plugin v27.1 (Yoast SEO v27.1) - https:\/\/yoast.com\/product\/yoast-seo-premium-wordpress\/ -->\n<title>Cancelan \u00faltima orden de aprensi\u00f3n en contra de Napole\u00f3n G\u00f3mez Urrutia - industriall-union<\/title>\n<meta name=\"robots\" content=\"index, follow, max-snippet:-1, max-image-preview:large, max-video-preview:-1\" \/>\n<link rel=\"canonical\" href=\"https:\/\/admin.industriall-union.org\/es\/archive\/imf\/cancelan-ultima-orden-de-aprension-en-contra-de-napoleon-gomez-urrutia\/\" \/>\n<meta property=\"og:locale\" content=\"es_ES\" \/>\n<meta property=\"og:type\" content=\"article\" \/>\n<meta property=\"og:title\" content=\"Cancelan \u00faltima orden de aprensi\u00f3n en contra de Napole\u00f3n G\u00f3mez Urrutia\" \/>\n<meta property=\"og:description\" content=\"M\u00e9xico. El 24 de abril el tribunal federal cancel\u00f3 la \u00fanica orden de aprehensi\u00f3n que pesaba en contra del l\u00edder del Sindicato Minero Mexicano, Napole\u00f3n G\u00f3mez Urrutia, en relaci\u00f3n a\u00a0 la los 55 millones de d\u00f3lares pertenecientes al gremio. De acuerdo a informaciones del SNTMMSRM, el primer tribunal unitario en materia penal de la ciudad [&hellip;]\" \/>\n<meta property=\"og:url\" content=\"https:\/\/admin.industriall-union.org\/es\/archive\/imf\/cancelan-ultima-orden-de-aprension-en-contra-de-napoleon-gomez-urrutia\/\" \/>\n<meta property=\"og:site_name\" content=\"industriall-union\" \/>\n<meta property=\"article:modified_time\" content=\"2025-01-31T08:33:06+00:00\" \/>\n<meta name=\"twitter:card\" content=\"summary_large_image\" \/>\n<meta name=\"twitter:label1\" content=\"Est. reading time\" \/>\n\t<meta name=\"twitter:data1\" content=\"1 minute\" \/>\n<script type=\"application\/ld+json\" class=\"yoast-schema-graph\">{\"@context\":\"https:\/\/schema.org\",\"@graph\":[{\"@type\":\"WebPage\",\"@id\":\"https:\/\/admin.industriall-union.org\/es\/archive\/imf\/cancelan-ultima-orden-de-aprension-en-contra-de-napoleon-gomez-urrutia\/\",\"url\":\"https:\/\/admin.industriall-union.org\/es\/archive\/imf\/cancelan-ultima-orden-de-aprension-en-contra-de-napoleon-gomez-urrutia\/\",\"name\":\"Cancelan \u00faltima orden de aprensi\u00f3n en contra de Napole\u00f3n G\u00f3mez Urrutia - industriall-union\",\"isPartOf\":{\"@id\":\"https:\/\/admin.industriall-union.org\/#website\"},\"datePublished\":\"2012-04-27T10:42:00+00:00\",\"dateModified\":\"2025-01-31T08:33:06+00:00\",\"breadcrumb\":{\"@id\":\"https:\/\/admin.industriall-union.org\/es\/archive\/imf\/cancelan-ultima-orden-de-aprension-en-contra-de-napoleon-gomez-urrutia\/#breadcrumb\"},\"inLanguage\":\"es-ES\",\"potentialAction\":[{\"@type\":\"ReadAction\",\"target\":[\"https:\/\/admin.industriall-union.org\/es\/archive\/imf\/cancelan-ultima-orden-de-aprension-en-contra-de-napoleon-gomez-urrutia\/\"]}]},{\"@type\":\"BreadcrumbList\",\"@id\":\"https:\/\/admin.industriall-union.org\/es\/archive\/imf\/cancelan-ultima-orden-de-aprension-en-contra-de-napoleon-gomez-urrutia\/#breadcrumb\",\"itemListElement\":[{\"@type\":\"ListItem\",\"position\":1,\"name\":\"Home\",\"item\":\"https:\/\/admin.industriall-union.org\/\"},{\"@type\":\"ListItem\",\"position\":2,\"name\":\"Archive Imf\",\"item\":\"https:\/\/admin.industriall-union.org\/es\/archive\/imf\/\"},{\"@type\":\"ListItem\",\"position\":3,\"name\":\"Cancelan \u00faltima orden de aprensi\u00f3n en contra de Napole\u00f3n G\u00f3mez Urrutia\"}]},{\"@type\":\"WebSite\",\"@id\":\"https:\/\/admin.industriall-union.org\/#website\",\"url\":\"https:\/\/admin.industriall-union.org\/\",\"name\":\"industriall-union\",\"description\":\"\",\"potentialAction\":[{\"@type\":\"SearchAction\",\"target\":{\"@type\":\"EntryPoint\",\"urlTemplate\":\"https:\/\/admin.industriall-union.org\/?s={search_term_string}\"},\"query-input\":{\"@type\":\"PropertyValueSpecification\",\"valueRequired\":true,\"valueName\":\"search_term_string\"}}],\"inLanguage\":\"es-ES\"}]}<\/script>\n<!-- \/ Yoast SEO Premium plugin. -->","yoast_head_json":{"title":"Cancelan \u00faltima orden de aprensi\u00f3n en contra de Napole\u00f3n G\u00f3mez Urrutia - industriall-union","robots":{"index":"index","follow":"follow","max-snippet":"max-snippet:-1","max-image-preview":"max-image-preview:large","max-video-preview":"max-video-preview:-1"},"canonical":"https:\/\/admin.industriall-union.org\/es\/archive\/imf\/cancelan-ultima-orden-de-aprension-en-contra-de-napoleon-gomez-urrutia\/","og_locale":"es_ES","og_type":"article","og_title":"Cancelan \u00faltima orden de aprensi\u00f3n en contra de Napole\u00f3n G\u00f3mez Urrutia","og_description":"M\u00e9xico. El 24 de abril el tribunal federal cancel\u00f3 la \u00fanica orden de aprehensi\u00f3n que pesaba en contra del l\u00edder del Sindicato Minero Mexicano, Napole\u00f3n G\u00f3mez Urrutia, en relaci\u00f3n a\u00a0 la los 55 millones de d\u00f3lares pertenecientes al gremio. De acuerdo a informaciones del SNTMMSRM, el primer tribunal unitario en materia penal de la ciudad [&hellip;]","og_url":"https:\/\/admin.industriall-union.org\/es\/archive\/imf\/cancelan-ultima-orden-de-aprension-en-contra-de-napoleon-gomez-urrutia\/","og_site_name":"industriall-union","article_modified_time":"2025-01-31T08:33:06+00:00","twitter_card":"summary_large_image","twitter_misc":{"Est. reading time":"1 minute"},"schema":{"@context":"https:\/\/schema.org","@graph":[{"@type":"WebPage","@id":"https:\/\/admin.industriall-union.org\/es\/archive\/imf\/cancelan-ultima-orden-de-aprension-en-contra-de-napoleon-gomez-urrutia\/","url":"https:\/\/admin.industriall-union.org\/es\/archive\/imf\/cancelan-ultima-orden-de-aprension-en-contra-de-napoleon-gomez-urrutia\/","name":"Cancelan \u00faltima orden de aprensi\u00f3n en contra de Napole\u00f3n G\u00f3mez Urrutia - industriall-union","isPartOf":{"@id":"https:\/\/admin.industriall-union.org\/#website"},"datePublished":"2012-04-27T10:42:00+00:00","dateModified":"2025-01-31T08:33:06+00:00","breadcrumb":{"@id":"https:\/\/admin.industriall-union.org\/es\/archive\/imf\/cancelan-ultima-orden-de-aprension-en-contra-de-napoleon-gomez-urrutia\/#breadcrumb"},"inLanguage":"es-ES","potentialAction":[{"@type":"ReadAction","target":["https:\/\/admin.industriall-union.org\/es\/archive\/imf\/cancelan-ultima-orden-de-aprension-en-contra-de-napoleon-gomez-urrutia\/"]}]},{"@type":"BreadcrumbList","@id":"https:\/\/admin.industriall-union.org\/es\/archive\/imf\/cancelan-ultima-orden-de-aprension-en-contra-de-napoleon-gomez-urrutia\/#breadcrumb","itemListElement":[{"@type":"ListItem","position":1,"name":"Home","item":"https:\/\/admin.industriall-union.org\/"},{"@type":"ListItem","position":2,"name":"Archive Imf","item":"https:\/\/admin.industriall-union.org\/es\/archive\/imf\/"},{"@type":"ListItem","position":3,"name":"Cancelan \u00faltima orden de aprensi\u00f3n en contra de Napole\u00f3n G\u00f3mez Urrutia"}]},{"@type":"WebSite","@id":"https:\/\/admin.industriall-union.org\/#website","url":"https:\/\/admin.industriall-union.org\/","name":"industriall-union","description":"","potentialAction":[{"@type":"SearchAction","target":{"@type":"EntryPoint","urlTemplate":"https:\/\/admin.industriall-union.org\/?s={search_term_string}"},"query-input":{"@type":"PropertyValueSpecification","valueRequired":true,"valueName":"search_term_string"}}],"inLanguage":"es-ES"}]}},"_links":{"self":[{"href":"https:\/\/admin.industriall-union.org\/es\/wp-json\/wp\/v2\/archive_imf\/199173","targetHints":{"allow":["GET"]}}],"collection":[{"href":"https:\/\/admin.industriall-union.org\/es\/wp-json\/wp\/v2\/archive_imf"}],"about":[{"href":"https:\/\/admin.industriall-union.org\/es\/wp-json\/wp\/v2\/types\/archive_imf"}],"wp:attachment":[{"href":"https:\/\/admin.industriall-union.org\/es\/wp-json\/wp\/v2\/media?parent=199173"}],"curies":[{"name":"wp","href":"https:\/\/api.w.org\/{rel}","templated":true}]}}