{"id":199171,"date":"2012-04-27T13:11:00","date_gmt":"2012-04-27T13:11:00","guid":{"rendered":"https:\/\/admin.industriall-union.org\/archive\/imf\/28-de-abril-de-2012-un-dia-de-luto\/"},"modified":"2025-01-31T08:33:04","modified_gmt":"2025-01-31T08:33:04","slug":"28-de-abril-de-2012-un-dia-de-luto","status":"publish","type":"archive_imf","link":"https:\/\/admin.industriall-union.org\/es\/archive\/imf\/28-de-abril-de-2012-un-dia-de-luto\/","title":{"rendered":"28 de abril de 2012: Un d\u00eda de luto"},"content":{"rendered":"<p>MUNDO: Todos los a\u00f1os, el 28 de abril, D\u00eda mundial sobre la salud y seguridad en el trabajo, los trabajadores se toman un momento para reflexionar sobre las devastadoras consecuencias de las muertes, lesiones y enfermedades profesionales.<\/p><p>Pronto se crear\u00e1 la IndustriALL Global Union, una nueva organizaci\u00f3n que hablar\u00e1 en nombre de unos 50 millones de trabajadores representados por sus afiliados. He aqu\u00ed algunas estad\u00edsticas que nos deben hacer reflexionar a todos: de los 50 millones de trabajadores afiliados a la IndustriALL:<\/p><ul><li>Unos 16.400 morir\u00e1n en 2012 a consecuencia de su trabajo. Esto representa unas 45 v\u00edctimas diarias.<\/li><li>Unos 5.000 miembros de la IndustriALL morir\u00e1n este a\u00f1o de c\u00e1ncer, solamente.<\/li><li>A 1.570.000 se les diagnosticar\u00e1 una enfermedad profesional no mortal.<\/li><li>Resultar\u00e1n heridos en el trabajo un n\u00famero de personas enorme, que se cifrar\u00e1 en millones, por lo que es imposible una estimaci\u00f3n precisa.<\/li><\/ul>Estas cifras, por sorprendentes que sean, est\u00e1n sin duda muy subestimadas. <p>Extra\u00eddas de la Oficina de Estad\u00edsticas del Trabajo de la Organizaci\u00f3n Internacional del Trabajo y de estimaciones de v\u00edctimas y enfermedades profesionales en 2008, se basan en estad\u00edsticas aceptadas nacionalmente comunicadas a la OIT por los pa\u00edses miembros. En la mayor\u00eda de los casos se obtienen de sistemas de indemnizaci\u00f3n de los trabajadores de los pa\u00edses, en los que se omite inmediatamente a los trabajadores cuya enfermedad o muerte no ha sido aceptada como de origen &quot;profesional&quot;, o que no figuran en el sistema de indemnizaci\u00f3n de los trabajadores. Las enfermedades profesionales se diagnostican cr\u00f3nicamente de manera insuficiente, y las lesiones provisionales son objeto de varias estrategias para eliminar informaci\u00f3n o tergiversarlas fraudulentamente.<\/p><p>Adem\u00e1s, estas estimaciones simplemente dividen los totales mundiales por la fracci\u00f3n de la fuerza de trabajo mundial de la IndustriALL. En realidad, la IndustriALL representar\u00e1 a los trabajadores en industrias en que corren m\u00e1s riesgos que la mayor\u00eda. Merece la pena recordar que incluso en lugares de trabajo tradicionalmente peligrosos, como minas de carb\u00f3n, mueren de enfermedades profesionales aproximadamente cinco veces m\u00e1s trabajadores que de causas accidentales repentinas como incendios, explosiones, derrumbamientos o accidentes con maquinaria.<\/p><p>Es evidente que la IndustriALL tiene que hacer de la salud y seguridad en el trabajo una de sus m\u00e1ximas prioridades.<\/p><p>Tambi\u00e9n hay un gran n\u00famero de organismos formativos y de otros que intervienen en diferentes aspectos de la salud y seguridad en el trabajo. Entre su gran n\u00famero de acr\u00f3nimos figuran OIT, OMS, OHSAS, ISO, GRI, PNUMA, GHS, REACH, SAICM. La IndustriALL ha de seguir de cerca a todas ellas y ejercer presi\u00f3n para que realicen una mejor labor en la protecci\u00f3n de los trabajadores.<\/p><p>La IndustriALL llegar\u00e1 a un considerable n\u00famero de Acuerdos Marco Mundiales en empresas multinacionales que establecen tendencias. Las disposiciones sobre salud y seguridad en el trabajo deben ocupar un lugar m\u00e1s destacado en la mayor\u00eda de ellos.<\/p><p>Es preciso continuar las campa\u00f1as mundiales sobre cuestiones espec\u00edficas, como las que se est\u00e1n realizando para elevar el n\u00famero de ratificaciones del Convenio n\u00fam. 176 de la OIT sobre seguridad y salud en las minas.<\/p><p>El problema de la salud y seguridad en el trabajo es complejo. Hay que crear sistemas interconectados para identificar y controlar los riesgos en el lugar de trabajo, y proteger a los trabajadores. En ese esfuerzo es fundamental la plena participaci\u00f3n de los trabajadores a trav\u00e9s de sus representantes, y en Comit\u00e9s de Salud y Seguridad Paritarios.<\/p><p>No existe una soluci\u00f3n m\u00e1gica sencilla que se pueda aplicar r\u00e1pidamente. Por el contrario, la salud y seguridad en el trabajo requiere una ardua labor y campa\u00f1as decididas de los activistas sindicales. A pesar de la carrera mundial por los beneficios, nuestra salud no est\u00e1 en venta.<\/p>","protected":false},"featured_media":0,"template":"","class_list":["post-199171","archive_imf","type-archive_imf","status-publish","hentry"],"acf":[],"yoast_head":"<!-- This site is optimized with the Yoast SEO Premium plugin v27.1 (Yoast SEO v27.1) - https:\/\/yoast.com\/product\/yoast-seo-premium-wordpress\/ -->\n<title>28 de abril de 2012: Un d\u00eda de luto - industriall-union<\/title>\n<meta name=\"robots\" content=\"index, follow, max-snippet:-1, max-image-preview:large, max-video-preview:-1\" \/>\n<link rel=\"canonical\" href=\"https:\/\/admin.industriall-union.org\/es\/archive\/imf\/28-de-abril-de-2012-un-dia-de-luto\/\" \/>\n<meta property=\"og:locale\" content=\"es_ES\" \/>\n<meta property=\"og:type\" content=\"article\" \/>\n<meta property=\"og:title\" content=\"28 de abril de 2012: Un d\u00eda de luto\" \/>\n<meta property=\"og:description\" content=\"MUNDO: Todos los a\u00f1os, el 28 de abril, D\u00eda mundial sobre la salud y seguridad en el trabajo, los trabajadores se toman un momento para reflexionar sobre las devastadoras consecuencias de las muertes, lesiones y enfermedades profesionales. Pronto se crear\u00e1 la IndustriALL Global Union, una nueva organizaci\u00f3n que hablar\u00e1 en nombre de unos 50 millones [&hellip;]\" \/>\n<meta property=\"og:url\" content=\"https:\/\/admin.industriall-union.org\/es\/archive\/imf\/28-de-abril-de-2012-un-dia-de-luto\/\" \/>\n<meta property=\"og:site_name\" content=\"industriall-union\" \/>\n<meta property=\"article:modified_time\" content=\"2025-01-31T08:33:04+00:00\" \/>\n<meta name=\"twitter:card\" content=\"summary_large_image\" \/>\n<meta name=\"twitter:label1\" content=\"Est. reading time\" \/>\n\t<meta name=\"twitter:data1\" content=\"3 minutes\" \/>\n<script type=\"application\/ld+json\" class=\"yoast-schema-graph\">{\"@context\":\"https:\/\/schema.org\",\"@graph\":[{\"@type\":\"WebPage\",\"@id\":\"https:\/\/admin.industriall-union.org\/es\/archive\/imf\/28-de-abril-de-2012-un-dia-de-luto\/\",\"url\":\"https:\/\/admin.industriall-union.org\/es\/archive\/imf\/28-de-abril-de-2012-un-dia-de-luto\/\",\"name\":\"28 de abril de 2012: Un d\u00eda de luto - industriall-union\",\"isPartOf\":{\"@id\":\"https:\/\/admin.industriall-union.org\/#website\"},\"datePublished\":\"2012-04-27T13:11:00+00:00\",\"dateModified\":\"2025-01-31T08:33:04+00:00\",\"breadcrumb\":{\"@id\":\"https:\/\/admin.industriall-union.org\/es\/archive\/imf\/28-de-abril-de-2012-un-dia-de-luto\/#breadcrumb\"},\"inLanguage\":\"es-ES\",\"potentialAction\":[{\"@type\":\"ReadAction\",\"target\":[\"https:\/\/admin.industriall-union.org\/es\/archive\/imf\/28-de-abril-de-2012-un-dia-de-luto\/\"]}]},{\"@type\":\"BreadcrumbList\",\"@id\":\"https:\/\/admin.industriall-union.org\/es\/archive\/imf\/28-de-abril-de-2012-un-dia-de-luto\/#breadcrumb\",\"itemListElement\":[{\"@type\":\"ListItem\",\"position\":1,\"name\":\"Home\",\"item\":\"https:\/\/admin.industriall-union.org\/\"},{\"@type\":\"ListItem\",\"position\":2,\"name\":\"Archive Imf\",\"item\":\"https:\/\/admin.industriall-union.org\/es\/archive\/imf\/\"},{\"@type\":\"ListItem\",\"position\":3,\"name\":\"28 de abril de 2012: Un d\u00eda de luto\"}]},{\"@type\":\"WebSite\",\"@id\":\"https:\/\/admin.industriall-union.org\/#website\",\"url\":\"https:\/\/admin.industriall-union.org\/\",\"name\":\"industriall-union\",\"description\":\"\",\"potentialAction\":[{\"@type\":\"SearchAction\",\"target\":{\"@type\":\"EntryPoint\",\"urlTemplate\":\"https:\/\/admin.industriall-union.org\/?s={search_term_string}\"},\"query-input\":{\"@type\":\"PropertyValueSpecification\",\"valueRequired\":true,\"valueName\":\"search_term_string\"}}],\"inLanguage\":\"es-ES\"}]}<\/script>\n<!-- \/ Yoast SEO Premium plugin. -->","yoast_head_json":{"title":"28 de abril de 2012: Un d\u00eda de luto - industriall-union","robots":{"index":"index","follow":"follow","max-snippet":"max-snippet:-1","max-image-preview":"max-image-preview:large","max-video-preview":"max-video-preview:-1"},"canonical":"https:\/\/admin.industriall-union.org\/es\/archive\/imf\/28-de-abril-de-2012-un-dia-de-luto\/","og_locale":"es_ES","og_type":"article","og_title":"28 de abril de 2012: Un d\u00eda de luto","og_description":"MUNDO: Todos los a\u00f1os, el 28 de abril, D\u00eda mundial sobre la salud y seguridad en el trabajo, los trabajadores se toman un momento para reflexionar sobre las devastadoras consecuencias de las muertes, lesiones y enfermedades profesionales. Pronto se crear\u00e1 la IndustriALL Global Union, una nueva organizaci\u00f3n que hablar\u00e1 en nombre de unos 50 millones [&hellip;]","og_url":"https:\/\/admin.industriall-union.org\/es\/archive\/imf\/28-de-abril-de-2012-un-dia-de-luto\/","og_site_name":"industriall-union","article_modified_time":"2025-01-31T08:33:04+00:00","twitter_card":"summary_large_image","twitter_misc":{"Est. reading time":"3 minutes"},"schema":{"@context":"https:\/\/schema.org","@graph":[{"@type":"WebPage","@id":"https:\/\/admin.industriall-union.org\/es\/archive\/imf\/28-de-abril-de-2012-un-dia-de-luto\/","url":"https:\/\/admin.industriall-union.org\/es\/archive\/imf\/28-de-abril-de-2012-un-dia-de-luto\/","name":"28 de abril de 2012: Un d\u00eda de luto - industriall-union","isPartOf":{"@id":"https:\/\/admin.industriall-union.org\/#website"},"datePublished":"2012-04-27T13:11:00+00:00","dateModified":"2025-01-31T08:33:04+00:00","breadcrumb":{"@id":"https:\/\/admin.industriall-union.org\/es\/archive\/imf\/28-de-abril-de-2012-un-dia-de-luto\/#breadcrumb"},"inLanguage":"es-ES","potentialAction":[{"@type":"ReadAction","target":["https:\/\/admin.industriall-union.org\/es\/archive\/imf\/28-de-abril-de-2012-un-dia-de-luto\/"]}]},{"@type":"BreadcrumbList","@id":"https:\/\/admin.industriall-union.org\/es\/archive\/imf\/28-de-abril-de-2012-un-dia-de-luto\/#breadcrumb","itemListElement":[{"@type":"ListItem","position":1,"name":"Home","item":"https:\/\/admin.industriall-union.org\/"},{"@type":"ListItem","position":2,"name":"Archive Imf","item":"https:\/\/admin.industriall-union.org\/es\/archive\/imf\/"},{"@type":"ListItem","position":3,"name":"28 de abril de 2012: Un d\u00eda de luto"}]},{"@type":"WebSite","@id":"https:\/\/admin.industriall-union.org\/#website","url":"https:\/\/admin.industriall-union.org\/","name":"industriall-union","description":"","potentialAction":[{"@type":"SearchAction","target":{"@type":"EntryPoint","urlTemplate":"https:\/\/admin.industriall-union.org\/?s={search_term_string}"},"query-input":{"@type":"PropertyValueSpecification","valueRequired":true,"valueName":"search_term_string"}}],"inLanguage":"es-ES"}]}},"_links":{"self":[{"href":"https:\/\/admin.industriall-union.org\/es\/wp-json\/wp\/v2\/archive_imf\/199171","targetHints":{"allow":["GET"]}}],"collection":[{"href":"https:\/\/admin.industriall-union.org\/es\/wp-json\/wp\/v2\/archive_imf"}],"about":[{"href":"https:\/\/admin.industriall-union.org\/es\/wp-json\/wp\/v2\/types\/archive_imf"}],"wp:attachment":[{"href":"https:\/\/admin.industriall-union.org\/es\/wp-json\/wp\/v2\/media?parent=199171"}],"curies":[{"name":"wp","href":"https:\/\/api.w.org\/{rel}","templated":true}]}}