{"version":"1.0","provider_name":"industriall-union","provider_url":"https:\/\/admin.industriall-union.org\/es\/","author_name":"admin","author_url":"https:\/\/admin.industriall-union.org\/es\/author\/admin\/","title":"Potenciaci\u00f3n sindical en M\u00e9xico","type":"rich","width":600,"height":338,"html":"<blockquote class=\"wp-embedded-content\" data-secret=\"bZHCfoITlm\"><a href=\"https:\/\/admin.industriall-union.org\/es\/archive\/imf\/potenciacion-sindical-en-mexico\/\">Potenciaci\u00f3n sindical en M\u00e9xico<\/a><\/blockquote><iframe sandbox=\"allow-scripts\" security=\"restricted\" src=\"https:\/\/admin.industriall-union.org\/es\/archive\/imf\/potenciacion-sindical-en-mexico\/embed\/#?secret=bZHCfoITlm\" width=\"600\" height=\"338\" title=\"&#8220;Potenciaci\u00f3n sindical en M\u00e9xico&#8221; &#8212; industriall-union\" data-secret=\"bZHCfoITlm\" frameborder=\"0\" marginwidth=\"0\" marginheight=\"0\" scrolling=\"no\" class=\"wp-embedded-content\"><\/iframe><script type=\"text\/javascript\">\n\/* <![CDATA[ *\/\n\/*! This file is auto-generated *\/\n!function(d,l){\"use strict\";l.querySelector&&d.addEventListener&&\"undefined\"!=typeof URL&&(d.wp=d.wp||{},d.wp.receiveEmbedMessage||(d.wp.receiveEmbedMessage=function(e){var t=e.data;if((t||t.secret||t.message||t.value)&&!\/[^a-zA-Z0-9]\/.test(t.secret)){for(var s,r,n,a=l.querySelectorAll('iframe[data-secret=\"'+t.secret+'\"]'),o=l.querySelectorAll('blockquote[data-secret=\"'+t.secret+'\"]'),c=new RegExp(\"^https?:$\",\"i\"),i=0;i<o.length;i++)o[i].style.display=\"none\";for(i=0;i<a.length;i++)s=a[i],e.source===s.contentWindow&&(s.removeAttribute(\"style\"),\"height\"===t.message?(1e3<(r=parseInt(t.value,10))?r=1e3:~~r<200&&(r=200),s.height=r):\"link\"===t.message&&(r=new URL(s.getAttribute(\"src\")),n=new URL(t.value),c.test(n.protocol))&&n.host===r.host&&l.activeElement===s&&(d.top.location.href=t.value))}},d.addEventListener(\"message\",d.wp.receiveEmbedMessage,!1),l.addEventListener(\"DOMContentLoaded\",function(){for(var e,t,s=l.querySelectorAll(\"iframe.wp-embedded-content\"),r=0;r<s.length;r++)(t=(e=s[r]).getAttribute(\"data-secret\"))||(t=Math.random().toString(36).substring(2,12),e.src+=\"#?secret=\"+t,e.setAttribute(\"data-secret\",t)),e.contentWindow.postMessage({message:\"ready\",secret:t},\"*\")},!1)))}(window,document);\n\/* ]]> *\/\n<\/script>\n","description":"MEXICO: La Federaci\u00f3n Internacional de Trabajadores de las Industrias Metal\u00fargicas (FITIM) convoc\u00f3 una reuni\u00f3n de Planificaci\u00f3n estrat\u00e9gica sobre potenciaci\u00f3n sindical en ciudad de M\u00e9xico del 10 al 13 de mayo, en el que se decidi\u00f3 aplicar un programa conjunto para resistir a los implacables ataques del Gobierno y de las compa\u00f1\u00edas contra los sindicatos democr\u00e1ticos [&hellip;]"}